{"version":"1.0","provider_name":"narteks.net","provider_url":"https:\/\/narteks.net","author_name":"Tar\u0131k","author_url":"https:\/\/narteks.net\/index.php\/author\/narbak\/","title":"Anti-D\u00fchring - Felsefe | S\u0131n\u0131flama,\u00d6nselcilik - Friedrich Engels","type":"rich","width":600,"height":338,"html":"<blockquote class=\"wp-embedded-content\" data-secret=\"YJQNjcFJXT\"><a href=\"https:\/\/narteks.net\/index.php\/2009\/03\/01\/anti-duhring-felsefe-siniflamaonselcilik-friedrich-engels\/\">Anti-D\u00fchring &#8211; Felsefe | S\u0131n\u0131flama,\u00d6nselcilik &#8211; Friedrich Engels<\/a><\/blockquote><iframe sandbox=\"allow-scripts\" security=\"restricted\" src=\"https:\/\/narteks.net\/index.php\/2009\/03\/01\/anti-duhring-felsefe-siniflamaonselcilik-friedrich-engels\/embed\/#?secret=YJQNjcFJXT\" width=\"600\" height=\"338\" title=\"&#8220;Anti-D\u00fchring &#8211; Felsefe | S\u0131n\u0131flama,\u00d6nselcilik &#8211; Friedrich Engels&#8221; &#8212; narteks.net\" data-secret=\"YJQNjcFJXT\" frameborder=\"0\" marginwidth=\"0\" marginheight=\"0\" scrolling=\"no\" class=\"wp-embedded-content\"><\/iframe><script type=\"text\/javascript\">\n\/* <![CDATA[ *\/\n\/*! This file is auto-generated *\/\n!function(d,l){\"use strict\";l.querySelector&&d.addEventListener&&\"undefined\"!=typeof URL&&(d.wp=d.wp||{},d.wp.receiveEmbedMessage||(d.wp.receiveEmbedMessage=function(e){var t=e.data;if((t||t.secret||t.message||t.value)&&!\/[^a-zA-Z0-9]\/.test(t.secret)){for(var s,r,n,a=l.querySelectorAll('iframe[data-secret=\"'+t.secret+'\"]'),o=l.querySelectorAll('blockquote[data-secret=\"'+t.secret+'\"]'),c=new RegExp(\"^https?:$\",\"i\"),i=0;i<o.length;i++)o[i].style.display=\"none\";for(i=0;i<a.length;i++)s=a[i],e.source===s.contentWindow&&(s.removeAttribute(\"style\"),\"height\"===t.message?(1e3<(r=parseInt(t.value,10))?r=1e3:~~r<200&&(r=200),s.height=r):\"link\"===t.message&&(r=new URL(s.getAttribute(\"src\")),n=new URL(t.value),c.test(n.protocol))&&n.host===r.host&&l.activeElement===s&&(d.top.location.href=t.value))}},d.addEventListener(\"message\",d.wp.receiveEmbedMessage,!1),l.addEventListener(\"DOMContentLoaded\",function(){for(var e,t,s=l.querySelectorAll(\"iframe.wp-embedded-content\"),r=0;r<s.length;r++)(t=(e=s[r]).getAttribute(\"data-secret\"))||(t=Math.random().toString(36).substring(2,12),e.src+=\"#?secret=\"+t,e.setAttribute(\"data-secret\",t)),e.contentWindow.postMessage({message:\"ready\",secret:t},\"*\")},!1)))}(window,document);\n\/\/# sourceURL=https:\/\/narteks.net\/wp-includes\/js\/wp-embed.min.js\n\/* ]]> *\/\n<\/script>\n","description":"B\u0130R\u0130NC\u0130 KISIM FELSEFE &#8211; SINIFLAMA. \u00d6NSELC\u0130L\u0130K Felsefe, bay D\u00fchring&#8217;e g\u00f6re, d\u00fcnya ve ya\u015fam bilincinin en y\u00fcksek bi\u00e7iminin geli\u015fmesidir ve anlam geni\u015flemesi yoluyla, b\u00fct\u00fcn bilgi ve b\u00fct\u00fcn istek ilkelerini kapsar. Herhangi bir bilgi, bir e\u011filim ya da bir varolu\u015f bi\u00e7imleri grubu dizisi, kendini insan bilinci \u00f6n\u00fcne koyar koymaz, bu fig\u00fcrlerin ilkeleri zorunlu bir bi\u00e7imde felsefenin konusu [&hellip;]","thumbnail_url":"https:\/\/narteks.net\/wp-content\/uploads\/narteks.png","thumbnail_width":300,"thumbnail_height":90}