{"version":"1.0","provider_name":"narteks.net","provider_url":"https:\/\/narteks.net","author_name":"Tar\u0131k","author_url":"https:\/\/narteks.net\/index.php\/author\/narbak\/","title":"F. Engels: Fransa'da ve Almanya'da K\u00f6yl\u00fc Sorunu","type":"rich","width":600,"height":338,"html":"<blockquote class=\"wp-embedded-content\" data-secret=\"y2RlpJGB6J\"><a href=\"https:\/\/narteks.net\/index.php\/2009\/03\/01\/f-engels-fransada-ve-almanyada-koylu-sorunu\/\">F. Engels: Fransa&#8217;da ve Almanya&#8217;da K\u00f6yl\u00fc Sorunu<\/a><\/blockquote><iframe sandbox=\"allow-scripts\" security=\"restricted\" src=\"https:\/\/narteks.net\/index.php\/2009\/03\/01\/f-engels-fransada-ve-almanyada-koylu-sorunu\/embed\/#?secret=y2RlpJGB6J\" width=\"600\" height=\"338\" title=\"&#8220;F. Engels: Fransa&#8217;da ve Almanya&#8217;da K\u00f6yl\u00fc Sorunu&#8221; &#8212; narteks.net\" data-secret=\"y2RlpJGB6J\" frameborder=\"0\" marginwidth=\"0\" marginheight=\"0\" scrolling=\"no\" class=\"wp-embedded-content\"><\/iframe><script type=\"text\/javascript\">\n\/* <![CDATA[ *\/\n\/*! This file is auto-generated *\/\n!function(d,l){\"use strict\";l.querySelector&&d.addEventListener&&\"undefined\"!=typeof URL&&(d.wp=d.wp||{},d.wp.receiveEmbedMessage||(d.wp.receiveEmbedMessage=function(e){var t=e.data;if((t||t.secret||t.message||t.value)&&!\/[^a-zA-Z0-9]\/.test(t.secret)){for(var s,r,n,a=l.querySelectorAll('iframe[data-secret=\"'+t.secret+'\"]'),o=l.querySelectorAll('blockquote[data-secret=\"'+t.secret+'\"]'),c=new RegExp(\"^https?:$\",\"i\"),i=0;i<o.length;i++)o[i].style.display=\"none\";for(i=0;i<a.length;i++)s=a[i],e.source===s.contentWindow&&(s.removeAttribute(\"style\"),\"height\"===t.message?(1e3<(r=parseInt(t.value,10))?r=1e3:~~r<200&&(r=200),s.height=r):\"link\"===t.message&&(r=new URL(s.getAttribute(\"src\")),n=new URL(t.value),c.test(n.protocol))&&n.host===r.host&&l.activeElement===s&&(d.top.location.href=t.value))}},d.addEventListener(\"message\",d.wp.receiveEmbedMessage,!1),l.addEventListener(\"DOMContentLoaded\",function(){for(var e,t,s=l.querySelectorAll(\"iframe.wp-embedded-content\"),r=0;r<s.length;r++)(t=(e=s[r]).getAttribute(\"data-secret\"))||(t=Math.random().toString(36).substring(2,12),e.src+=\"#?secret=\"+t,e.setAttribute(\"data-secret\",t)),e.contentWindow.postMessage({message:\"ready\",secret:t},\"*\")},!1)))}(window,document);\n\/\/# sourceURL=https:\/\/narteks.net\/wp-includes\/js\/wp-embed.min.js\n\/* ]]> *\/\n<\/script>\n","description":"Burjuva ve gerici partiler, sosyalistler aras\u0131nda k\u00f6yl\u00fc sorununu birdenbire ve her yerde g\u00fcndemde g\u00f6rmekle ola\u011fan\u00fcst\u00fc bir \u015fa\u015fk\u0131nl\u0131\u011fa d\u00fc\u015f\u00fcyorlar. Asl\u0131nda bu i\u015fin uzun zamandan beri b\u00f6yle olmamas\u0131na \u015fa\u015fmak daha do\u011fru olurdu. \u0130rlanda&#8217;dan Si\u00e7ilya&#8217;ya, Andaluzya&#8217;dan Rusya ve Bulgaristan&#8217;a kadar, k\u00f6yl\u00fc, n\u00fcfusun, \u00fcretimin ve siyasal iktidar\u0131n \u00e7ok \u00f6nemli bir etkenidir. Sadece Bat\u0131 Avrupan\u0131n iki b\u00f6lgesi, bir ayr\u0131klama olu\u015fturur. [&hellip;]","thumbnail_url":"http:\/\/upload.wikimedia.org\/wikipedia\/commons\/7\/71\/Engels.jpg"}