{"version":"1.0","provider_name":"narteks.net","provider_url":"https:\/\/narteks.net","author_name":"Tar\u0131k","author_url":"https:\/\/narteks.net\/index.php\/author\/narbak\/","title":"A\u015fan Bilir Karl\u0131 Da\u011f\u0131n Ard\u0131n\u0131","type":"rich","width":600,"height":338,"html":"<blockquote class=\"wp-embedded-content\" data-secret=\"aGSyflhbtJ\"><a href=\"https:\/\/narteks.net\/index.php\/2009\/03\/12\/asan-bilir-karli-dagin-ardini\/\">A\u015fan Bilir Karl\u0131 Da\u011f\u0131n Ard\u0131n\u0131<\/a><\/blockquote><iframe sandbox=\"allow-scripts\" security=\"restricted\" src=\"https:\/\/narteks.net\/index.php\/2009\/03\/12\/asan-bilir-karli-dagin-ardini\/embed\/#?secret=aGSyflhbtJ\" width=\"600\" height=\"338\" title=\"&#8220;A\u015fan Bilir Karl\u0131 Da\u011f\u0131n Ard\u0131n\u0131&#8221; &#8212; narteks.net\" data-secret=\"aGSyflhbtJ\" frameborder=\"0\" marginwidth=\"0\" marginheight=\"0\" scrolling=\"no\" class=\"wp-embedded-content\"><\/iframe><script type=\"text\/javascript\">\n\/* <![CDATA[ *\/\n\/*! This file is auto-generated *\/\n!function(d,l){\"use strict\";l.querySelector&&d.addEventListener&&\"undefined\"!=typeof URL&&(d.wp=d.wp||{},d.wp.receiveEmbedMessage||(d.wp.receiveEmbedMessage=function(e){var t=e.data;if((t||t.secret||t.message||t.value)&&!\/[^a-zA-Z0-9]\/.test(t.secret)){for(var s,r,n,a=l.querySelectorAll('iframe[data-secret=\"'+t.secret+'\"]'),o=l.querySelectorAll('blockquote[data-secret=\"'+t.secret+'\"]'),c=new RegExp(\"^https?:$\",\"i\"),i=0;i<o.length;i++)o[i].style.display=\"none\";for(i=0;i<a.length;i++)s=a[i],e.source===s.contentWindow&&(s.removeAttribute(\"style\"),\"height\"===t.message?(1e3<(r=parseInt(t.value,10))?r=1e3:~~r<200&&(r=200),s.height=r):\"link\"===t.message&&(r=new URL(s.getAttribute(\"src\")),n=new URL(t.value),c.test(n.protocol))&&n.host===r.host&&l.activeElement===s&&(d.top.location.href=t.value))}},d.addEventListener(\"message\",d.wp.receiveEmbedMessage,!1),l.addEventListener(\"DOMContentLoaded\",function(){for(var e,t,s=l.querySelectorAll(\"iframe.wp-embedded-content\"),r=0;r<s.length;r++)(t=(e=s[r]).getAttribute(\"data-secret\"))||(t=Math.random().toString(36).substring(2,12),e.src+=\"#?secret=\"+t,e.setAttribute(\"data-secret\",t)),e.contentWindow.postMessage({message:\"ready\",secret:t},\"*\")},!1)))}(window,document);\n\/\/# sourceURL=https:\/\/narteks.net\/wp-includes\/js\/wp-embed.min.js\n\/* ]]> *\/\n<\/script>\n","description":"A\u015fan Bilir Karl\u0131 Da\u011f\u0131n Ard\u0131n\u0131 (Telli Senem \u0130le Yaz\u0131c\u0131 O\u011flu Osman A\u011fa) Her biri bilinmez bir mezar \u015fimdi.Mezar ta\u015flar\u0131 \u00fcrpertir,\u00fcrk\u00fct\u00fcr insan\u0131.Ama beni,o hassas melteme bile dayanamayacak kadar hafif vucutlar\u0131,y\u00fcreklerinin \u00e7ektikleri,katland\u0131klar\u0131 ve ya\u015fad\u0131klar\u0131 dillere destan, ate\u015f dolu, ac\u0131 dolu hayatlar\u0131 daha \u00e7ok \u00fcrpertmi\u015ftir hep.Mezar ta\u015flar\u0131ndan daha fazla.\u201cSen ne g\u00fczel bulursun gezsen Anadolu\u2019yu\u201d demi\u015f ozan.Demi\u015fya! Ne y\u00fcrekten [&hellip;]","thumbnail_url":"https:\/\/narteks.net\/wp-content\/uploads\/narteks.png","thumbnail_width":300,"thumbnail_height":90}