{"version":"1.0","provider_name":"narteks.net","provider_url":"https:\/\/narteks.net","author_name":"Tar\u0131k","author_url":"https:\/\/narteks.net\/index.php\/author\/narbak\/","title":"Karad\u0131r Ka\u015flar\u0131 Ferman Yazd\u0131r\u0131r","type":"rich","width":600,"height":338,"html":"<blockquote class=\"wp-embedded-content\" data-secret=\"5ktQtOKVIZ\"><a href=\"https:\/\/narteks.net\/index.php\/2009\/03\/13\/karadir-kaslari-ferman-yazdirir\/\">Karad\u0131r Ka\u015flar\u0131 Ferman Yazd\u0131r\u0131r<\/a><\/blockquote><iframe sandbox=\"allow-scripts\" security=\"restricted\" src=\"https:\/\/narteks.net\/index.php\/2009\/03\/13\/karadir-kaslari-ferman-yazdirir\/embed\/#?secret=5ktQtOKVIZ\" width=\"600\" height=\"338\" title=\"&#8220;Karad\u0131r Ka\u015flar\u0131 Ferman Yazd\u0131r\u0131r&#8221; &#8212; narteks.net\" data-secret=\"5ktQtOKVIZ\" frameborder=\"0\" marginwidth=\"0\" marginheight=\"0\" scrolling=\"no\" class=\"wp-embedded-content\"><\/iframe><script type=\"text\/javascript\">\n\/* <![CDATA[ *\/\n\/*! This file is auto-generated *\/\n!function(d,l){\"use strict\";l.querySelector&&d.addEventListener&&\"undefined\"!=typeof URL&&(d.wp=d.wp||{},d.wp.receiveEmbedMessage||(d.wp.receiveEmbedMessage=function(e){var t=e.data;if((t||t.secret||t.message||t.value)&&!\/[^a-zA-Z0-9]\/.test(t.secret)){for(var s,r,n,a=l.querySelectorAll('iframe[data-secret=\"'+t.secret+'\"]'),o=l.querySelectorAll('blockquote[data-secret=\"'+t.secret+'\"]'),c=new RegExp(\"^https?:$\",\"i\"),i=0;i<o.length;i++)o[i].style.display=\"none\";for(i=0;i<a.length;i++)s=a[i],e.source===s.contentWindow&&(s.removeAttribute(\"style\"),\"height\"===t.message?(1e3<(r=parseInt(t.value,10))?r=1e3:~~r<200&&(r=200),s.height=r):\"link\"===t.message&&(r=new URL(s.getAttribute(\"src\")),n=new URL(t.value),c.test(n.protocol))&&n.host===r.host&&l.activeElement===s&&(d.top.location.href=t.value))}},d.addEventListener(\"message\",d.wp.receiveEmbedMessage,!1),l.addEventListener(\"DOMContentLoaded\",function(){for(var e,t,s=l.querySelectorAll(\"iframe.wp-embedded-content\"),r=0;r<s.length;r++)(t=(e=s[r]).getAttribute(\"data-secret\"))||(t=Math.random().toString(36).substring(2,12),e.src+=\"#?secret=\"+t,e.setAttribute(\"data-secret\",t)),e.contentWindow.postMessage({message:\"ready\",secret:t},\"*\")},!1)))}(window,document);\n\/\/# sourceURL=https:\/\/narteks.net\/wp-includes\/js\/wp-embed.min.js\n\/* ]]> *\/\n<\/script>\n","description":"Karad\u0131r Ka\u015flar\u0131 Ferman Yazd\u0131r\u0131r Karad\u0131r ka\u015flar\u0131n ferman yazd\u0131r\u0131r,Bu a\u015fk beni diyar diyar gezdirir,Lokman Hekim gelse, yaram azd\u0131r\u0131r,Yaram\u0131 sarmaya yar kendi gelsin. Karad\u0131r Ka\u015flar\u0131n Ferman Yazd\u0131r\u0131r t\u00fcrk\u00fcs\u00fcn\u00fcn kahraman\u0131 MUSTAFA TUNA ile 14 ARALIK 2002 tarihinde SEY\u0130TGAZ\u0130 \u2018deki evinde DSP Eski\u015fehir Milletvekili NECAT\u0130 ALBAY ile birlikte yapt\u0131\u011f\u0131m s\u00f6yle\u015fi&#8230;Mustafa TUNA ,ast\u0131m hastas\u0131..Zor nefes al\u0131yor,arada bir yan\u0131ndaki ast\u0131m ilac\u0131 [&hellip;]","thumbnail_url":"https:\/\/narteks.net\/wp-content\/uploads\/narteks.png","thumbnail_width":300,"thumbnail_height":90}