{"version":"1.0","provider_name":"narteks.net","provider_url":"https:\/\/narteks.net","author_name":"Tar\u0131k","author_url":"https:\/\/narteks.net\/index.php\/author\/narbak\/","title":"Cemal S\u00dcREYA Biyografisi","type":"rich","width":600,"height":338,"html":"<blockquote class=\"wp-embedded-content\" data-secret=\"iJxdVHFdzh\"><a href=\"https:\/\/narteks.net\/index.php\/2009\/04\/16\/cemal-sureya-biyografisi\/\">Cemal S\u00dcREYA Biyografisi<\/a><\/blockquote><iframe sandbox=\"allow-scripts\" security=\"restricted\" src=\"https:\/\/narteks.net\/index.php\/2009\/04\/16\/cemal-sureya-biyografisi\/embed\/#?secret=iJxdVHFdzh\" width=\"600\" height=\"338\" title=\"&#8220;Cemal S\u00dcREYA Biyografisi&#8221; &#8212; narteks.net\" data-secret=\"iJxdVHFdzh\" frameborder=\"0\" marginwidth=\"0\" marginheight=\"0\" scrolling=\"no\" class=\"wp-embedded-content\"><\/iframe><script type=\"text\/javascript\">\n\/* <![CDATA[ *\/\n\/*! This file is auto-generated *\/\n!function(d,l){\"use strict\";l.querySelector&&d.addEventListener&&\"undefined\"!=typeof URL&&(d.wp=d.wp||{},d.wp.receiveEmbedMessage||(d.wp.receiveEmbedMessage=function(e){var t=e.data;if((t||t.secret||t.message||t.value)&&!\/[^a-zA-Z0-9]\/.test(t.secret)){for(var s,r,n,a=l.querySelectorAll('iframe[data-secret=\"'+t.secret+'\"]'),o=l.querySelectorAll('blockquote[data-secret=\"'+t.secret+'\"]'),c=new RegExp(\"^https?:$\",\"i\"),i=0;i<o.length;i++)o[i].style.display=\"none\";for(i=0;i<a.length;i++)s=a[i],e.source===s.contentWindow&&(s.removeAttribute(\"style\"),\"height\"===t.message?(1e3<(r=parseInt(t.value,10))?r=1e3:~~r<200&&(r=200),s.height=r):\"link\"===t.message&&(r=new URL(s.getAttribute(\"src\")),n=new URL(t.value),c.test(n.protocol))&&n.host===r.host&&l.activeElement===s&&(d.top.location.href=t.value))}},d.addEventListener(\"message\",d.wp.receiveEmbedMessage,!1),l.addEventListener(\"DOMContentLoaded\",function(){for(var e,t,s=l.querySelectorAll(\"iframe.wp-embedded-content\"),r=0;r<s.length;r++)(t=(e=s[r]).getAttribute(\"data-secret\"))||(t=Math.random().toString(36).substring(2,12),e.src+=\"#?secret=\"+t,e.setAttribute(\"data-secret\",t)),e.contentWindow.postMessage({message:\"ready\",secret:t},\"*\")},!1)))}(window,document);\n\/\/# sourceURL=https:\/\/narteks.net\/wp-includes\/js\/wp-embed.min.js\n\/* ]]> *\/\n<\/script>\n","description":"Cemal S\u00fcreya (d. 1931, Erzincan &#8211; \u00f6. 9 Ocak 1990, \u0130stanbul) As\u0131l ad\u0131 Cemalettin Seber&#8217;dir. Erzincan&#8217;da do\u011fdu (O y\u0131llarda P\u00fcl\u00fcm\u00fcr Erzincan iline ba\u011fl\u0131 oldu\u011fu i\u00e7in Erzincan yaz\u0131l\u0131yor olmali). Asl\u0131nda 1931 Tunceli ili P\u00fcl\u00fcm\u00fcr il\u00e7esinde d\u00fcnyaya geldi. Dersim \u0130syan\u0131 sebebiyle zorunlu g\u00f6\u00e7e tabi olan ailesiyle s\u00fcrg\u00fcne g\u00f6nderildi. 1954&#8217;te Ankara \u00dcniversitesi Siyasal Bilgiler Fak\u00fcltesi Maliye ve \u0130ktisat [&hellip;]","thumbnail_url":"http:\/\/upload.wikimedia.org\/wikipedia\/tr\/f\/f2\/Cemal_S%C3%BCreya.jpg"}