{"version":"1.0","provider_name":"narteks.net","provider_url":"https:\/\/narteks.net","author_name":"Tar\u0131k","author_url":"https:\/\/narteks.net\/index.php\/author\/narbak\/","title":"Irk\u00e7\u0131l\u0131k ve S\u0131radan Fa\u015fizm | Ulus Baker","type":"rich","width":600,"height":338,"html":"<blockquote class=\"wp-embedded-content\" data-secret=\"ZTDS6z3z0O\"><a href=\"https:\/\/narteks.net\/index.php\/2009\/04\/16\/irkcilik-ve-siradan-fasizm-ulus-baker\/\">Irk\u00e7\u0131l\u0131k ve S\u0131radan Fa\u015fizm | Ulus Baker<\/a><\/blockquote><iframe sandbox=\"allow-scripts\" security=\"restricted\" src=\"https:\/\/narteks.net\/index.php\/2009\/04\/16\/irkcilik-ve-siradan-fasizm-ulus-baker\/embed\/#?secret=ZTDS6z3z0O\" width=\"600\" height=\"338\" title=\"&#8220;Irk\u00e7\u0131l\u0131k ve S\u0131radan Fa\u015fizm | Ulus Baker&#8221; &#8212; narteks.net\" data-secret=\"ZTDS6z3z0O\" frameborder=\"0\" marginwidth=\"0\" marginheight=\"0\" scrolling=\"no\" class=\"wp-embedded-content\"><\/iframe><script type=\"text\/javascript\">\n\/* <![CDATA[ *\/\n\/*! This file is auto-generated *\/\n!function(d,l){\"use strict\";l.querySelector&&d.addEventListener&&\"undefined\"!=typeof URL&&(d.wp=d.wp||{},d.wp.receiveEmbedMessage||(d.wp.receiveEmbedMessage=function(e){var t=e.data;if((t||t.secret||t.message||t.value)&&!\/[^a-zA-Z0-9]\/.test(t.secret)){for(var s,r,n,a=l.querySelectorAll('iframe[data-secret=\"'+t.secret+'\"]'),o=l.querySelectorAll('blockquote[data-secret=\"'+t.secret+'\"]'),c=new RegExp(\"^https?:$\",\"i\"),i=0;i<o.length;i++)o[i].style.display=\"none\";for(i=0;i<a.length;i++)s=a[i],e.source===s.contentWindow&&(s.removeAttribute(\"style\"),\"height\"===t.message?(1e3<(r=parseInt(t.value,10))?r=1e3:~~r<200&&(r=200),s.height=r):\"link\"===t.message&&(r=new URL(s.getAttribute(\"src\")),n=new URL(t.value),c.test(n.protocol))&&n.host===r.host&&l.activeElement===s&&(d.top.location.href=t.value))}},d.addEventListener(\"message\",d.wp.receiveEmbedMessage,!1),l.addEventListener(\"DOMContentLoaded\",function(){for(var e,t,s=l.querySelectorAll(\"iframe.wp-embedded-content\"),r=0;r<s.length;r++)(t=(e=s[r]).getAttribute(\"data-secret\"))||(t=Math.random().toString(36).substring(2,12),e.src+=\"#?secret=\"+t,e.setAttribute(\"data-secret\",t)),e.contentWindow.postMessage({message:\"ready\",secret:t},\"*\")},!1)))}(window,document);\n\/\/# sourceURL=https:\/\/narteks.net\/wp-includes\/js\/wp-embed.min.js\n\/* ]]> *\/\n<\/script>\n","description":"Her \u015fey, yak\u0131n tarihin en \u00e7ok nefret \u00e7eken, ancak hi\u00e7bir zaman genelge\u00e7erli\u011fini kaybetmemi\u015f olan g\u00f6r\u00fcng\u00fclerden biri olan \u0131rk\u00e7\u0131l\u0131\u011f\u0131n son zamanlarda yeni bir g\u00fc\u00e7 ve yay\u0131l\u0131m kazand\u0131\u011f\u0131n\u0131 g\u00f6steriyor. Belki daha rafine, daha kendili\u011finden bi\u00e7imler alt\u0131nda ifade buluyor, herkesin &#8220;\u00e7ok tehlikeli&#8221; oldu\u011funda birle\u015fti\u011fi &#8220;totaliterlik&#8221; ve &#8220;soyk\u0131r\u0131m&#8221; t\u00fcr\u00fcnden yine yak\u0131n\u00e7a\u011f\u0131n ba\u015fbelas\u0131 toplumsal iktidar bi\u00e7imlerinden belli bir oranda uzak [&hellip;]","thumbnail_url":"http:\/\/img.haberler.com\/haber\/905\/avrupa-da-irkcilik-artiyor-2579905_4311_o.jpg"}