{"version":"1.0","provider_name":"narteks.net","provider_url":"https:\/\/narteks.net","author_name":"Tar\u0131k","author_url":"https:\/\/narteks.net\/index.php\/author\/narbak\/","title":"Epik Tiyatro \u00dczerine \u00fc\u00e7 metin (1.B\u00f6l\u00fcm) | Walter Benjamin","type":"rich","width":600,"height":338,"html":"<blockquote class=\"wp-embedded-content\" data-secret=\"jv8QEQqrIC\"><a href=\"https:\/\/narteks.net\/index.php\/2009\/04\/26\/epik-tiyatro-uzerine-uc-metin-1bolum-walter-benjamin\/\">Epik Tiyatro \u00dczerine \u00fc\u00e7 metin (1.B\u00f6l\u00fcm) | Walter Benjamin<\/a><\/blockquote><iframe sandbox=\"allow-scripts\" security=\"restricted\" src=\"https:\/\/narteks.net\/index.php\/2009\/04\/26\/epik-tiyatro-uzerine-uc-metin-1bolum-walter-benjamin\/embed\/#?secret=jv8QEQqrIC\" width=\"600\" height=\"338\" title=\"&#8220;Epik Tiyatro \u00dczerine \u00fc\u00e7 metin (1.B\u00f6l\u00fcm) | Walter Benjamin&#8221; &#8212; narteks.net\" data-secret=\"jv8QEQqrIC\" frameborder=\"0\" marginwidth=\"0\" marginheight=\"0\" scrolling=\"no\" class=\"wp-embedded-content\"><\/iframe><script>\n\/*! This file is auto-generated *\/\n!function(d,l){\"use strict\";l.querySelector&&d.addEventListener&&\"undefined\"!=typeof URL&&(d.wp=d.wp||{},d.wp.receiveEmbedMessage||(d.wp.receiveEmbedMessage=function(e){var t=e.data;if((t||t.secret||t.message||t.value)&&!\/[^a-zA-Z0-9]\/.test(t.secret)){for(var s,r,n,a=l.querySelectorAll('iframe[data-secret=\"'+t.secret+'\"]'),o=l.querySelectorAll('blockquote[data-secret=\"'+t.secret+'\"]'),c=new RegExp(\"^https?:$\",\"i\"),i=0;i<o.length;i++)o[i].style.display=\"none\";for(i=0;i<a.length;i++)s=a[i],e.source===s.contentWindow&&(s.removeAttribute(\"style\"),\"height\"===t.message?(1e3<(r=parseInt(t.value,10))?r=1e3:~~r<200&&(r=200),s.height=r):\"link\"===t.message&&(r=new URL(s.getAttribute(\"src\")),n=new URL(t.value),c.test(n.protocol))&&n.host===r.host&&l.activeElement===s&&(d.top.location.href=t.value))}},d.addEventListener(\"message\",d.wp.receiveEmbedMessage,!1),l.addEventListener(\"DOMContentLoaded\",function(){for(var e,t,s=l.querySelectorAll(\"iframe.wp-embedded-content\"),r=0;r<s.length;r++)(t=(e=s[r]).getAttribute(\"data-secret\"))||(t=Math.random().toString(36).substring(2,12),e.src+=\"#?secret=\"+t,e.setAttribute(\"data-secret\",t)),e.contentWindow.postMessage({message:\"ready\",secret:t},\"*\")},!1)))}(window,document);\n\/\/# sourceURL=https:\/\/narteks.net\/wp-includes\/js\/wp-embed.min.js\n<\/script>\n","description":"\u00c7a\u011f\u0131m\u0131z\u0131n \u00fcnl\u00fc Alman ele\u015ftirmen ve yazar\u0131 Walter Benjamin (1892-1940), Berlin ve Freiburg\u2019da felsefe \u00f6\u011frenimini g\u00f6rd\u00fc. Birinci D\u00fcnya Sava\u015f\u0131 s\u0131ras\u0131nda \u0130svi\u00e7re\u2019ye yerle\u015ferek \u00f6\u011frenimini Bern\u2019de s\u00fcrd\u00fcrd\u00fc. 1919 da yazd\u0131\u011f\u0131 ve bug\u00fcn \u00f6nemli yap\u0131tlar\u0131ndan say\u0131lan \u201cAlman Romantizm D\u00f6neminde Sanat Ele\u015ftirisi Kavram\u0131\u201d (Der Begriff der Kunstkritik in der deutschen Romantik) ba\u015fl\u0131kl\u0131 doktora tezini verdikten sonra Berlin\u2019e d\u00f6nd\u00fc. 1923-25 y\u0131llar\u0131 [&hellip;]","thumbnail_url":"http:\/\/aniceylan.files.wordpress.com\/2010\/02\/wb.jpg"}