{"version":"1.0","provider_name":"narteks.net","provider_url":"https:\/\/narteks.net","author_name":"Tar\u0131k","author_url":"https:\/\/narteks.net\/index.php\/author\/narbak\/","title":"Trajik ile Komik (1.B\u00f6l\u00fcm) | Avner Ziss","type":"rich","width":600,"height":338,"html":"<blockquote class=\"wp-embedded-content\" data-secret=\"opZihT356G\"><a href=\"https:\/\/narteks.net\/index.php\/2009\/04\/26\/trajik-ile-komik-1bolum-avner-ziss\/\">Trajik ile Komik (1.B\u00f6l\u00fcm) | Avner Ziss<\/a><\/blockquote><iframe sandbox=\"allow-scripts\" security=\"restricted\" src=\"https:\/\/narteks.net\/index.php\/2009\/04\/26\/trajik-ile-komik-1bolum-avner-ziss\/embed\/#?secret=opZihT356G\" width=\"600\" height=\"338\" title=\"&#8220;Trajik ile Komik (1.B\u00f6l\u00fcm) | Avner Ziss&#8221; &#8212; narteks.net\" data-secret=\"opZihT356G\" frameborder=\"0\" marginwidth=\"0\" marginheight=\"0\" scrolling=\"no\" class=\"wp-embedded-content\"><\/iframe><script>\n\/*! This file is auto-generated *\/\n!function(d,l){\"use strict\";l.querySelector&&d.addEventListener&&\"undefined\"!=typeof URL&&(d.wp=d.wp||{},d.wp.receiveEmbedMessage||(d.wp.receiveEmbedMessage=function(e){var t=e.data;if((t||t.secret||t.message||t.value)&&!\/[^a-zA-Z0-9]\/.test(t.secret)){for(var s,r,n,a=l.querySelectorAll('iframe[data-secret=\"'+t.secret+'\"]'),o=l.querySelectorAll('blockquote[data-secret=\"'+t.secret+'\"]'),c=new RegExp(\"^https?:$\",\"i\"),i=0;i<o.length;i++)o[i].style.display=\"none\";for(i=0;i<a.length;i++)s=a[i],e.source===s.contentWindow&&(s.removeAttribute(\"style\"),\"height\"===t.message?(1e3<(r=parseInt(t.value,10))?r=1e3:~~r<200&&(r=200),s.height=r):\"link\"===t.message&&(r=new URL(s.getAttribute(\"src\")),n=new URL(t.value),c.test(n.protocol))&&n.host===r.host&&l.activeElement===s&&(d.top.location.href=t.value))}},d.addEventListener(\"message\",d.wp.receiveEmbedMessage,!1),l.addEventListener(\"DOMContentLoaded\",function(){for(var e,t,s=l.querySelectorAll(\"iframe.wp-embedded-content\"),r=0;r<s.length;r++)(t=(e=s[r]).getAttribute(\"data-secret\"))||(t=Math.random().toString(36).substring(2,12),e.src+=\"#?secret=\"+t,e.setAttribute(\"data-secret\",t)),e.contentWindow.postMessage({message:\"ready\",secret:t},\"*\")},!1)))}(window,document);\n\/\/# sourceURL=https:\/\/narteks.net\/wp-includes\/js\/wp-embed.min.js\n<\/script>\n","description":"Estetikte trajik ile komi\u011fin \u00f6nemi ve kapsam\u0131, bu kategorileri geneldeki temel g\u00f6r\u00fcng\u00fclere ili\u015fkin estetik bir de\u011ferlendirmeyi dile getirmelerinden ve g\u00fczel kategorisiyle birlikte sanat\u0131n ba\u015fl\u0131ca konular\u0131yla ilgili olu\u015flar\u0131ndan kaynaklan\u0131r. Ger\u00e7ek d\u00fcnyada trajik ile komi\u011fin alan\u0131 g\u00fczelinkinden daha s\u0131n\u0131rl\u0131d\u0131r; salt toplumsal ya\u015famla ilgilidirler \u00e7\u00fcnk\u00fc; bu kategorilerin do\u011fayla bir al\u0131\u015f-veri\u015fleri yoktur. Do\u011fa, iyili\u011fe de k\u00f6t\u00fcl\u00fc\u011fe de nas\u0131l yabanc\u0131 [&hellip;]","thumbnail_url":"https:\/\/narteks.net\/wp-content\/uploads\/narteks.png","thumbnail_width":300,"thumbnail_height":90}