{"version":"1.0","provider_name":"narteks.net","provider_url":"https:\/\/narteks.net","author_name":"Tar\u0131k","author_url":"https:\/\/narteks.net\/index.php\/author\/narbak\/","title":"Yetmi\u015f Y\u0131l Sonra 'M\u00fczik Devrimi' | Cem Aka\u015f","type":"rich","width":600,"height":338,"html":"<blockquote class=\"wp-embedded-content\" data-secret=\"mx4Uebtugx\"><a href=\"https:\/\/narteks.net\/index.php\/2009\/04\/26\/yetmis-yil-sonra-muzik-devrimi-cem-akas\/\">Yetmi\u015f Y\u0131l Sonra &#8216;M\u00fczik Devrimi&#8217; | Cem Aka\u015f<\/a><\/blockquote><iframe sandbox=\"allow-scripts\" security=\"restricted\" src=\"https:\/\/narteks.net\/index.php\/2009\/04\/26\/yetmis-yil-sonra-muzik-devrimi-cem-akas\/embed\/#?secret=mx4Uebtugx\" width=\"600\" height=\"338\" title=\"&#8220;Yetmi\u015f Y\u0131l Sonra &#8216;M\u00fczik Devrimi&#8217; | Cem Aka\u015f&#8221; &#8212; narteks.net\" data-secret=\"mx4Uebtugx\" frameborder=\"0\" marginwidth=\"0\" marginheight=\"0\" scrolling=\"no\" class=\"wp-embedded-content\"><\/iframe><script type=\"text\/javascript\">\n\/* <![CDATA[ *\/\n\/*! This file is auto-generated *\/\n!function(d,l){\"use strict\";l.querySelector&&d.addEventListener&&\"undefined\"!=typeof URL&&(d.wp=d.wp||{},d.wp.receiveEmbedMessage||(d.wp.receiveEmbedMessage=function(e){var t=e.data;if((t||t.secret||t.message||t.value)&&!\/[^a-zA-Z0-9]\/.test(t.secret)){for(var s,r,n,a=l.querySelectorAll('iframe[data-secret=\"'+t.secret+'\"]'),o=l.querySelectorAll('blockquote[data-secret=\"'+t.secret+'\"]'),c=new RegExp(\"^https?:$\",\"i\"),i=0;i<o.length;i++)o[i].style.display=\"none\";for(i=0;i<a.length;i++)s=a[i],e.source===s.contentWindow&&(s.removeAttribute(\"style\"),\"height\"===t.message?(1e3<(r=parseInt(t.value,10))?r=1e3:~~r<200&&(r=200),s.height=r):\"link\"===t.message&&(r=new URL(s.getAttribute(\"src\")),n=new URL(t.value),c.test(n.protocol))&&n.host===r.host&&l.activeElement===s&&(d.top.location.href=t.value))}},d.addEventListener(\"message\",d.wp.receiveEmbedMessage,!1),l.addEventListener(\"DOMContentLoaded\",function(){for(var e,t,s=l.querySelectorAll(\"iframe.wp-embedded-content\"),r=0;r<s.length;r++)(t=(e=s[r]).getAttribute(\"data-secret\"))||(t=Math.random().toString(36).substring(2,12),e.src+=\"#?secret=\"+t,e.setAttribute(\"data-secret\",t)),e.contentWindow.postMessage({message:\"ready\",secret:t},\"*\")},!1)))}(window,document);\n\/\/# sourceURL=https:\/\/narteks.net\/wp-includes\/js\/wp-embed.min.js\n\/* ]]> *\/\n<\/script>\n","description":"Cumhuriyet tarihinin \u015fu d\u00f6neminde &#8220;m\u00fczik devrimi&#8221; s\u00f6z\u00fcn\u00fcn tekab\u00fcl edebilece\u011fi bir ger\u00e7eklik yok gibi &#8211; devlet eliyle devrim yapman\u0131n neredeyse t\u00fcm\u00fcyle &#8220;pass\u00e9&#8221; say\u0131ld\u0131\u011f\u0131, \u00fcstelik b\u00f6yle bir devrim olacaksa da bunun k\u00fclt\u00fcrel bir alanda, hele m\u00fczik gibi soyut bir alanda yap\u0131lmas\u0131n\u0131n iyice anla\u015f\u0131lmaz bulundu\u011fu g\u00fcnler bunlar. B\u00f6yle olmas\u0131, yani Cumhuriyetin ilk ony\u0131llar\u0131n\u0131n toplu ve k\u00f6kl\u00fc de\u011fi\u015fim havas\u0131n\u0131n [&hellip;]","thumbnail_url":"http:\/\/img2.blogcu.com\/images\/p\/i\/y\/piyanistiraz\/muzik.jpg"}