{"version":"1.0","provider_name":"narteks.net","provider_url":"https:\/\/narteks.net","author_name":"Tar\u0131k","author_url":"https:\/\/narteks.net\/index.php\/author\/narbak\/","title":"Kur'an'dan Alevilik \u00c7\u0131karmak | Erdo\u011fan Ayd\u0131n","type":"rich","width":600,"height":338,"html":"<blockquote class=\"wp-embedded-content\" data-secret=\"7BnrmlMQTT\"><a href=\"https:\/\/narteks.net\/index.php\/2009\/04\/27\/kurandan-alevilik-cikarmak-erdogan-aydin\/\">Kur&#8217;an&#8217;dan Alevilik \u00c7\u0131karmak | Erdo\u011fan Ayd\u0131n<\/a><\/blockquote><iframe sandbox=\"allow-scripts\" security=\"restricted\" src=\"https:\/\/narteks.net\/index.php\/2009\/04\/27\/kurandan-alevilik-cikarmak-erdogan-aydin\/embed\/#?secret=7BnrmlMQTT\" width=\"600\" height=\"338\" title=\"&#8220;Kur&#8217;an&#8217;dan Alevilik \u00c7\u0131karmak | Erdo\u011fan Ayd\u0131n&#8221; &#8212; narteks.net\" data-secret=\"7BnrmlMQTT\" frameborder=\"0\" marginwidth=\"0\" marginheight=\"0\" scrolling=\"no\" class=\"wp-embedded-content\"><\/iframe><script type=\"text\/javascript\">\n\/* <![CDATA[ *\/\n\/*! This file is auto-generated *\/\n!function(d,l){\"use strict\";l.querySelector&&d.addEventListener&&\"undefined\"!=typeof URL&&(d.wp=d.wp||{},d.wp.receiveEmbedMessage||(d.wp.receiveEmbedMessage=function(e){var t=e.data;if((t||t.secret||t.message||t.value)&&!\/[^a-zA-Z0-9]\/.test(t.secret)){for(var s,r,n,a=l.querySelectorAll('iframe[data-secret=\"'+t.secret+'\"]'),o=l.querySelectorAll('blockquote[data-secret=\"'+t.secret+'\"]'),c=new RegExp(\"^https?:$\",\"i\"),i=0;i<o.length;i++)o[i].style.display=\"none\";for(i=0;i<a.length;i++)s=a[i],e.source===s.contentWindow&&(s.removeAttribute(\"style\"),\"height\"===t.message?(1e3<(r=parseInt(t.value,10))?r=1e3:~~r<200&&(r=200),s.height=r):\"link\"===t.message&&(r=new URL(s.getAttribute(\"src\")),n=new URL(t.value),c.test(n.protocol))&&n.host===r.host&&l.activeElement===s&&(d.top.location.href=t.value))}},d.addEventListener(\"message\",d.wp.receiveEmbedMessage,!1),l.addEventListener(\"DOMContentLoaded\",function(){for(var e,t,s=l.querySelectorAll(\"iframe.wp-embedded-content\"),r=0;r<s.length;r++)(t=(e=s[r]).getAttribute(\"data-secret\"))||(t=Math.random().toString(36).substring(2,12),e.src+=\"#?secret=\"+t,e.setAttribute(\"data-secret\",t)),e.contentWindow.postMessage({message:\"ready\",secret:t},\"*\")},!1)))}(window,document);\n\/\/# sourceURL=https:\/\/narteks.net\/wp-includes\/js\/wp-embed.min.js\n\/* ]]> *\/\n<\/script>\n","description":"Kaz\u0131m Balaban ge\u00e7en hafta (aleviyol sitesinde) Kur\u2019an\u2019dan ayetler aktararak Alevili\u011fin Kur\u2019an\u2019dan kopar\u0131lamaz oldu\u011funu g\u00f6stermeye \u00e7al\u0131\u015ft\u0131 ve tabii buradan hareketle \u00f6yle d\u00fc\u015f\u00fcnmeyenlere dair bir dizi su\u00e7lay\u0131c\u0131 at\u0131fta bulundu. Niyetim polemik yapmak de\u011fil, kald\u0131ki insanlar bunca polemi\u011fe nas\u0131l vakit ve enerji buluyor diye de \u015fa\u015f\u0131yorum. Ama \u201cBilimden gidilmeyen yolun sonu karanl\u0131kt\u0131r\u201d diyen, \u201cOkunacak en b\u00fcy\u00fck kitap insand\u0131r\u201d [&hellip;]","thumbnail_url":"http:\/\/www.psakd.org\/resim\/erdogan_aydin5.JPG"}