{"version":"1.0","provider_name":"narteks.net","provider_url":"https:\/\/narteks.net","author_name":"Tar\u0131k","author_url":"https:\/\/narteks.net\/index.php\/author\/narbak\/","title":"Cumhuriyetin Toplumu T\u00fcrkle\u015ftirme Harekat\u0131","type":"rich","width":600,"height":338,"html":"<blockquote class=\"wp-embedded-content\" data-secret=\"3whXJIg1j5\"><a href=\"https:\/\/narteks.net\/index.php\/2009\/11\/23\/cumhuriyetin-toplumu-turklestirme-harekati\/\">Cumhuriyetin Toplumu T\u00fcrkle\u015ftirme Harekat\u0131<\/a><\/blockquote><iframe sandbox=\"allow-scripts\" security=\"restricted\" src=\"https:\/\/narteks.net\/index.php\/2009\/11\/23\/cumhuriyetin-toplumu-turklestirme-harekati\/embed\/#?secret=3whXJIg1j5\" width=\"600\" height=\"338\" title=\"&#8220;Cumhuriyetin Toplumu T\u00fcrkle\u015ftirme Harekat\u0131&#8221; &#8212; narteks.net\" data-secret=\"3whXJIg1j5\" frameborder=\"0\" marginwidth=\"0\" marginheight=\"0\" scrolling=\"no\" class=\"wp-embedded-content\"><\/iframe><script type=\"text\/javascript\">\n\/* <![CDATA[ *\/\n\/*! This file is auto-generated *\/\n!function(d,l){\"use strict\";l.querySelector&&d.addEventListener&&\"undefined\"!=typeof URL&&(d.wp=d.wp||{},d.wp.receiveEmbedMessage||(d.wp.receiveEmbedMessage=function(e){var t=e.data;if((t||t.secret||t.message||t.value)&&!\/[^a-zA-Z0-9]\/.test(t.secret)){for(var s,r,n,a=l.querySelectorAll('iframe[data-secret=\"'+t.secret+'\"]'),o=l.querySelectorAll('blockquote[data-secret=\"'+t.secret+'\"]'),c=new RegExp(\"^https?:$\",\"i\"),i=0;i<o.length;i++)o[i].style.display=\"none\";for(i=0;i<a.length;i++)s=a[i],e.source===s.contentWindow&&(s.removeAttribute(\"style\"),\"height\"===t.message?(1e3<(r=parseInt(t.value,10))?r=1e3:~~r<200&&(r=200),s.height=r):\"link\"===t.message&&(r=new URL(s.getAttribute(\"src\")),n=new URL(t.value),c.test(n.protocol))&&n.host===r.host&&l.activeElement===s&&(d.top.location.href=t.value))}},d.addEventListener(\"message\",d.wp.receiveEmbedMessage,!1),l.addEventListener(\"DOMContentLoaded\",function(){for(var e,t,s=l.querySelectorAll(\"iframe.wp-embedded-content\"),r=0;r<s.length;r++)(t=(e=s[r]).getAttribute(\"data-secret\"))||(t=Math.random().toString(36).substring(2,12),e.src+=\"#?secret=\"+t,e.setAttribute(\"data-secret\",t)),e.contentWindow.postMessage({message:\"ready\",secret:t},\"*\")},!1)))}(window,document);\n\/\/# sourceURL=https:\/\/narteks.net\/wp-includes\/js\/wp-embed.min.js\n\/* ]]> *\/\n<\/script>\n","description":"A\u015fa\u011f\u0131da, \u015eark Islahat Plan\u0131 Haz\u0131rlanmas\u0131na Dair Kararname (8 Eyl\u00fcl 1925) ve \u015eark Islahat Plan\u0131 (24 Eyl\u00fcl 1925) adl\u0131 iki tarihi belge yer almaktad\u0131r. Her iki belgede de Kemalizm\u2019in ve gen\u00e7 cumhuriyetin toplumu T\u00fcrkle\u015ftirme operasyonlar\u0131n\u0131n altyap\u0131s\u0131 g\u00f6r\u00fclecektir. 3 Aral\u0131k 1934 tarihli Cumhuriyet Gazetesi\u2019nin ma\u015feti; \u201cT\u00fcrk gibi ya\u015famak i\u00e7in T\u00fcrkiye\u2019ye gidiyoruz!..\u201d Balkanlardan ve Trakyadan\u00a0 \u201cHalis T\u00fcrkler\u201d K\u00fcrdistan\u2019a [&hellip;]","thumbnail_url":"http:\/\/yasanacakdunya.net\/wp-content\/uploads\/2009\/11\/gocmenler-kurdistana-yerlestiriliyor2-242x250.jpg"}