{"version":"1.0","provider_name":"narteks.net","provider_url":"https:\/\/narteks.net","author_name":"Tar\u0131k","author_url":"https:\/\/narteks.net\/index.php\/author\/narbak\/","title":"SEN G\u0130DERKEN BEN EKS\u0130LD\u0130M GER\u0130DE....","type":"rich","width":600,"height":338,"html":"<blockquote class=\"wp-embedded-content\" data-secret=\"bTQBULqu0t\"><a href=\"https:\/\/narteks.net\/index.php\/2009\/11\/23\/sen-giderken-ben-eksildim-geride\/\">SEN G\u0130DERKEN BEN EKS\u0130LD\u0130M GER\u0130DE&#8230;.<\/a><\/blockquote><iframe sandbox=\"allow-scripts\" security=\"restricted\" src=\"https:\/\/narteks.net\/index.php\/2009\/11\/23\/sen-giderken-ben-eksildim-geride\/embed\/#?secret=bTQBULqu0t\" width=\"600\" height=\"338\" title=\"&#8220;SEN G\u0130DERKEN BEN EKS\u0130LD\u0130M GER\u0130DE&#8230;.&#8221; &#8212; narteks.net\" data-secret=\"bTQBULqu0t\" frameborder=\"0\" marginwidth=\"0\" marginheight=\"0\" scrolling=\"no\" class=\"wp-embedded-content\"><\/iframe><script type=\"text\/javascript\">\n\/* <![CDATA[ *\/\n\/*! This file is auto-generated *\/\n!function(d,l){\"use strict\";l.querySelector&&d.addEventListener&&\"undefined\"!=typeof URL&&(d.wp=d.wp||{},d.wp.receiveEmbedMessage||(d.wp.receiveEmbedMessage=function(e){var t=e.data;if((t||t.secret||t.message||t.value)&&!\/[^a-zA-Z0-9]\/.test(t.secret)){for(var s,r,n,a=l.querySelectorAll('iframe[data-secret=\"'+t.secret+'\"]'),o=l.querySelectorAll('blockquote[data-secret=\"'+t.secret+'\"]'),c=new RegExp(\"^https?:$\",\"i\"),i=0;i<o.length;i++)o[i].style.display=\"none\";for(i=0;i<a.length;i++)s=a[i],e.source===s.contentWindow&&(s.removeAttribute(\"style\"),\"height\"===t.message?(1e3<(r=parseInt(t.value,10))?r=1e3:~~r<200&&(r=200),s.height=r):\"link\"===t.message&&(r=new URL(s.getAttribute(\"src\")),n=new URL(t.value),c.test(n.protocol))&&n.host===r.host&&l.activeElement===s&&(d.top.location.href=t.value))}},d.addEventListener(\"message\",d.wp.receiveEmbedMessage,!1),l.addEventListener(\"DOMContentLoaded\",function(){for(var e,t,s=l.querySelectorAll(\"iframe.wp-embedded-content\"),r=0;r<s.length;r++)(t=(e=s[r]).getAttribute(\"data-secret\"))||(t=Math.random().toString(36).substring(2,12),e.src+=\"#?secret=\"+t,e.setAttribute(\"data-secret\",t)),e.contentWindow.postMessage({message:\"ready\",secret:t},\"*\")},!1)))}(window,document);\n\/\/# sourceURL=https:\/\/narteks.net\/wp-includes\/js\/wp-embed.min.js\n\/* ]]> *\/\n<\/script>\n","description":"D\u00fcn sabah\u0131n 6\u2019s\u0131nda kap\u0131ma dayanm\u0131\u015f, b\u00fck\u00fck boynunla bana s\u0131\u011f\u0131nm\u0131\u015ft\u0131n. Ellerini, s\u0131ms\u0131k\u0131 kapatt\u0131\u011f\u0131 elerini, kap\u0131 ard\u0131ndan uzat\u0131p \u201cbir bunlar var sana verebilece\u011fim\u201d demi\u015ftin. Avu\u00e7lar\u0131nda kestane \u015fekerleri duruyordu. Y\u00fcz\u00fcn yoksullu\u011fundan utan\u0131rcas\u0131na saklanmaya \u00e7abal\u0131yordu benden. Dayanamay\u0131p hayat\u0131mda ilk defa g\u00f6rd\u00fc\u011f\u00fcm seni i\u00e7eri ald\u0131m. Aya\u011f\u0131n\u0131 e\u015fikten atarken odama, sanki iffetsiz bir kad\u0131n\u0131n yapt\u0131klar\u0131n\u0131 yap\u0131yormu\u015fum duygusuna kap\u0131lm\u0131\u015ft\u0131m. Seni neden i\u00e7eriye [&hellip;]","thumbnail_url":"https:\/\/narteks.net\/wp-content\/uploads\/narteks.png","thumbnail_width":300,"thumbnail_height":90}