{"version":"1.0","provider_name":"narteks.net","provider_url":"https:\/\/narteks.net","author_name":"Tar\u0131k","author_url":"https:\/\/narteks.net\/index.php\/author\/narbak\/","title":"Felsefe insan i\u00e7indir | Af\u015far T\u0130MU\u00c7\u0130N","type":"rich","width":600,"height":338,"html":"<blockquote class=\"wp-embedded-content\" data-secret=\"reobsmPJLv\"><a href=\"https:\/\/narteks.net\/index.php\/2009\/11\/26\/felsefe-insan-icindir-afsar-timucin\/\">Felsefe insan i\u00e7indir | Af\u015far T\u0130MU\u00c7\u0130N<\/a><\/blockquote><iframe sandbox=\"allow-scripts\" security=\"restricted\" src=\"https:\/\/narteks.net\/index.php\/2009\/11\/26\/felsefe-insan-icindir-afsar-timucin\/embed\/#?secret=reobsmPJLv\" width=\"600\" height=\"338\" title=\"&#8220;Felsefe insan i\u00e7indir | Af\u015far T\u0130MU\u00c7\u0130N&#8221; &#8212; narteks.net\" data-secret=\"reobsmPJLv\" frameborder=\"0\" marginwidth=\"0\" marginheight=\"0\" scrolling=\"no\" class=\"wp-embedded-content\"><\/iframe><script type=\"text\/javascript\">\n\/* <![CDATA[ *\/\n\/*! This file is auto-generated *\/\n!function(d,l){\"use strict\";l.querySelector&&d.addEventListener&&\"undefined\"!=typeof URL&&(d.wp=d.wp||{},d.wp.receiveEmbedMessage||(d.wp.receiveEmbedMessage=function(e){var t=e.data;if((t||t.secret||t.message||t.value)&&!\/[^a-zA-Z0-9]\/.test(t.secret)){for(var s,r,n,a=l.querySelectorAll('iframe[data-secret=\"'+t.secret+'\"]'),o=l.querySelectorAll('blockquote[data-secret=\"'+t.secret+'\"]'),c=new RegExp(\"^https?:$\",\"i\"),i=0;i<o.length;i++)o[i].style.display=\"none\";for(i=0;i<a.length;i++)s=a[i],e.source===s.contentWindow&&(s.removeAttribute(\"style\"),\"height\"===t.message?(1e3<(r=parseInt(t.value,10))?r=1e3:~~r<200&&(r=200),s.height=r):\"link\"===t.message&&(r=new URL(s.getAttribute(\"src\")),n=new URL(t.value),c.test(n.protocol))&&n.host===r.host&&l.activeElement===s&&(d.top.location.href=t.value))}},d.addEventListener(\"message\",d.wp.receiveEmbedMessage,!1),l.addEventListener(\"DOMContentLoaded\",function(){for(var e,t,s=l.querySelectorAll(\"iframe.wp-embedded-content\"),r=0;r<s.length;r++)(t=(e=s[r]).getAttribute(\"data-secret\"))||(t=Math.random().toString(36).substring(2,12),e.src+=\"#?secret=\"+t,e.setAttribute(\"data-secret\",t)),e.contentWindow.postMessage({message:\"ready\",secret:t},\"*\")},!1)))}(window,document);\n\/\/# sourceURL=https:\/\/narteks.net\/wp-includes\/js\/wp-embed.min.js\n\/* ]]> *\/\n<\/script>\n","description":"Sohbetimize felsefenin tan\u0131m\u0131ndan ba\u015flayal\u0131m&#8230; Felsefe nedir? Felsefe elbetteki d\u00fc\u015f\u00fcnmektir. Genel olarak d\u00fc\u015f\u00fcnmekten ayr\u0131 bir yan\u0131 olmas\u0131 gerekir, o zaman \u015f\u00f6yle diyebiliriz: felsefe evrensel \u00e7er\u00e7evede d\u00fc\u015f\u00fcnmektir. Bir ba\u015fka deyi\u015fle b\u00fct\u00fcn insan\u0131 d\u00fc\u015f\u00fcnmektir. Felsefe yapmak, b\u00fct\u00fcn insanla ilgili yarg\u0131lar ortaya koyabilmektir. Bir Alman, \u0130ngiliz ve Frans\u0131z felsefesinden s\u00f6zediyoruz ama bu felsefelerin t\u00fcm\u00fc insan\u0131 Alman, \u0130ngiliz ya da [&hellip;]","thumbnail_url":"https:\/\/narteks.net\/wp-content\/uploads\/narteks.png","thumbnail_width":300,"thumbnail_height":90}