{"version":"1.0","provider_name":"narteks.net","provider_url":"https:\/\/narteks.net","author_name":"Tar\u0131k","author_url":"https:\/\/narteks.net\/index.php\/author\/narbak\/","title":"K\u00f6t\u00fc felsefe zihinleri buland\u0131r\u0131r | Af\u015far T\u0130MU\u00c7\u0130N","type":"rich","width":600,"height":338,"html":"<blockquote class=\"wp-embedded-content\" data-secret=\"40v1JYqgTc\"><a href=\"https:\/\/narteks.net\/index.php\/2009\/11\/26\/kotu-felsefe-zihinleri-bulandirir-afsar-timucin\/\">K\u00f6t\u00fc felsefe zihinleri buland\u0131r\u0131r | Af\u015far T\u0130MU\u00c7\u0130N<\/a><\/blockquote><iframe sandbox=\"allow-scripts\" security=\"restricted\" src=\"https:\/\/narteks.net\/index.php\/2009\/11\/26\/kotu-felsefe-zihinleri-bulandirir-afsar-timucin\/embed\/#?secret=40v1JYqgTc\" width=\"600\" height=\"338\" title=\"&#8220;K\u00f6t\u00fc felsefe zihinleri buland\u0131r\u0131r | Af\u015far T\u0130MU\u00c7\u0130N&#8221; &#8212; narteks.net\" data-secret=\"40v1JYqgTc\" frameborder=\"0\" marginwidth=\"0\" marginheight=\"0\" scrolling=\"no\" class=\"wp-embedded-content\"><\/iframe><script type=\"text\/javascript\">\n\/* <![CDATA[ *\/\n\/*! This file is auto-generated *\/\n!function(d,l){\"use strict\";l.querySelector&&d.addEventListener&&\"undefined\"!=typeof URL&&(d.wp=d.wp||{},d.wp.receiveEmbedMessage||(d.wp.receiveEmbedMessage=function(e){var t=e.data;if((t||t.secret||t.message||t.value)&&!\/[^a-zA-Z0-9]\/.test(t.secret)){for(var s,r,n,a=l.querySelectorAll('iframe[data-secret=\"'+t.secret+'\"]'),o=l.querySelectorAll('blockquote[data-secret=\"'+t.secret+'\"]'),c=new RegExp(\"^https?:$\",\"i\"),i=0;i<o.length;i++)o[i].style.display=\"none\";for(i=0;i<a.length;i++)s=a[i],e.source===s.contentWindow&&(s.removeAttribute(\"style\"),\"height\"===t.message?(1e3<(r=parseInt(t.value,10))?r=1e3:~~r<200&&(r=200),s.height=r):\"link\"===t.message&&(r=new URL(s.getAttribute(\"src\")),n=new URL(t.value),c.test(n.protocol))&&n.host===r.host&&l.activeElement===s&&(d.top.location.href=t.value))}},d.addEventListener(\"message\",d.wp.receiveEmbedMessage,!1),l.addEventListener(\"DOMContentLoaded\",function(){for(var e,t,s=l.querySelectorAll(\"iframe.wp-embedded-content\"),r=0;r<s.length;r++)(t=(e=s[r]).getAttribute(\"data-secret\"))||(t=Math.random().toString(36).substring(2,12),e.src+=\"#?secret=\"+t,e.setAttribute(\"data-secret\",t)),e.contentWindow.postMessage({message:\"ready\",secret:t},\"*\")},!1)))}(window,document);\n\/\/# sourceURL=https:\/\/narteks.net\/wp-includes\/js\/wp-embed.min.js\n\/* ]]> *\/\n<\/script>\n","description":"Felsefede temel ara\u00e7 kavramlar ise, kavramlar\u0131n tarihsel d\u00f6n\u00fc\u015f\u00fcm\u00fcn\u00fc bilmek, ger\u00e7ek anlamda felsefe yapabilmenin \u00f6nko\u015fuludur diyebilir miyiz? Yani tarih bilgisinden ayr\u0131 bir felsefe bilgisi d\u00fc\u015f\u00fcn\u00fclemez dersek yan\u0131lm\u0131\u015f olur muyuz? \u0130nsan bilinci s\u00fcrekli d\u00f6n\u00fc\u015fen bir yap\u0131 ortaya koyuyor. Bu bilin\u00e7te d\u00f6n\u00fc\u015fen \u015feyin \u00f6z\u00fc ne dersek, bu d\u00f6n\u00fc\u015fen \u015feyin ad\u0131, elbette kavramlar. Kavramlar dedi\u011fimiz \u015fey de bilgi birimleridir [&hellip;]","thumbnail_url":"https:\/\/narteks.net\/wp-content\/uploads\/narteks.png","thumbnail_width":300,"thumbnail_height":90}