{"version":"1.0","provider_name":"narteks.net","provider_url":"https:\/\/narteks.net","author_name":"Tar\u0131k","author_url":"https:\/\/narteks.net\/index.php\/author\/narbak\/","title":"\u00d6zg\u00fcrl\u00fck ahlak\u0131, insan\u0131 gelece\u011fe a\u00e7ar | Af\u015far Timu\u00e7in","type":"rich","width":600,"height":338,"html":"<blockquote class=\"wp-embedded-content\" data-secret=\"FbRekwenFk\"><a href=\"https:\/\/narteks.net\/index.php\/2009\/11\/26\/ozgurluk-ahlaki-insani-gelecege-acar-afsar-timucin\/\">\u00d6zg\u00fcrl\u00fck ahlak\u0131, insan\u0131 gelece\u011fe a\u00e7ar | Af\u015far Timu\u00e7in<\/a><\/blockquote><iframe sandbox=\"allow-scripts\" security=\"restricted\" src=\"https:\/\/narteks.net\/index.php\/2009\/11\/26\/ozgurluk-ahlaki-insani-gelecege-acar-afsar-timucin\/embed\/#?secret=FbRekwenFk\" width=\"600\" height=\"338\" title=\"&#8220;\u00d6zg\u00fcrl\u00fck ahlak\u0131, insan\u0131 gelece\u011fe a\u00e7ar | Af\u015far Timu\u00e7in&#8221; &#8212; narteks.net\" data-secret=\"FbRekwenFk\" frameborder=\"0\" marginwidth=\"0\" marginheight=\"0\" scrolling=\"no\" class=\"wp-embedded-content\"><\/iframe><script type=\"text\/javascript\">\n\/* <![CDATA[ *\/\n\/*! This file is auto-generated *\/\n!function(d,l){\"use strict\";l.querySelector&&d.addEventListener&&\"undefined\"!=typeof URL&&(d.wp=d.wp||{},d.wp.receiveEmbedMessage||(d.wp.receiveEmbedMessage=function(e){var t=e.data;if((t||t.secret||t.message||t.value)&&!\/[^a-zA-Z0-9]\/.test(t.secret)){for(var s,r,n,a=l.querySelectorAll('iframe[data-secret=\"'+t.secret+'\"]'),o=l.querySelectorAll('blockquote[data-secret=\"'+t.secret+'\"]'),c=new RegExp(\"^https?:$\",\"i\"),i=0;i<o.length;i++)o[i].style.display=\"none\";for(i=0;i<a.length;i++)s=a[i],e.source===s.contentWindow&&(s.removeAttribute(\"style\"),\"height\"===t.message?(1e3<(r=parseInt(t.value,10))?r=1e3:~~r<200&&(r=200),s.height=r):\"link\"===t.message&&(r=new URL(s.getAttribute(\"src\")),n=new URL(t.value),c.test(n.protocol))&&n.host===r.host&&l.activeElement===s&&(d.top.location.href=t.value))}},d.addEventListener(\"message\",d.wp.receiveEmbedMessage,!1),l.addEventListener(\"DOMContentLoaded\",function(){for(var e,t,s=l.querySelectorAll(\"iframe.wp-embedded-content\"),r=0;r<s.length;r++)(t=(e=s[r]).getAttribute(\"data-secret\"))||(t=Math.random().toString(36).substring(2,12),e.src+=\"#?secret=\"+t,e.setAttribute(\"data-secret\",t)),e.contentWindow.postMessage({message:\"ready\",secret:t},\"*\")},!1)))}(window,document);\n\/\/# sourceURL=https:\/\/narteks.net\/wp-includes\/js\/wp-embed.min.js\n\/* ]]> *\/\n<\/script>\n","description":"Af\u015far Timu\u00e7in\u2019le s\u00f6yle\u015fimizde bu kez ahlak \u00fczerinde durduk. G\u00f6renekler ahlak\u0131, \u00f6zg\u00fcrl\u00fck ahlak\u0131, yarar de\u011ferleri, y\u00fcce de\u011ferler gibi kavramlar\u0131 da tart\u0131\u015ft\u0131\u011f\u0131m\u0131z sohbetimizde ahlaki de\u011ferlerin estetik de\u011ferlerle ili\u015fkisi \u00fczerine de konu\u015ftuk. Bug\u00fcn sizinle ahlak \u00fczerine konu\u015fal\u0131m istiyoruz. \u00d6ncelikle kavramdan ba\u015flayal\u0131m isterseniz. Ahlak nedir? Ahlak davran\u0131\u015flarla ilgili bir bilgi alan\u0131d\u0131r. Felsefenin bir b\u00f6l\u00fcm\u00fcn\u00fc olu\u015fturur. Yani felsefenin dallar\u0131ndan biri [&hellip;]","thumbnail_url":"http:\/\/2.bp.blogspot.com\/_VFrHvaXXoPU\/Sbe0e2NdkSI\/AAAAAAAAAD8\/_K3V0GzON1c\/s320\/ahlak5hz1.jpg"}