{"version":"1.0","provider_name":"narteks.net","provider_url":"https:\/\/narteks.net","author_name":"Tar\u0131k","author_url":"https:\/\/narteks.net\/index.php\/author\/narbak\/","title":"Ya\u015fama sanat\u0131 konusunda kendimle konu\u015fma | Af\u015far Timu\u00e7in","type":"rich","width":600,"height":338,"html":"<blockquote class=\"wp-embedded-content\" data-secret=\"YEtF81vYe5\"><a href=\"https:\/\/narteks.net\/index.php\/2009\/11\/26\/yasama-sanati-konusunda-kendimle-konusma-afsar-timucin\/\">Ya\u015fama sanat\u0131 konusunda kendimle konu\u015fma | Af\u015far Timu\u00e7in<\/a><\/blockquote><iframe sandbox=\"allow-scripts\" security=\"restricted\" src=\"https:\/\/narteks.net\/index.php\/2009\/11\/26\/yasama-sanati-konusunda-kendimle-konusma-afsar-timucin\/embed\/#?secret=YEtF81vYe5\" width=\"600\" height=\"338\" title=\"&#8220;Ya\u015fama sanat\u0131 konusunda kendimle konu\u015fma | Af\u015far Timu\u00e7in&#8221; &#8212; narteks.net\" data-secret=\"YEtF81vYe5\" frameborder=\"0\" marginwidth=\"0\" marginheight=\"0\" scrolling=\"no\" class=\"wp-embedded-content\"><\/iframe><script type=\"text\/javascript\">\n\/* <![CDATA[ *\/\n\/*! This file is auto-generated *\/\n!function(d,l){\"use strict\";l.querySelector&&d.addEventListener&&\"undefined\"!=typeof URL&&(d.wp=d.wp||{},d.wp.receiveEmbedMessage||(d.wp.receiveEmbedMessage=function(e){var t=e.data;if((t||t.secret||t.message||t.value)&&!\/[^a-zA-Z0-9]\/.test(t.secret)){for(var s,r,n,a=l.querySelectorAll('iframe[data-secret=\"'+t.secret+'\"]'),o=l.querySelectorAll('blockquote[data-secret=\"'+t.secret+'\"]'),c=new RegExp(\"^https?:$\",\"i\"),i=0;i<o.length;i++)o[i].style.display=\"none\";for(i=0;i<a.length;i++)s=a[i],e.source===s.contentWindow&&(s.removeAttribute(\"style\"),\"height\"===t.message?(1e3<(r=parseInt(t.value,10))?r=1e3:~~r<200&&(r=200),s.height=r):\"link\"===t.message&&(r=new URL(s.getAttribute(\"src\")),n=new URL(t.value),c.test(n.protocol))&&n.host===r.host&&l.activeElement===s&&(d.top.location.href=t.value))}},d.addEventListener(\"message\",d.wp.receiveEmbedMessage,!1),l.addEventListener(\"DOMContentLoaded\",function(){for(var e,t,s=l.querySelectorAll(\"iframe.wp-embedded-content\"),r=0;r<s.length;r++)(t=(e=s[r]).getAttribute(\"data-secret\"))||(t=Math.random().toString(36).substring(2,12),e.src+=\"#?secret=\"+t,e.setAttribute(\"data-secret\",t)),e.contentWindow.postMessage({message:\"ready\",secret:t},\"*\")},!1)))}(window,document);\n\/\/# sourceURL=https:\/\/narteks.net\/wp-includes\/js\/wp-embed.min.js\n\/* ]]> *\/\n<\/script>\n","description":"Bug\u00fcn seninle ya\u015fam\u0131n anlam\u0131 \u00fczerine konu\u015fal\u0131m istiyorum. Ya\u015fam dedi\u011fimizde sence ne anlamam\u0131z gerekiyor? Ya\u015fam her canl\u0131ya verilmi\u015f kendi varl\u0131\u011f\u0131n\u0131 ve t\u00fcr\u00fcn\u00fc s\u00fcrd\u00fcrme hakk\u0131d\u0131r. \u0130nsan i\u00e7in ya\u015fam bu biyolojik tan\u0131m\u0131 \u00e7ok a\u015fan bir etkinliktir: duyumdan duyguya ve duygudan d\u00fc\u015f\u00fcnceye uzanan bir haz konusudur (bu arada ac\u0131 konusudur). Her ki\u015fi d\u0131\u015f ko\u015fullar\u0131n da belirlemesiyle ya\u015fam\u0131 kendi bilin\u00e7 [&hellip;]","thumbnail_url":"https:\/\/narteks.net\/wp-content\/uploads\/narteks.png","thumbnail_width":300,"thumbnail_height":90}