{"version":"1.0","provider_name":"narteks.net","provider_url":"https:\/\/narteks.net","author_name":"Tar\u0131k","author_url":"https:\/\/narteks.net\/index.php\/author\/narbak\/","title":"19 Aral\u0131k'\u0131n Sorumlular\u0131n\u0131 Yarg\u0131lay\u0131n, Tecridi Kald\u0131r\u0131n","type":"rich","width":600,"height":338,"html":"<blockquote class=\"wp-embedded-content\" data-secret=\"YvrE4mjldJ\"><a href=\"https:\/\/narteks.net\/index.php\/2009\/12\/20\/19-aralikin-sorumlularini-yargilayin-tecridi-kaldirin\/\">19 Aral\u0131k&#8217;\u0131n Sorumlular\u0131n\u0131 Yarg\u0131lay\u0131n, Tecridi Kald\u0131r\u0131n<\/a><\/blockquote><iframe sandbox=\"allow-scripts\" security=\"restricted\" src=\"https:\/\/narteks.net\/index.php\/2009\/12\/20\/19-aralikin-sorumlularini-yargilayin-tecridi-kaldirin\/embed\/#?secret=YvrE4mjldJ\" width=\"600\" height=\"338\" title=\"&#8220;19 Aral\u0131k&#8217;\u0131n Sorumlular\u0131n\u0131 Yarg\u0131lay\u0131n, Tecridi Kald\u0131r\u0131n&#8221; &#8212; narteks.net\" data-secret=\"YvrE4mjldJ\" frameborder=\"0\" marginwidth=\"0\" marginheight=\"0\" scrolling=\"no\" class=\"wp-embedded-content\"><\/iframe><script type=\"text\/javascript\">\n\/* <![CDATA[ *\/\n\/*! This file is auto-generated *\/\n!function(d,l){\"use strict\";l.querySelector&&d.addEventListener&&\"undefined\"!=typeof URL&&(d.wp=d.wp||{},d.wp.receiveEmbedMessage||(d.wp.receiveEmbedMessage=function(e){var t=e.data;if((t||t.secret||t.message||t.value)&&!\/[^a-zA-Z0-9]\/.test(t.secret)){for(var s,r,n,a=l.querySelectorAll('iframe[data-secret=\"'+t.secret+'\"]'),o=l.querySelectorAll('blockquote[data-secret=\"'+t.secret+'\"]'),c=new RegExp(\"^https?:$\",\"i\"),i=0;i<o.length;i++)o[i].style.display=\"none\";for(i=0;i<a.length;i++)s=a[i],e.source===s.contentWindow&&(s.removeAttribute(\"style\"),\"height\"===t.message?(1e3<(r=parseInt(t.value,10))?r=1e3:~~r<200&&(r=200),s.height=r):\"link\"===t.message&&(r=new URL(s.getAttribute(\"src\")),n=new URL(t.value),c.test(n.protocol))&&n.host===r.host&&l.activeElement===s&&(d.top.location.href=t.value))}},d.addEventListener(\"message\",d.wp.receiveEmbedMessage,!1),l.addEventListener(\"DOMContentLoaded\",function(){for(var e,t,s=l.querySelectorAll(\"iframe.wp-embedded-content\"),r=0;r<s.length;r++)(t=(e=s[r]).getAttribute(\"data-secret\"))||(t=Math.random().toString(36).substring(2,12),e.src+=\"#?secret=\"+t,e.setAttribute(\"data-secret\",t)),e.contentWindow.postMessage({message:\"ready\",secret:t},\"*\")},!1)))}(window,document);\n\/\/# sourceURL=https:\/\/narteks.net\/wp-includes\/js\/wp-embed.min.js\n\/* ]]> *\/\n<\/script>\n","description":"\u0130HD ve MAZLUMDER, 32 ki\u015finin \u00f6ld\u00fc\u011f\u00fc 19 Aral\u0131k operasyonunun dokuzuncu y\u0131ld\u00f6n\u00fcm\u00fcnde sorumlular\u0131n cezaland\u0131r\u0131lmas\u0131n\u0131 istedi. Son 11 ayda cezaevlerinde 33 ki\u015finin \u00f6ld\u00fc\u011f\u00fcn\u00fc vurgulayan \u0130HD, cezaevlerinin sivil denetime a\u00e7\u0131lmas\u0131n\u0131 istedi. \u0130nsan Haklar\u0131 Derne\u011fi (\u0130HD) ve \u0130nsan Haklar\u0131 ve Mazlumlar \u0130\u00e7in Dayan\u0131\u015fma Derne\u011fi (MAZLUMDER), 19 Aral\u0131k operasyonunun sorumlular\u0131n\u0131n yarg\u0131lanmas\u0131n\u0131 ve cezaland\u0131r\u0131lmas\u0131n\u0131 istedi. Dokuz y\u0131l \u00f6nce, h\u00fck\u00fcml\u00fcleri tecrit uygulanan [&hellip;]","thumbnail_url":"http:\/\/www.ertugrulkurkcu.org\/wp-content\/uploads\/2015\/12\/indir-1.jpg"}