{"version":"1.0","provider_name":"narteks.net","provider_url":"https:\/\/narteks.net","author_name":"Tar\u0131k","author_url":"https:\/\/narteks.net\/index.php\/author\/narbak\/","title":"Barok M\u00fczikten Klasik M\u00fczi\u011fe","type":"rich","width":600,"height":338,"html":"<blockquote class=\"wp-embedded-content\" data-secret=\"PEYwIJU6e9\"><a href=\"https:\/\/narteks.net\/index.php\/2009\/12\/21\/barok-muezikten-klasik-muezie\/\">Barok M\u00fczikten Klasik M\u00fczi\u011fe<\/a><\/blockquote><iframe sandbox=\"allow-scripts\" security=\"restricted\" src=\"https:\/\/narteks.net\/index.php\/2009\/12\/21\/barok-muezikten-klasik-muezie\/embed\/#?secret=PEYwIJU6e9\" width=\"600\" height=\"338\" title=\"&#8220;Barok M\u00fczikten Klasik M\u00fczi\u011fe&#8221; &#8212; narteks.net\" data-secret=\"PEYwIJU6e9\" frameborder=\"0\" marginwidth=\"0\" marginheight=\"0\" scrolling=\"no\" class=\"wp-embedded-content\"><\/iframe><script type=\"text\/javascript\">\n\/* <![CDATA[ *\/\n\/*! This file is auto-generated *\/\n!function(d,l){\"use strict\";l.querySelector&&d.addEventListener&&\"undefined\"!=typeof URL&&(d.wp=d.wp||{},d.wp.receiveEmbedMessage||(d.wp.receiveEmbedMessage=function(e){var t=e.data;if((t||t.secret||t.message||t.value)&&!\/[^a-zA-Z0-9]\/.test(t.secret)){for(var s,r,n,a=l.querySelectorAll('iframe[data-secret=\"'+t.secret+'\"]'),o=l.querySelectorAll('blockquote[data-secret=\"'+t.secret+'\"]'),c=new RegExp(\"^https?:$\",\"i\"),i=0;i<o.length;i++)o[i].style.display=\"none\";for(i=0;i<a.length;i++)s=a[i],e.source===s.contentWindow&&(s.removeAttribute(\"style\"),\"height\"===t.message?(1e3<(r=parseInt(t.value,10))?r=1e3:~~r<200&&(r=200),s.height=r):\"link\"===t.message&&(r=new URL(s.getAttribute(\"src\")),n=new URL(t.value),c.test(n.protocol))&&n.host===r.host&&l.activeElement===s&&(d.top.location.href=t.value))}},d.addEventListener(\"message\",d.wp.receiveEmbedMessage,!1),l.addEventListener(\"DOMContentLoaded\",function(){for(var e,t,s=l.querySelectorAll(\"iframe.wp-embedded-content\"),r=0;r<s.length;r++)(t=(e=s[r]).getAttribute(\"data-secret\"))||(t=Math.random().toString(36).substring(2,12),e.src+=\"#?secret=\"+t,e.setAttribute(\"data-secret\",t)),e.contentWindow.postMessage({message:\"ready\",secret:t},\"*\")},!1)))}(window,document);\n\/\/# sourceURL=https:\/\/narteks.net\/wp-includes\/js\/wp-embed.min.js\n\/* ]]> *\/\n<\/script>\n","description":"M\u00fczikte 17. y\u00fczy\u0131l ile 18. y\u00fczy\u0131l\u0131n ilk yar\u0131s\u0131 aras\u0131ndaki d\u00f6nem barok d\u00f6nem olarak bilinir. Dinsel ve dind\u0131\u015f\u0131 m\u00fczi\u011fin kesin olarak birbirinden ayr\u0131ld\u0131\u011f\u0131 bu d\u00f6nemdeki en \u00f6nemli geli\u015fmelerden biri de \u00e7alg\u0131 e\u015fli\u011finde s\u00f6ylenen dind\u0131\u015f\u0131 solo \u015fark\u0131lard\u0131. Bu \u015fark\u0131lar sonradan geli\u015fecek olan operan\u0131n ilk \u00f6rnekleri say\u0131l\u0131r. Gene ayn\u0131 d\u00f6nemde b\u00fcy\u00fck besteci Johann Sebastian Bach, k\u0131sa bir teman\u0131n [&hellip;]","thumbnail_url":"https:\/\/narteks.net\/wp-content\/uploads\/narteks.png","thumbnail_width":300,"thumbnail_height":90}