{"version":"1.0","provider_name":"narteks.net","provider_url":"https:\/\/narteks.net","author_name":"Tar\u0131k","author_url":"https:\/\/narteks.net\/index.php\/author\/narbak\/","title":"UNICEF: K\u00fcba\u2019da \u00e7ocuklar\u0131n yetersiz beslenme oran\u0131 y\u00fczde 0","type":"rich","width":600,"height":338,"html":"<blockquote class=\"wp-embedded-content\" data-secret=\"2JfMy4QqZV\"><a href=\"https:\/\/narteks.net\/index.php\/2009\/12\/28\/unicef-kubada-cocuklarin-yetersiz-beslenme-orani-yuzde-0\/\">UNICEF: K\u00fcba\u2019da \u00e7ocuklar\u0131n yetersiz beslenme oran\u0131 y\u00fczde 0<\/a><\/blockquote><iframe sandbox=\"allow-scripts\" security=\"restricted\" src=\"https:\/\/narteks.net\/index.php\/2009\/12\/28\/unicef-kubada-cocuklarin-yetersiz-beslenme-orani-yuzde-0\/embed\/#?secret=2JfMy4QqZV\" width=\"600\" height=\"338\" title=\"&#8220;UNICEF: K\u00fcba\u2019da \u00e7ocuklar\u0131n yetersiz beslenme oran\u0131 y\u00fczde 0&#8221; &#8212; narteks.net\" data-secret=\"2JfMy4QqZV\" frameborder=\"0\" marginwidth=\"0\" marginheight=\"0\" scrolling=\"no\" class=\"wp-embedded-content\"><\/iframe><script type=\"text\/javascript\">\n\/* <![CDATA[ *\/\n\/*! This file is auto-generated *\/\n!function(d,l){\"use strict\";l.querySelector&&d.addEventListener&&\"undefined\"!=typeof URL&&(d.wp=d.wp||{},d.wp.receiveEmbedMessage||(d.wp.receiveEmbedMessage=function(e){var t=e.data;if((t||t.secret||t.message||t.value)&&!\/[^a-zA-Z0-9]\/.test(t.secret)){for(var s,r,n,a=l.querySelectorAll('iframe[data-secret=\"'+t.secret+'\"]'),o=l.querySelectorAll('blockquote[data-secret=\"'+t.secret+'\"]'),c=new RegExp(\"^https?:$\",\"i\"),i=0;i<o.length;i++)o[i].style.display=\"none\";for(i=0;i<a.length;i++)s=a[i],e.source===s.contentWindow&&(s.removeAttribute(\"style\"),\"height\"===t.message?(1e3<(r=parseInt(t.value,10))?r=1e3:~~r<200&&(r=200),s.height=r):\"link\"===t.message&&(r=new URL(s.getAttribute(\"src\")),n=new URL(t.value),c.test(n.protocol))&&n.host===r.host&&l.activeElement===s&&(d.top.location.href=t.value))}},d.addEventListener(\"message\",d.wp.receiveEmbedMessage,!1),l.addEventListener(\"DOMContentLoaded\",function(){for(var e,t,s=l.querySelectorAll(\"iframe.wp-embedded-content\"),r=0;r<s.length;r++)(t=(e=s[r]).getAttribute(\"data-secret\"))||(t=Math.random().toString(36).substring(2,12),e.src+=\"#?secret=\"+t,e.setAttribute(\"data-secret\",t)),e.contentWindow.postMessage({message:\"ready\",secret:t},\"*\")},!1)))}(window,document);\n\/\/# sourceURL=https:\/\/narteks.net\/wp-includes\/js\/wp-embed.min.js\n\/* ]]> *\/\n<\/script>\n","description":"D\u00fcnya \u00e7ap\u0131nda, sosyal felaketlerden uzak ve mutlu olmalar\u0131 ile tan\u0131nan K\u00fcbal\u0131 \u00e7ocuklar\u0131n ger\u00e7e\u011finin tersine, geli\u015fmekte olan \u00fclkelerde, be\u015f ya\u015f\u0131n alt\u0131nda 146 milyon zay\u0131f \u00e7ocuk var. K\u00f6t\u00fc beslenme y\u00fcz\u00fcnden her y\u0131l 5,6 milyon \u00e7ocuk \u00f6l\u00fcyor. Be\u015f ya\u015f\u0131n alt\u0131ndaki her d\u00f6rt \u00e7ocuktan biri de erken \u00f6l\u00fcm riskiyle kar\u015f\u0131 kar\u015f\u0131ya. Birle\u015fmi\u015f Milletler \u00c7ocuk Fonu UNICEF\u2019in yay\u0131nlad\u0131\u011f\u0131 son beslenme [&hellip;]","thumbnail_url":"http:\/\/imgtr.fotokritik.com\/photos\/lowres\/0\/2\/5\/025882\/65ad3ec61ea9cb0e330f5871730050aa.jpg"}