{"version":"1.0","provider_name":"narteks.net","provider_url":"https:\/\/narteks.net","author_name":"Tar\u0131k","author_url":"https:\/\/narteks.net\/index.php\/author\/narbak\/","title":"Evcille\u015fmi\u015f felsefe, felsefe de\u011fildir | Af\u015far T\u0130MU\u00c7\u0130N","type":"rich","width":600,"height":338,"html":"<blockquote class=\"wp-embedded-content\" data-secret=\"TGTpBSD9K7\"><a href=\"https:\/\/narteks.net\/index.php\/2009\/12\/29\/evcillesmis-felsefe-felsefe-degildir-afsar-timucin\/\">Evcille\u015fmi\u015f felsefe, felsefe de\u011fildir | Af\u015far T\u0130MU\u00c7\u0130N<\/a><\/blockquote><iframe sandbox=\"allow-scripts\" security=\"restricted\" src=\"https:\/\/narteks.net\/index.php\/2009\/12\/29\/evcillesmis-felsefe-felsefe-degildir-afsar-timucin\/embed\/#?secret=TGTpBSD9K7\" width=\"600\" height=\"338\" title=\"&#8220;Evcille\u015fmi\u015f felsefe, felsefe de\u011fildir | Af\u015far T\u0130MU\u00c7\u0130N&#8221; &#8212; narteks.net\" data-secret=\"TGTpBSD9K7\" frameborder=\"0\" marginwidth=\"0\" marginheight=\"0\" scrolling=\"no\" class=\"wp-embedded-content\"><\/iframe><script type=\"text\/javascript\">\n\/* <![CDATA[ *\/\n\/*! This file is auto-generated *\/\n!function(d,l){\"use strict\";l.querySelector&&d.addEventListener&&\"undefined\"!=typeof URL&&(d.wp=d.wp||{},d.wp.receiveEmbedMessage||(d.wp.receiveEmbedMessage=function(e){var t=e.data;if((t||t.secret||t.message||t.value)&&!\/[^a-zA-Z0-9]\/.test(t.secret)){for(var s,r,n,a=l.querySelectorAll('iframe[data-secret=\"'+t.secret+'\"]'),o=l.querySelectorAll('blockquote[data-secret=\"'+t.secret+'\"]'),c=new RegExp(\"^https?:$\",\"i\"),i=0;i<o.length;i++)o[i].style.display=\"none\";for(i=0;i<a.length;i++)s=a[i],e.source===s.contentWindow&&(s.removeAttribute(\"style\"),\"height\"===t.message?(1e3<(r=parseInt(t.value,10))?r=1e3:~~r<200&&(r=200),s.height=r):\"link\"===t.message&&(r=new URL(s.getAttribute(\"src\")),n=new URL(t.value),c.test(n.protocol))&&n.host===r.host&&l.activeElement===s&&(d.top.location.href=t.value))}},d.addEventListener(\"message\",d.wp.receiveEmbedMessage,!1),l.addEventListener(\"DOMContentLoaded\",function(){for(var e,t,s=l.querySelectorAll(\"iframe.wp-embedded-content\"),r=0;r<s.length;r++)(t=(e=s[r]).getAttribute(\"data-secret\"))||(t=Math.random().toString(36).substring(2,12),e.src+=\"#?secret=\"+t,e.setAttribute(\"data-secret\",t)),e.contentWindow.postMessage({message:\"ready\",secret:t},\"*\")},!1)))}(window,document);\n\/\/# sourceURL=https:\/\/narteks.net\/wp-includes\/js\/wp-embed.min.js\n\/* ]]> *\/\n<\/script>\n","description":"Felsefe neden insanlar\u0131n g\u00f6z\u00fcn\u00fc korkutur. Kimi filozoflarda kar\u015f\u0131m\u0131za \u00e7\u0131kan, felsefe dilinin a\u011fdal\u0131 olmas\u0131 bir etken mi? Felsefe dilinin a\u011fdal\u0131 olmas\u0131 asl\u0131nda felsefi yetersizli\u011fin sonucudur. \u00c7\u00fcnk\u00fc felsefe diliyle kolay yoldan, basit\u00e7e anlat\u0131lamayacak hi\u00e7bir bilgi yoktur.\u00a0 Dolay\u0131s\u0131yla bir filozof kendi g\u00f6r\u00fc\u015flerini basite indirgeyemiyorsa onun kafas\u0131 kar\u0131\u015f\u0131k demektir. Ne yapmak gerekiyor peki? Ya\u015fam\u0131 kavramak, yal\u0131nla\u015ft\u0131rmak i\u00e7in felsefeyi yal\u0131n [&hellip;]","thumbnail_url":"https:\/\/narteks.net\/wp-content\/uploads\/narteks.png","thumbnail_width":300,"thumbnail_height":90}