{"version":"1.0","provider_name":"narteks.net","provider_url":"https:\/\/narteks.net","author_name":"Tar\u0131k","author_url":"https:\/\/narteks.net\/index.php\/author\/narbak\/","title":"Koma AMED T\u00fcm alb\u00fcmleriyle narteks.net sayfalar\u0131nda","type":"rich","width":600,"height":338,"html":"<blockquote class=\"wp-embedded-content\" data-secret=\"1DO2DXFSmO\"><a href=\"https:\/\/narteks.net\/index.php\/2010\/01\/02\/koma-amed-tum-albumleriyle-narteksnet-sayfalarinda\/\">Koma AMED T\u00fcm alb\u00fcmleriyle narteks.net sayfalar\u0131nda<\/a><\/blockquote><iframe sandbox=\"allow-scripts\" security=\"restricted\" src=\"https:\/\/narteks.net\/index.php\/2010\/01\/02\/koma-amed-tum-albumleriyle-narteksnet-sayfalarinda\/embed\/#?secret=1DO2DXFSmO\" width=\"600\" height=\"338\" title=\"&#8220;Koma AMED T\u00fcm alb\u00fcmleriyle narteks.net sayfalar\u0131nda&#8221; &#8212; narteks.net\" data-secret=\"1DO2DXFSmO\" frameborder=\"0\" marginwidth=\"0\" marginheight=\"0\" scrolling=\"no\" class=\"wp-embedded-content\"><\/iframe><script type=\"text\/javascript\">\n\/* <![CDATA[ *\/\n\/*! This file is auto-generated *\/\n!function(d,l){\"use strict\";l.querySelector&&d.addEventListener&&\"undefined\"!=typeof URL&&(d.wp=d.wp||{},d.wp.receiveEmbedMessage||(d.wp.receiveEmbedMessage=function(e){var t=e.data;if((t||t.secret||t.message||t.value)&&!\/[^a-zA-Z0-9]\/.test(t.secret)){for(var s,r,n,a=l.querySelectorAll('iframe[data-secret=\"'+t.secret+'\"]'),o=l.querySelectorAll('blockquote[data-secret=\"'+t.secret+'\"]'),c=new RegExp(\"^https?:$\",\"i\"),i=0;i<o.length;i++)o[i].style.display=\"none\";for(i=0;i<a.length;i++)s=a[i],e.source===s.contentWindow&&(s.removeAttribute(\"style\"),\"height\"===t.message?(1e3<(r=parseInt(t.value,10))?r=1e3:~~r<200&&(r=200),s.height=r):\"link\"===t.message&&(r=new URL(s.getAttribute(\"src\")),n=new URL(t.value),c.test(n.protocol))&&n.host===r.host&&l.activeElement===s&&(d.top.location.href=t.value))}},d.addEventListener(\"message\",d.wp.receiveEmbedMessage,!1),l.addEventListener(\"DOMContentLoaded\",function(){for(var e,t,s=l.querySelectorAll(\"iframe.wp-embedded-content\"),r=0;r<s.length;r++)(t=(e=s[r]).getAttribute(\"data-secret\"))||(t=Math.random().toString(36).substring(2,12),e.src+=\"#?secret=\"+t,e.setAttribute(\"data-secret\",t)),e.contentWindow.postMessage({message:\"ready\",secret:t},\"*\")},!1)))}(window,document);\n\/\/# sourceURL=https:\/\/narteks.net\/wp-includes\/js\/wp-embed.min.js\n\/* ]]> *\/\n<\/script>\n","description":"1988.\u00a0\u00a0 Ankara K\u00fcrt kimli\u011finin,dili ve m\u00fczi\u011finin kendini ifade etme olanaklar\u0131ndan tamamen yoksun oldu\u011fu,ola\u011fan\u00fcst\u00fc zor \u015fartlar\u0131n h\u00fck\u00fcm s\u00fcrd\u00fc\u011f\u00fc y\u0131llar. T\u0131p fak\u00fcltesinde \u00f6\u011frenim g\u00f6ren bir grup \u00fcniversite \u00f6\u011frencisi m\u00fczik grubu olu\u015fturma d\u00fc\u015f\u00fcncesiyle bir araya gelir. Bu grup, T\u00fcrkiye&#8217;de ya\u015fayan K\u00fcrtlerin,amat\u00f6r bir d\u00fczey fakat profesyonel yakla\u015f\u0131mlarla olu\u015fturulmu\u015f &#8220;ilk m\u00fczik grubu&#8221; say\u0131labilir.1990 y\u0131l\u0131nda b\u00fcy\u00fck s\u0131k\u0131nt\u0131larla yarat\u0131lan teknik olanaklarla, ilk [&hellip;]","thumbnail_url":"http:\/\/www.kommuzik.com.tr\/tr\/wp-content\/uploads\/2007\/12\/koma_amed_kulilka_azadi.jpg"}