{"version":"1.0","provider_name":"narteks.net","provider_url":"https:\/\/narteks.net","author_name":"Tar\u0131k","author_url":"https:\/\/narteks.net\/index.php\/author\/narbak\/","title":"Siyaset mi De\u011fi\u015fiyor Yoksa Kavramlar m\u0131? | \u00c7a\u011fhan KIZIL","type":"rich","width":600,"height":338,"html":"<blockquote class=\"wp-embedded-content\" data-secret=\"uOI2FgGS7u\"><a href=\"https:\/\/narteks.net\/index.php\/2010\/01\/04\/siyaset-mi-degisiyor-yoksa-kavramlar-mi-caghan-kizil\/\">Siyaset mi De\u011fi\u015fiyor Yoksa Kavramlar m\u0131? | \u00c7a\u011fhan KIZIL<\/a><\/blockquote><iframe sandbox=\"allow-scripts\" security=\"restricted\" src=\"https:\/\/narteks.net\/index.php\/2010\/01\/04\/siyaset-mi-degisiyor-yoksa-kavramlar-mi-caghan-kizil\/embed\/#?secret=uOI2FgGS7u\" width=\"600\" height=\"338\" title=\"&#8220;Siyaset mi De\u011fi\u015fiyor Yoksa Kavramlar m\u0131? | \u00c7a\u011fhan KIZIL&#8221; &#8212; narteks.net\" data-secret=\"uOI2FgGS7u\" frameborder=\"0\" marginwidth=\"0\" marginheight=\"0\" scrolling=\"no\" class=\"wp-embedded-content\"><\/iframe><script type=\"text\/javascript\">\n\/* <![CDATA[ *\/\n\/*! This file is auto-generated *\/\n!function(d,l){\"use strict\";l.querySelector&&d.addEventListener&&\"undefined\"!=typeof URL&&(d.wp=d.wp||{},d.wp.receiveEmbedMessage||(d.wp.receiveEmbedMessage=function(e){var t=e.data;if((t||t.secret||t.message||t.value)&&!\/[^a-zA-Z0-9]\/.test(t.secret)){for(var s,r,n,a=l.querySelectorAll('iframe[data-secret=\"'+t.secret+'\"]'),o=l.querySelectorAll('blockquote[data-secret=\"'+t.secret+'\"]'),c=new RegExp(\"^https?:$\",\"i\"),i=0;i<o.length;i++)o[i].style.display=\"none\";for(i=0;i<a.length;i++)s=a[i],e.source===s.contentWindow&&(s.removeAttribute(\"style\"),\"height\"===t.message?(1e3<(r=parseInt(t.value,10))?r=1e3:~~r<200&&(r=200),s.height=r):\"link\"===t.message&&(r=new URL(s.getAttribute(\"src\")),n=new URL(t.value),c.test(n.protocol))&&n.host===r.host&&l.activeElement===s&&(d.top.location.href=t.value))}},d.addEventListener(\"message\",d.wp.receiveEmbedMessage,!1),l.addEventListener(\"DOMContentLoaded\",function(){for(var e,t,s=l.querySelectorAll(\"iframe.wp-embedded-content\"),r=0;r<s.length;r++)(t=(e=s[r]).getAttribute(\"data-secret\"))||(t=Math.random().toString(36).substring(2,12),e.src+=\"#?secret=\"+t,e.setAttribute(\"data-secret\",t)),e.contentWindow.postMessage({message:\"ready\",secret:t},\"*\")},!1)))}(window,document);\n\/\/# sourceURL=https:\/\/narteks.net\/wp-includes\/js\/wp-embed.min.js\n\/* ]]> *\/\n<\/script>\n","description":"Kat\u0131 olan her \u015feyin buharla\u015ft\u0131\u011f\u0131 bir d\u00f6nemde ya\u015f\u0131yoruz. Kendimizi, toplumu ve ya\u015fad\u0131\u011f\u0131m\u0131z d\u00fcnyay\u0131 nas\u0131l tan\u0131mlad\u0131\u011f\u0131m\u0131zdan, ili\u015fkilerimizin do\u011fas\u0131na kadar verili kabul etti\u011fimiz bir\u00e7ok kavram\u0131n toplumdaki kar\u015f\u0131l\u0131\u011f\u0131n\u0131n de\u011fi\u015fti\u011fini sezebiliyoruz. Bulundu\u011fumuz yerde toplumun neresinde durdu\u011fumuzu anlamak gittik\u00e7e zorla\u015f\u0131yor. Klasik siyasetin ara\u00e7lar\u0131 ve tan\u0131mlar\u0131 g\u00fcn\u00fc a\u00e7\u0131klamakta bazen yetersiz kalabiliyor. Politik olma ya da olmama konusunda karar vermek i\u00e7in politikan\u0131n [&hellip;]","thumbnail_url":"http:\/\/www.kolayidare.com\/k_i\/haberresim\/siyaset.jpg"}