{"version":"1.0","provider_name":"narteks.net","provider_url":"https:\/\/narteks.net","author_name":"Tar\u0131k","author_url":"https:\/\/narteks.net\/index.php\/author\/narbak\/","title":"\u00dctopya iyi bir kavram de\u011fildir | Gilles Deleuze","type":"rich","width":600,"height":338,"html":"<blockquote class=\"wp-embedded-content\" data-secret=\"4SCI4kDaHt\"><a href=\"https:\/\/narteks.net\/index.php\/2010\/01\/06\/utopya-iyi-bir-kavram-degildir-gilles-deleuze\/\">\u00dctopya iyi bir kavram de\u011fildir | Gilles Deleuze<\/a><\/blockquote><iframe sandbox=\"allow-scripts\" security=\"restricted\" src=\"https:\/\/narteks.net\/index.php\/2010\/01\/06\/utopya-iyi-bir-kavram-degildir-gilles-deleuze\/embed\/#?secret=4SCI4kDaHt\" width=\"600\" height=\"338\" title=\"&#8220;\u00dctopya iyi bir kavram de\u011fildir | Gilles Deleuze&#8221; &#8212; narteks.net\" data-secret=\"4SCI4kDaHt\" frameborder=\"0\" marginwidth=\"0\" marginheight=\"0\" scrolling=\"no\" class=\"wp-embedded-content\"><\/iframe><script type=\"text\/javascript\">\n\/* <![CDATA[ *\/\n\/*! This file is auto-generated *\/\n!function(d,l){\"use strict\";l.querySelector&&d.addEventListener&&\"undefined\"!=typeof URL&&(d.wp=d.wp||{},d.wp.receiveEmbedMessage||(d.wp.receiveEmbedMessage=function(e){var t=e.data;if((t||t.secret||t.message||t.value)&&!\/[^a-zA-Z0-9]\/.test(t.secret)){for(var s,r,n,a=l.querySelectorAll('iframe[data-secret=\"'+t.secret+'\"]'),o=l.querySelectorAll('blockquote[data-secret=\"'+t.secret+'\"]'),c=new RegExp(\"^https?:$\",\"i\"),i=0;i<o.length;i++)o[i].style.display=\"none\";for(i=0;i<a.length;i++)s=a[i],e.source===s.contentWindow&&(s.removeAttribute(\"style\"),\"height\"===t.message?(1e3<(r=parseInt(t.value,10))?r=1e3:~~r<200&&(r=200),s.height=r):\"link\"===t.message&&(r=new URL(s.getAttribute(\"src\")),n=new URL(t.value),c.test(n.protocol))&&n.host===r.host&&l.activeElement===s&&(d.top.location.href=t.value))}},d.addEventListener(\"message\",d.wp.receiveEmbedMessage,!1),l.addEventListener(\"DOMContentLoaded\",function(){for(var e,t,s=l.querySelectorAll(\"iframe.wp-embedded-content\"),r=0;r<s.length;r++)(t=(e=s[r]).getAttribute(\"data-secret\"))||(t=Math.random().toString(36).substring(2,12),e.src+=\"#?secret=\"+t,e.setAttribute(\"data-secret\",t)),e.contentWindow.postMessage({message:\"ready\",secret:t},\"*\")},!1)))}(window,document);\n\/\/# sourceURL=https:\/\/narteks.net\/wp-includes\/js\/wp-embed.min.js\n\/* ]]> *\/\n<\/script>\n","description":"\u00c7\u00fcnk\u00fc Tarihe kar\u015f\u0131 \u00e7\u0131kt\u0131\u011f\u0131nda bile, h\u00e2l\u00e2 ona g\u00f6ndermede bulunur ve bir \u00fclk\u00fc ya da bir g\u00fcd\u00fcleyici olarak kendisini tarihe kaydeder. Ama haline-geli\u015f bizatihi kavramd\u0131r. Tarihin i\u00e7inde do\u011far ve oraya d\u00fc\u015fer, ne ki tarihin i\u00e7inde de\u011fildir. Onun, kendili\u011finde bir ba\u015flang\u0131c\u0131 ya da sonu yoktur, yaln\u0131zca bir ortas\u0131 vard\u0131r. Bu nedenle tarihsel olmaktan \u00e7ok co\u011frafyasald\u0131r o. Devrimler [&hellip;]","thumbnail_url":"https:\/\/narteks.net\/wp-content\/uploads\/narteks.png","thumbnail_width":300,"thumbnail_height":90}