{"version":"1.0","provider_name":"narteks.net","provider_url":"https:\/\/narteks.net","author_name":"Tar\u0131k","author_url":"https:\/\/narteks.net\/index.php\/author\/narbak\/","title":"\u00d6l\u00fcm\u00fcn\u00fcn 20. y\u0131l\u0131nda bir Ankara prensi: Cemal S\u00fcreya","type":"rich","width":600,"height":338,"html":"<blockquote class=\"wp-embedded-content\" data-secret=\"tdHNCLx2W5\"><a href=\"https:\/\/narteks.net\/index.php\/2010\/01\/07\/olumunun-20-yilinda-bir-ankara-prensi-cemal-sureya\/\">\u00d6l\u00fcm\u00fcn\u00fcn 20. y\u0131l\u0131nda bir Ankara prensi: Cemal S\u00fcreya<\/a><\/blockquote><iframe sandbox=\"allow-scripts\" security=\"restricted\" src=\"https:\/\/narteks.net\/index.php\/2010\/01\/07\/olumunun-20-yilinda-bir-ankara-prensi-cemal-sureya\/embed\/#?secret=tdHNCLx2W5\" width=\"600\" height=\"338\" title=\"&#8220;\u00d6l\u00fcm\u00fcn\u00fcn 20. y\u0131l\u0131nda bir Ankara prensi: Cemal S\u00fcreya&#8221; &#8212; narteks.net\" data-secret=\"tdHNCLx2W5\" frameborder=\"0\" marginwidth=\"0\" marginheight=\"0\" scrolling=\"no\" class=\"wp-embedded-content\"><\/iframe><script type=\"text\/javascript\">\n\/* <![CDATA[ *\/\n\/*! This file is auto-generated *\/\n!function(d,l){\"use strict\";l.querySelector&&d.addEventListener&&\"undefined\"!=typeof URL&&(d.wp=d.wp||{},d.wp.receiveEmbedMessage||(d.wp.receiveEmbedMessage=function(e){var t=e.data;if((t||t.secret||t.message||t.value)&&!\/[^a-zA-Z0-9]\/.test(t.secret)){for(var s,r,n,a=l.querySelectorAll('iframe[data-secret=\"'+t.secret+'\"]'),o=l.querySelectorAll('blockquote[data-secret=\"'+t.secret+'\"]'),c=new RegExp(\"^https?:$\",\"i\"),i=0;i<o.length;i++)o[i].style.display=\"none\";for(i=0;i<a.length;i++)s=a[i],e.source===s.contentWindow&&(s.removeAttribute(\"style\"),\"height\"===t.message?(1e3<(r=parseInt(t.value,10))?r=1e3:~~r<200&&(r=200),s.height=r):\"link\"===t.message&&(r=new URL(s.getAttribute(\"src\")),n=new URL(t.value),c.test(n.protocol))&&n.host===r.host&&l.activeElement===s&&(d.top.location.href=t.value))}},d.addEventListener(\"message\",d.wp.receiveEmbedMessage,!1),l.addEventListener(\"DOMContentLoaded\",function(){for(var e,t,s=l.querySelectorAll(\"iframe.wp-embedded-content\"),r=0;r<s.length;r++)(t=(e=s[r]).getAttribute(\"data-secret\"))||(t=Math.random().toString(36).substring(2,12),e.src+=\"#?secret=\"+t,e.setAttribute(\"data-secret\",t)),e.contentWindow.postMessage({message:\"ready\",secret:t},\"*\")},!1)))}(window,document);\n\/\/# sourceURL=https:\/\/narteks.net\/wp-includes\/js\/wp-embed.min.js\n\/* ]]> *\/\n<\/script>\n","description":"Cemal S\u00fcreya&#8217;n\u0131n \u00f6l\u00fcm\u00fc \u00fczerinden 20 y\u0131l ge\u00e7mesi, zaman\u0131n g\u00f6rece oldu\u011funu d\u00fc\u015f\u00fcnd\u00fcr\u00fcyor. \u015eiirleriyle, yaz\u0131lar\u0131yla g\u00fcncelli\u011fini korudu\u011fu i\u00e7in \u00f6l\u00fcm\u00fc yad\u0131rgan\u0131yor. Yirmi y\u0131lda onar y\u0131ll\u0131k iki ku\u015fak de\u011fi\u015fti. Bu ku\u015faklar\u0131 bile etkileyen bir \u00f6zelli\u011fi olmas\u0131, onun g\u00fcncelli\u011fini s\u00fcrd\u00fcrmesi anlam\u0131na gelir.Ya\u015farken kendini \u00f6nemsetmeye \u00e7al\u0131\u015fan ozanlar\u0131n unutulmu\u015flu\u011funa bak\u0131p, Cemal S\u00fcreya&#8217;y\u0131 canl\u0131 k\u0131lan \u00f6zelliklerin neler oldu\u011funu anlamaya \u00e7al\u0131\u015fal\u0131m. \u00d6nce &#8216;\u0130kinci Yeni&#8217;nin [&hellip;]","thumbnail_url":"http:\/\/www.cumhuriyet.com.tr\/medya.php?mn=39076"}