{"version":"1.0","provider_name":"narteks.net","provider_url":"https:\/\/narteks.net","author_name":"Tar\u0131k","author_url":"https:\/\/narteks.net\/index.php\/author\/narbak\/","title":"Y\u0131l\u0131n olay\u0131: ARD\u0130, insan evrimini alt\u00fcst etti","type":"rich","width":600,"height":338,"html":"<blockquote class=\"wp-embedded-content\" data-secret=\"aFzd5NcFgx\"><a href=\"https:\/\/narteks.net\/index.php\/2010\/01\/07\/yilin-olayi-ardi-insan-evrimini-altust-etti\/\">Y\u0131l\u0131n olay\u0131: ARD\u0130, insan evrimini alt\u00fcst etti<\/a><\/blockquote><iframe sandbox=\"allow-scripts\" security=\"restricted\" src=\"https:\/\/narteks.net\/index.php\/2010\/01\/07\/yilin-olayi-ardi-insan-evrimini-altust-etti\/embed\/#?secret=aFzd5NcFgx\" width=\"600\" height=\"338\" title=\"&#8220;Y\u0131l\u0131n olay\u0131: ARD\u0130, insan evrimini alt\u00fcst etti&#8221; &#8212; narteks.net\" data-secret=\"aFzd5NcFgx\" frameborder=\"0\" marginwidth=\"0\" marginheight=\"0\" scrolling=\"no\" class=\"wp-embedded-content\"><\/iframe><script type=\"text\/javascript\">\n\/* <![CDATA[ *\/\n\/*! This file is auto-generated *\/\n!function(d,l){\"use strict\";l.querySelector&&d.addEventListener&&\"undefined\"!=typeof URL&&(d.wp=d.wp||{},d.wp.receiveEmbedMessage||(d.wp.receiveEmbedMessage=function(e){var t=e.data;if((t||t.secret||t.message||t.value)&&!\/[^a-zA-Z0-9]\/.test(t.secret)){for(var s,r,n,a=l.querySelectorAll('iframe[data-secret=\"'+t.secret+'\"]'),o=l.querySelectorAll('blockquote[data-secret=\"'+t.secret+'\"]'),c=new RegExp(\"^https?:$\",\"i\"),i=0;i<o.length;i++)o[i].style.display=\"none\";for(i=0;i<a.length;i++)s=a[i],e.source===s.contentWindow&&(s.removeAttribute(\"style\"),\"height\"===t.message?(1e3<(r=parseInt(t.value,10))?r=1e3:~~r<200&&(r=200),s.height=r):\"link\"===t.message&&(r=new URL(s.getAttribute(\"src\")),n=new URL(t.value),c.test(n.protocol))&&n.host===r.host&&l.activeElement===s&&(d.top.location.href=t.value))}},d.addEventListener(\"message\",d.wp.receiveEmbedMessage,!1),l.addEventListener(\"DOMContentLoaded\",function(){for(var e,t,s=l.querySelectorAll(\"iframe.wp-embedded-content\"),r=0;r<s.length;r++)(t=(e=s[r]).getAttribute(\"data-secret\"))||(t=Math.random().toString(36).substring(2,12),e.src+=\"#?secret=\"+t,e.setAttribute(\"data-secret\",t)),e.contentWindow.postMessage({message:\"ready\",secret:t},\"*\")},!1)))}(window,document);\n\/\/# sourceURL=https:\/\/narteks.net\/wp-includes\/js\/wp-embed.min.js\n\/* ]]> *\/\n<\/script>\n","description":"Erken insan evrimi konusundaki d\u00fc\u015f\u00fcncelerimizi k\u00f6k\u00fcnden de\u011fi\u015ftiren 4.4 milyon ya\u015f\u0131ndaki Ardipithecus ramidus iskeletinin 15 y\u0131ll\u0131k bir \u00e7abadan sonra yeniden yap\u0131land\u0131r\u0131lmas\u0131 2009\u2019a damgas\u0131n\u0131 vuran en \u00f6nemli bilimsel bulu\u015f olarak de\u011ferlendirildi. Bug\u00fcne dek bulunan en eski insans\u0131 iskeleti olan \u201cArdi\u201d eski akrabalar\u0131m\u0131z\u0131n neye benzedikleri konusunda beklenmedik ipu\u00e7lar\u0131 sunuyor. \u0130nsan\u0131n en eski atas\u0131 bulundu \u0130nsano\u011flunun k\u00f6kenleri konusunu derleyip [&hellip;]","thumbnail_url":"http:\/\/www.cumhuriyet.com.tr\/medya.php?mn=224"}