{"version":"1.0","provider_name":"narteks.net","provider_url":"https:\/\/narteks.net","author_name":"Tar\u0131k","author_url":"https:\/\/narteks.net\/index.php\/author\/narbak\/","title":"10. k\u0131sa-ca \u00f6\u011frenci filmleri festivali","type":"rich","width":600,"height":338,"html":"<blockquote class=\"wp-embedded-content\" data-secret=\"T0zhlKporC\"><a href=\"https:\/\/narteks.net\/index.php\/2010\/01\/11\/10-ksa-ca-oerenci-filmleri-festivali\/\">10. k\u0131sa-ca \u00f6\u011frenci filmleri festivali<\/a><\/blockquote><iframe sandbox=\"allow-scripts\" security=\"restricted\" src=\"https:\/\/narteks.net\/index.php\/2010\/01\/11\/10-ksa-ca-oerenci-filmleri-festivali\/embed\/#?secret=T0zhlKporC\" width=\"600\" height=\"338\" title=\"&#8220;10. k\u0131sa-ca \u00f6\u011frenci filmleri festivali&#8221; &#8212; narteks.net\" data-secret=\"T0zhlKporC\" frameborder=\"0\" marginwidth=\"0\" marginheight=\"0\" scrolling=\"no\" class=\"wp-embedded-content\"><\/iframe><script type=\"text\/javascript\">\n\/* <![CDATA[ *\/\n\/*! This file is auto-generated *\/\n!function(d,l){\"use strict\";l.querySelector&&d.addEventListener&&\"undefined\"!=typeof URL&&(d.wp=d.wp||{},d.wp.receiveEmbedMessage||(d.wp.receiveEmbedMessage=function(e){var t=e.data;if((t||t.secret||t.message||t.value)&&!\/[^a-zA-Z0-9]\/.test(t.secret)){for(var s,r,n,a=l.querySelectorAll('iframe[data-secret=\"'+t.secret+'\"]'),o=l.querySelectorAll('blockquote[data-secret=\"'+t.secret+'\"]'),c=new RegExp(\"^https?:$\",\"i\"),i=0;i<o.length;i++)o[i].style.display=\"none\";for(i=0;i<a.length;i++)s=a[i],e.source===s.contentWindow&&(s.removeAttribute(\"style\"),\"height\"===t.message?(1e3<(r=parseInt(t.value,10))?r=1e3:~~r<200&&(r=200),s.height=r):\"link\"===t.message&&(r=new URL(s.getAttribute(\"src\")),n=new URL(t.value),c.test(n.protocol))&&n.host===r.host&&l.activeElement===s&&(d.top.location.href=t.value))}},d.addEventListener(\"message\",d.wp.receiveEmbedMessage,!1),l.addEventListener(\"DOMContentLoaded\",function(){for(var e,t,s=l.querySelectorAll(\"iframe.wp-embedded-content\"),r=0;r<s.length;r++)(t=(e=s[r]).getAttribute(\"data-secret\"))||(t=Math.random().toString(36).substring(2,12),e.src+=\"#?secret=\"+t,e.setAttribute(\"data-secret\",t)),e.contentWindow.postMessage({message:\"ready\",secret:t},\"*\")},!1)))}(window,document);\n\/\/# sourceURL=https:\/\/narteks.net\/wp-includes\/js\/wp-embed.min.js\n\/* ]]> *\/\n<\/script>\n","description":"10. k\u0131sa-ca \u00f6\u011frenci filmleri festivali 10. k\u0131sa-ca \u00f6\u011frenci filmleri festivali, 31 mart-3 nisan 2010 tarihleri aras\u0131nda konya s\u00fcleyman demirel k\u00fclt\u00fcr merkezi&#8217;nde d\u00fczenlenecek. konya sel\u00e7uk \u00fcniversitesi ileti\u015fim fak\u00fcltesi taraf\u0131ndan d\u00fczenlenen k\u0131sa-ca \u00f6\u011frenci filmleri festivali j\u00fcri \u00f6zel \u00f6d\u00fcl\u00fc, kurmaca-belgesel ve deneysel dallar\u0131ndaki \u00f6d\u00fclleri ile iki de \u015feref \u00f6d\u00fcl\u00fc verecek. festivalde son kat\u0131l\u0131m tarihi ise 10 mart 2010.","thumbnail_url":"http:\/\/4.bp.blogspot.com\/_J0HioPqoesU\/S0jq6GzJkPI\/AAAAAAAAB-4\/58WXQyrnvLU\/s320\/hgfhgf.JPG"}