{"version":"1.0","provider_name":"narteks.net","provider_url":"https:\/\/narteks.net","author_name":"Tar\u0131k","author_url":"https:\/\/narteks.net\/index.php\/author\/narbak\/","title":"5. uluslararas\u0131 i\u015f\u00e7i filmleri festivali","type":"rich","width":600,"height":338,"html":"<blockquote class=\"wp-embedded-content\" data-secret=\"FejdV0X3nl\"><a href=\"https:\/\/narteks.net\/index.php\/2010\/01\/11\/5-uluslararas-ici-filmleri-festivali\/\">5. uluslararas\u0131 i\u015f\u00e7i filmleri festivali<\/a><\/blockquote><iframe sandbox=\"allow-scripts\" security=\"restricted\" src=\"https:\/\/narteks.net\/index.php\/2010\/01\/11\/5-uluslararas-ici-filmleri-festivali\/embed\/#?secret=FejdV0X3nl\" width=\"600\" height=\"338\" title=\"&#8220;5. uluslararas\u0131 i\u015f\u00e7i filmleri festivali&#8221; &#8212; narteks.net\" data-secret=\"FejdV0X3nl\" frameborder=\"0\" marginwidth=\"0\" marginheight=\"0\" scrolling=\"no\" class=\"wp-embedded-content\"><\/iframe><script type=\"text\/javascript\">\n\/* <![CDATA[ *\/\n\/*! This file is auto-generated *\/\n!function(d,l){\"use strict\";l.querySelector&&d.addEventListener&&\"undefined\"!=typeof URL&&(d.wp=d.wp||{},d.wp.receiveEmbedMessage||(d.wp.receiveEmbedMessage=function(e){var t=e.data;if((t||t.secret||t.message||t.value)&&!\/[^a-zA-Z0-9]\/.test(t.secret)){for(var s,r,n,a=l.querySelectorAll('iframe[data-secret=\"'+t.secret+'\"]'),o=l.querySelectorAll('blockquote[data-secret=\"'+t.secret+'\"]'),c=new RegExp(\"^https?:$\",\"i\"),i=0;i<o.length;i++)o[i].style.display=\"none\";for(i=0;i<a.length;i++)s=a[i],e.source===s.contentWindow&&(s.removeAttribute(\"style\"),\"height\"===t.message?(1e3<(r=parseInt(t.value,10))?r=1e3:~~r<200&&(r=200),s.height=r):\"link\"===t.message&&(r=new URL(s.getAttribute(\"src\")),n=new URL(t.value),c.test(n.protocol))&&n.host===r.host&&l.activeElement===s&&(d.top.location.href=t.value))}},d.addEventListener(\"message\",d.wp.receiveEmbedMessage,!1),l.addEventListener(\"DOMContentLoaded\",function(){for(var e,t,s=l.querySelectorAll(\"iframe.wp-embedded-content\"),r=0;r<s.length;r++)(t=(e=s[r]).getAttribute(\"data-secret\"))||(t=Math.random().toString(36).substring(2,12),e.src+=\"#?secret=\"+t,e.setAttribute(\"data-secret\",t)),e.contentWindow.postMessage({message:\"ready\",secret:t},\"*\")},!1)))}(window,document);\n\/\/# sourceURL=https:\/\/narteks.net\/wp-includes\/js\/wp-embed.min.js\n\/* ]]> *\/\n<\/script>\n","description":"5. uluslararas\u0131 i\u015f\u00e7i filmleri festivali 5. uluslararas\u0131 i\u015f\u00e7i filmleri festivali, 1-7 may\u0131s 2010 tarihleri aras\u0131nda istanbul, ankara ve izmir&#8217;de e\u015f zamanl\u0131 olarak ba\u015flayacak. temel amac\u0131 t\u00fcrkiye ve d\u00fcnyadan emek\u00e7ilerin ya\u015famlar\u0131n\u0131 ve m\u00fccadele deneyimlerini izleyicilerle bulu\u015fturmak olan festivalin biletleri \u00fccretsiz. festival kapsam\u0131nda herhangi bir yar\u0131\u015fma yap\u0131lm\u0131yor ve filmler t\u00fcrkiyenin en b\u00fcy\u00fck 15 ilinde seyredilebilme \u00f6zelli\u011fi ta\u015f\u0131yor. [&hellip;]","thumbnail_url":"http:\/\/2.bp.blogspot.com\/_J0HioPqoesU\/SrNt53nVDcI\/AAAAAAAABnQ\/7SGKExMpjf0\/s320\/fdsfds.bmp"}