{"version":"1.0","provider_name":"narteks.net","provider_url":"https:\/\/narteks.net","author_name":"Tar\u0131k","author_url":"https:\/\/narteks.net\/index.php\/author\/narbak\/","title":"Kazanc\u0131 Bedih ve Urfa m\u00fczik k\u00fclt\u00fcr\u00fc","type":"rich","width":600,"height":338,"html":"<blockquote class=\"wp-embedded-content\" data-secret=\"gRjPUWcO4E\"><a href=\"https:\/\/narteks.net\/index.php\/2010\/01\/13\/kazanci-bedih-ve-urfa-muzik-kulturu\/\">Kazanc\u0131 Bedih ve Urfa m\u00fczik k\u00fclt\u00fcr\u00fc<\/a><\/blockquote><iframe sandbox=\"allow-scripts\" security=\"restricted\" src=\"https:\/\/narteks.net\/index.php\/2010\/01\/13\/kazanci-bedih-ve-urfa-muzik-kulturu\/embed\/#?secret=gRjPUWcO4E\" width=\"600\" height=\"338\" title=\"&#8220;Kazanc\u0131 Bedih ve Urfa m\u00fczik k\u00fclt\u00fcr\u00fc&#8221; &#8212; narteks.net\" data-secret=\"gRjPUWcO4E\" frameborder=\"0\" marginwidth=\"0\" marginheight=\"0\" scrolling=\"no\" class=\"wp-embedded-content\"><\/iframe><script type=\"text\/javascript\">\n\/* <![CDATA[ *\/\n\/*! This file is auto-generated *\/\n!function(d,l){\"use strict\";l.querySelector&&d.addEventListener&&\"undefined\"!=typeof URL&&(d.wp=d.wp||{},d.wp.receiveEmbedMessage||(d.wp.receiveEmbedMessage=function(e){var t=e.data;if((t||t.secret||t.message||t.value)&&!\/[^a-zA-Z0-9]\/.test(t.secret)){for(var s,r,n,a=l.querySelectorAll('iframe[data-secret=\"'+t.secret+'\"]'),o=l.querySelectorAll('blockquote[data-secret=\"'+t.secret+'\"]'),c=new RegExp(\"^https?:$\",\"i\"),i=0;i<o.length;i++)o[i].style.display=\"none\";for(i=0;i<a.length;i++)s=a[i],e.source===s.contentWindow&&(s.removeAttribute(\"style\"),\"height\"===t.message?(1e3<(r=parseInt(t.value,10))?r=1e3:~~r<200&&(r=200),s.height=r):\"link\"===t.message&&(r=new URL(s.getAttribute(\"src\")),n=new URL(t.value),c.test(n.protocol))&&n.host===r.host&&l.activeElement===s&&(d.top.location.href=t.value))}},d.addEventListener(\"message\",d.wp.receiveEmbedMessage,!1),l.addEventListener(\"DOMContentLoaded\",function(){for(var e,t,s=l.querySelectorAll(\"iframe.wp-embedded-content\"),r=0;r<s.length;r++)(t=(e=s[r]).getAttribute(\"data-secret\"))||(t=Math.random().toString(36).substring(2,12),e.src+=\"#?secret=\"+t,e.setAttribute(\"data-secret\",t)),e.contentWindow.postMessage({message:\"ready\",secret:t},\"*\")},!1)))}(window,document);\n\/\/# sourceURL=https:\/\/narteks.net\/wp-includes\/js\/wp-embed.min.js\n\/* ]]> *\/\n<\/script>\n","description":"\u0130nsanl\u0131k tarihi ile ya\u015f\u0131t olan m\u00fczik; \u0131rk\u0131, dini, dili, inanc\u0131, topra\u011f\u0131 ve bayra\u011f\u0131 ayr\u0131 insanlar\u0131 ayn\u0131 ezgide birle\u015ftirecek, bir araya getirecek bir g\u00fcce sahiptir. G\u00fcn\u00fcm\u00fcze gelinceye kadar \u00e7e\u015fitli seyirler ve geli\u015fmeler kaydeden m\u00fczik, toplumla etkile\u015fip b\u00fct\u00fcnle\u015fen sanatlar\u0131n ba\u015f\u0131nda yer alm\u0131\u015ft\u0131r. Duygu ve d\u00fc\u015f\u00fcncelerin ses, s\u00f6z ve ezgilerle anlat\u0131ld\u0131\u011f\u0131 bir ileti\u015fim arac\u0131 olan m\u00fczik, ayn\u0131 zamanda [&hellip;]","thumbnail_url":"https:\/\/narteks.net\/wp-content\/uploads\/narteks.png","thumbnail_width":300,"thumbnail_height":90}