{"version":"1.0","provider_name":"narteks.net","provider_url":"https:\/\/narteks.net","author_name":"Tar\u0131k","author_url":"https:\/\/narteks.net\/index.php\/author\/narbak\/","title":"Ki\u015filik ve Toplumsal S\u00fcre\u00e7 - Erich Fromm","type":"rich","width":600,"height":338,"html":"<blockquote class=\"wp-embedded-content\" data-secret=\"4at4LdzHSh\"><a href=\"https:\/\/narteks.net\/index.php\/2010\/01\/17\/kisilik-ve-toplumsal-surec-erich-fromm\/\">Ki\u015filik ve Toplumsal S\u00fcre\u00e7 &#8211; Erich Fromm<\/a><\/blockquote><iframe sandbox=\"allow-scripts\" security=\"restricted\" src=\"https:\/\/narteks.net\/index.php\/2010\/01\/17\/kisilik-ve-toplumsal-surec-erich-fromm\/embed\/#?secret=4at4LdzHSh\" width=\"600\" height=\"338\" title=\"&#8220;Ki\u015filik ve Toplumsal S\u00fcre\u00e7 &#8211; Erich Fromm&#8221; &#8212; narteks.net\" data-secret=\"4at4LdzHSh\" frameborder=\"0\" marginwidth=\"0\" marginheight=\"0\" scrolling=\"no\" class=\"wp-embedded-content\"><\/iframe><script type=\"text\/javascript\">\n\/* <![CDATA[ *\/\n\/*! This file is auto-generated *\/\n!function(d,l){\"use strict\";l.querySelector&&d.addEventListener&&\"undefined\"!=typeof URL&&(d.wp=d.wp||{},d.wp.receiveEmbedMessage||(d.wp.receiveEmbedMessage=function(e){var t=e.data;if((t||t.secret||t.message||t.value)&&!\/[^a-zA-Z0-9]\/.test(t.secret)){for(var s,r,n,a=l.querySelectorAll('iframe[data-secret=\"'+t.secret+'\"]'),o=l.querySelectorAll('blockquote[data-secret=\"'+t.secret+'\"]'),c=new RegExp(\"^https?:$\",\"i\"),i=0;i<o.length;i++)o[i].style.display=\"none\";for(i=0;i<a.length;i++)s=a[i],e.source===s.contentWindow&&(s.removeAttribute(\"style\"),\"height\"===t.message?(1e3<(r=parseInt(t.value,10))?r=1e3:~~r<200&&(r=200),s.height=r):\"link\"===t.message&&(r=new URL(s.getAttribute(\"src\")),n=new URL(t.value),c.test(n.protocol))&&n.host===r.host&&l.activeElement===s&&(d.top.location.href=t.value))}},d.addEventListener(\"message\",d.wp.receiveEmbedMessage,!1),l.addEventListener(\"DOMContentLoaded\",function(){for(var e,t,s=l.querySelectorAll(\"iframe.wp-embedded-content\"),r=0;r<s.length;r++)(t=(e=s[r]).getAttribute(\"data-secret\"))||(t=Math.random().toString(36).substring(2,12),e.src+=\"#?secret=\"+t,e.setAttribute(\"data-secret\",t)),e.contentWindow.postMessage({message:\"ready\",secret:t},\"*\")},!1)))}(window,document);\n\/\/# sourceURL=https:\/\/narteks.net\/wp-includes\/js\/wp-embed.min.js\n\/* ]]> *\/\n<\/script>\n","description":"Bir toplumsal grubun psikolojik tepkilerini incelerken, grup \u00fcyelerinin, yani tek tek bireylerin ki\u015filik yap\u0131s\u0131n\u0131 ele al\u0131yoruz; ancak, bu ki\u015fileri birbirinden ay\u0131ran kendilerine \u00f6zg\u00fc \u00f6zellikler de\u011fil, ki\u015filik yap\u0131lar\u0131nda, grubun \u00e7o\u011fu \u00fcyeleriyle ortak olan \u00f6zellikleri bizi ilgilendiriyor. Bu ki\u015fili\u011fe, toplumsal ki\u015filik diyebiliriz. Toplumsal ki\u015filik, do\u011fas\u0131 gere\u011fi, bireysel ki\u015filik kadar \u00f6zg\u00fcl de\u011fildir. Bireysel ki\u015fili\u011fi tan\u0131mlarken, kendilerine \u00f6zg\u00fc bir [&hellip;]","thumbnail_url":"https:\/\/narteks.net\/wp-content\/uploads\/narteks.png","thumbnail_width":300,"thumbnail_height":90}