{"version":"1.0","provider_name":"narteks.net","provider_url":"https:\/\/narteks.net","author_name":"Tar\u0131k","author_url":"https:\/\/narteks.net\/index.php\/author\/narbak\/","title":"Bertolt Brecht\u2019in sanat ve edebiyat anlay\u0131\u015f\u0131 (1)","type":"rich","width":600,"height":338,"html":"<blockquote class=\"wp-embedded-content\" data-secret=\"VUSMzjrFbU\"><a href=\"https:\/\/narteks.net\/index.php\/2010\/01\/28\/bertolt-brechtin-sanat-ve-edebiyat-anlayisi-1\/\">Bertolt Brecht\u2019in sanat ve edebiyat anlay\u0131\u015f\u0131 (1)<\/a><\/blockquote><iframe sandbox=\"allow-scripts\" security=\"restricted\" src=\"https:\/\/narteks.net\/index.php\/2010\/01\/28\/bertolt-brechtin-sanat-ve-edebiyat-anlayisi-1\/embed\/#?secret=VUSMzjrFbU\" width=\"600\" height=\"338\" title=\"&#8220;Bertolt Brecht\u2019in sanat ve edebiyat anlay\u0131\u015f\u0131 (1)&#8221; &#8212; narteks.net\" data-secret=\"VUSMzjrFbU\" frameborder=\"0\" marginwidth=\"0\" marginheight=\"0\" scrolling=\"no\" class=\"wp-embedded-content\"><\/iframe><script type=\"text\/javascript\">\n\/* <![CDATA[ *\/\n\/*! This file is auto-generated *\/\n!function(d,l){\"use strict\";l.querySelector&&d.addEventListener&&\"undefined\"!=typeof URL&&(d.wp=d.wp||{},d.wp.receiveEmbedMessage||(d.wp.receiveEmbedMessage=function(e){var t=e.data;if((t||t.secret||t.message||t.value)&&!\/[^a-zA-Z0-9]\/.test(t.secret)){for(var s,r,n,a=l.querySelectorAll('iframe[data-secret=\"'+t.secret+'\"]'),o=l.querySelectorAll('blockquote[data-secret=\"'+t.secret+'\"]'),c=new RegExp(\"^https?:$\",\"i\"),i=0;i<o.length;i++)o[i].style.display=\"none\";for(i=0;i<a.length;i++)s=a[i],e.source===s.contentWindow&&(s.removeAttribute(\"style\"),\"height\"===t.message?(1e3<(r=parseInt(t.value,10))?r=1e3:~~r<200&&(r=200),s.height=r):\"link\"===t.message&&(r=new URL(s.getAttribute(\"src\")),n=new URL(t.value),c.test(n.protocol))&&n.host===r.host&&l.activeElement===s&&(d.top.location.href=t.value))}},d.addEventListener(\"message\",d.wp.receiveEmbedMessage,!1),l.addEventListener(\"DOMContentLoaded\",function(){for(var e,t,s=l.querySelectorAll(\"iframe.wp-embedded-content\"),r=0;r<s.length;r++)(t=(e=s[r]).getAttribute(\"data-secret\"))||(t=Math.random().toString(36).substring(2,12),e.src+=\"#?secret=\"+t,e.setAttribute(\"data-secret\",t)),e.contentWindow.postMessage({message:\"ready\",secret:t},\"*\")},!1)))}(window,document);\n\/\/# sourceURL=https:\/\/narteks.net\/wp-includes\/js\/wp-embed.min.js\n\/* ]]> *\/\n<\/script>\n","description":"Brecht\u2019in sanat ve edebiyata ili\u015fkin g\u00f6r\u00fc\u015fleri, \u00e7e\u015fitli makalelerinin ve notlar\u0131n\u0131n topland\u0131\u011f\u0131 \u201cEdebiyat ve Sanat Yaz\u0131lar\u0131\u201dnda ve g\u00f6r\u00fc\u015flerini netle\u015ftirmenin de bir arac\u0131 olarak tuttu\u011fu \u201c\u00c7al\u0131\u015fma G\u00fcnl\u00fckleri\u201dnde yeralmaktad\u0131r. \u00d6zelde \u00c7al\u0131\u015fma G\u00fcnl\u00fckleri Brecht\u2019in farkl\u0131 ilgi alanlar\u0131n\u0131, \u00e7ok y\u00f6nl\u00fcl\u00fc\u011f\u00fcn\u00fc, yeni fikir ve \u00f6nerilerinin hangi s\u00fcre\u00e7lerden ve inat\u00e7\u0131 \u00e7al\u0131\u015fmalardan ge\u00e7erek olgunla\u015ft\u0131\u011f\u0131n\u0131 g\u00f6stermesi a\u00e7\u0131s\u0131ndan \u00f6nemlidir. Bu nedenle, Brecht\u2019in sanat anlay\u0131\u015f\u0131n\u0131 de\u011ferlendirirken, [&hellip;]","thumbnail_url":"https:\/\/narteks.net\/wp-content\/uploads\/narteks.png","thumbnail_width":300,"thumbnail_height":90}