{"version":"1.0","provider_name":"narteks.net","provider_url":"https:\/\/narteks.net","author_name":"Tar\u0131k","author_url":"https:\/\/narteks.net\/index.php\/author\/narbak\/","title":"Kad\u0131nlar ve Demokrasi Gelene\u011fi (1.B\u00f6l\u00fcm) | Janet Biehl","type":"rich","width":600,"height":338,"html":"<blockquote class=\"wp-embedded-content\" data-secret=\"I4UeBS6VbX\"><a href=\"https:\/\/narteks.net\/index.php\/2010\/02\/01\/kadnlar-ve-demokrasi-gelenei-1boeluem-janet-biehl\/\">Kad\u0131nlar ve Demokrasi Gelene\u011fi (1.B\u00f6l\u00fcm) | Janet Biehl<\/a><\/blockquote><iframe sandbox=\"allow-scripts\" security=\"restricted\" src=\"https:\/\/narteks.net\/index.php\/2010\/02\/01\/kadnlar-ve-demokrasi-gelenei-1boeluem-janet-biehl\/embed\/#?secret=I4UeBS6VbX\" width=\"600\" height=\"338\" title=\"&#8220;Kad\u0131nlar ve Demokrasi Gelene\u011fi (1.B\u00f6l\u00fcm) | Janet Biehl&#8221; &#8212; narteks.net\" data-secret=\"I4UeBS6VbX\" frameborder=\"0\" marginwidth=\"0\" marginheight=\"0\" scrolling=\"no\" class=\"wp-embedded-content\"><\/iframe><script type=\"text\/javascript\">\n\/* <![CDATA[ *\/\n\/*! This file is auto-generated *\/\n!function(d,l){\"use strict\";l.querySelector&&d.addEventListener&&\"undefined\"!=typeof URL&&(d.wp=d.wp||{},d.wp.receiveEmbedMessage||(d.wp.receiveEmbedMessage=function(e){var t=e.data;if((t||t.secret||t.message||t.value)&&!\/[^a-zA-Z0-9]\/.test(t.secret)){for(var s,r,n,a=l.querySelectorAll('iframe[data-secret=\"'+t.secret+'\"]'),o=l.querySelectorAll('blockquote[data-secret=\"'+t.secret+'\"]'),c=new RegExp(\"^https?:$\",\"i\"),i=0;i<o.length;i++)o[i].style.display=\"none\";for(i=0;i<a.length;i++)s=a[i],e.source===s.contentWindow&&(s.removeAttribute(\"style\"),\"height\"===t.message?(1e3<(r=parseInt(t.value,10))?r=1e3:~~r<200&&(r=200),s.height=r):\"link\"===t.message&&(r=new URL(s.getAttribute(\"src\")),n=new URL(t.value),c.test(n.protocol))&&n.host===r.host&&l.activeElement===s&&(d.top.location.href=t.value))}},d.addEventListener(\"message\",d.wp.receiveEmbedMessage,!1),l.addEventListener(\"DOMContentLoaded\",function(){for(var e,t,s=l.querySelectorAll(\"iframe.wp-embedded-content\"),r=0;r<s.length;r++)(t=(e=s[r]).getAttribute(\"data-secret\"))||(t=Math.random().toString(36).substring(2,12),e.src+=\"#?secret=\"+t,e.setAttribute(\"data-secret\",t)),e.contentWindow.postMessage({message:\"ready\",secret:t},\"*\")},!1)))}(window,document);\n\/\/# sourceURL=https:\/\/narteks.net\/wp-includes\/js\/wp-embed.min.js\n\/* ]]> *\/\n<\/script>\n","description":"Pek \u00e7ok gelenekte oldu\u011fu gibi Bat\u0131 demokrasi gelene\u011fi de hi\u00e7 bir zaman kat\u0131\u015f\u0131ks\u0131z bir olgu olmam\u0131\u015ft\u0131r. Tarihsel olarak, demokratik kat\u0131l\u0131m ve yurtta\u015fl\u0131k genelde k\u00fc\u00e7\u00fck bir az\u0131nl\u0131\u011f\u0131n ayr\u0131cal\u0131\u011f\u0131 olagelmi\u015ftir. Ancak demokrasi gelene\u011fi bir b\u00fct\u00fcn olarak ele al\u0131nd\u0131\u011f\u0131nda, Ernst Bloch&#8217;un &#8220;umut ilkesi&#8221; -insan ayd\u0131nlanmas\u0131nda bir par\u0131lt\u0131-dedi\u011fi \u015feyin bir par\u00e7as\u0131 ve radikal toplumsal de\u011fi\u015fim d\u00f6nemlerinde s\u0131k\u00e7a \u00f6zg\u00fcrl\u00fc\u011f\u00fcn ve [&hellip;]","thumbnail_url":"http:\/\/wpcontent.answers.com\/wikipedia\/commons\/8\/8f\/Biehl.jpg"}