{"version":"1.0","provider_name":"narteks.net","provider_url":"https:\/\/narteks.net","author_name":"Tar\u0131k","author_url":"https:\/\/narteks.net\/index.php\/author\/narbak\/","title":"Orhan Ko\u00e7ak'la Ele\u015ftiri \u00fczerine bir S\u00f6yle\u015fi","type":"rich","width":600,"height":338,"html":"<blockquote class=\"wp-embedded-content\" data-secret=\"WVHIIpQrNF\"><a href=\"https:\/\/narteks.net\/index.php\/2010\/02\/01\/orhan-kocakla-elestiri-uzerine-bir-soylesi\/\">Orhan Ko\u00e7ak&#8217;la Ele\u015ftiri \u00fczerine bir S\u00f6yle\u015fi<\/a><\/blockquote><iframe sandbox=\"allow-scripts\" security=\"restricted\" src=\"https:\/\/narteks.net\/index.php\/2010\/02\/01\/orhan-kocakla-elestiri-uzerine-bir-soylesi\/embed\/#?secret=WVHIIpQrNF\" width=\"600\" height=\"338\" title=\"&#8220;Orhan Ko\u00e7ak&#8217;la Ele\u015ftiri \u00fczerine bir S\u00f6yle\u015fi&#8221; &#8212; narteks.net\" data-secret=\"WVHIIpQrNF\" frameborder=\"0\" marginwidth=\"0\" marginheight=\"0\" scrolling=\"no\" class=\"wp-embedded-content\"><\/iframe><script type=\"text\/javascript\">\n\/* <![CDATA[ *\/\n\/*! This file is auto-generated *\/\n!function(d,l){\"use strict\";l.querySelector&&d.addEventListener&&\"undefined\"!=typeof URL&&(d.wp=d.wp||{},d.wp.receiveEmbedMessage||(d.wp.receiveEmbedMessage=function(e){var t=e.data;if((t||t.secret||t.message||t.value)&&!\/[^a-zA-Z0-9]\/.test(t.secret)){for(var s,r,n,a=l.querySelectorAll('iframe[data-secret=\"'+t.secret+'\"]'),o=l.querySelectorAll('blockquote[data-secret=\"'+t.secret+'\"]'),c=new RegExp(\"^https?:$\",\"i\"),i=0;i<o.length;i++)o[i].style.display=\"none\";for(i=0;i<a.length;i++)s=a[i],e.source===s.contentWindow&&(s.removeAttribute(\"style\"),\"height\"===t.message?(1e3<(r=parseInt(t.value,10))?r=1e3:~~r<200&&(r=200),s.height=r):\"link\"===t.message&&(r=new URL(s.getAttribute(\"src\")),n=new URL(t.value),c.test(n.protocol))&&n.host===r.host&&l.activeElement===s&&(d.top.location.href=t.value))}},d.addEventListener(\"message\",d.wp.receiveEmbedMessage,!1),l.addEventListener(\"DOMContentLoaded\",function(){for(var e,t,s=l.querySelectorAll(\"iframe.wp-embedded-content\"),r=0;r<s.length;r++)(t=(e=s[r]).getAttribute(\"data-secret\"))||(t=Math.random().toString(36).substring(2,12),e.src+=\"#?secret=\"+t,e.setAttribute(\"data-secret\",t)),e.contentWindow.postMessage({message:\"ready\",secret:t},\"*\")},!1)))}(window,document);\n\/\/# sourceURL=https:\/\/narteks.net\/wp-includes\/js\/wp-embed.min.js\n\/* ]]> *\/\n<\/script>\n","description":"Orhan Ko\u00e7ak&#8217;\u0131n yay\u0131mlanm\u0131\u015f tek kitab\u0131, edebiyatla de\u011fil resimle ilgili. Oysa kendisini resim ele\u015ftirmeni olarak d\u00fc\u015f\u00fcnmeyiz pek. Zaten resimle ilgili yaz\u0131lar\u0131, resim ele\u015ftirisinin al\u0131\u015f\u0131lm\u0131\u015f ortalamalar\u0131na uzak, kendi edebiyatla ilgili yaz\u0131lar\u0131na ise, aralar\u0131nda hi\u00e7 yad\u0131rganmayaca\u011f\u0131 kadar yak\u0131nd\u0131r. Ko\u00e7ak&#8217;\u0131n edebiyat yaz\u0131lar\u0131n\u0131 biz okurlar\u0131 dergi dergi, derleme derleme, \u00f6ns\u00f6z \u00f6ns\u00f6z bir araya getirmeye \u00e7al\u0131\u015f\u0131r\u0131z. Baz\u0131lar\u0131 kitap boyutlar\u0131na ula\u015fan \u00fcnl\u00fc [&hellip;]","thumbnail_url":"http:\/\/www.radikal.com.tr\/veriler\/ekler\/kitap\/2007\/08\/24\/alpay.gif"}