{"version":"1.0","provider_name":"narteks.net","provider_url":"https:\/\/narteks.net","author_name":"Tar\u0131k","author_url":"https:\/\/narteks.net\/index.php\/author\/narbak\/","title":"Toplumsal Varolu\u015f ve Anar\u015fist | \u00d6mer Naci Soykan","type":"rich","width":600,"height":338,"html":"<blockquote class=\"wp-embedded-content\" data-secret=\"iPN9lWQv7u\"><a href=\"https:\/\/narteks.net\/index.php\/2010\/02\/10\/toplumsal-varolus-ve-anarsist-omer-naci-soykan\/\">Toplumsal Varolu\u015f ve Anar\u015fist | \u00d6mer Naci Soykan<\/a><\/blockquote><iframe sandbox=\"allow-scripts\" security=\"restricted\" src=\"https:\/\/narteks.net\/index.php\/2010\/02\/10\/toplumsal-varolus-ve-anarsist-omer-naci-soykan\/embed\/#?secret=iPN9lWQv7u\" width=\"600\" height=\"338\" title=\"&#8220;Toplumsal Varolu\u015f ve Anar\u015fist | \u00d6mer Naci Soykan&#8221; &#8212; narteks.net\" data-secret=\"iPN9lWQv7u\" frameborder=\"0\" marginwidth=\"0\" marginheight=\"0\" scrolling=\"no\" class=\"wp-embedded-content\"><\/iframe><script type=\"text\/javascript\">\n\/* <![CDATA[ *\/\n\/*! This file is auto-generated *\/\n!function(d,l){\"use strict\";l.querySelector&&d.addEventListener&&\"undefined\"!=typeof URL&&(d.wp=d.wp||{},d.wp.receiveEmbedMessage||(d.wp.receiveEmbedMessage=function(e){var t=e.data;if((t||t.secret||t.message||t.value)&&!\/[^a-zA-Z0-9]\/.test(t.secret)){for(var s,r,n,a=l.querySelectorAll('iframe[data-secret=\"'+t.secret+'\"]'),o=l.querySelectorAll('blockquote[data-secret=\"'+t.secret+'\"]'),c=new RegExp(\"^https?:$\",\"i\"),i=0;i<o.length;i++)o[i].style.display=\"none\";for(i=0;i<a.length;i++)s=a[i],e.source===s.contentWindow&&(s.removeAttribute(\"style\"),\"height\"===t.message?(1e3<(r=parseInt(t.value,10))?r=1e3:~~r<200&&(r=200),s.height=r):\"link\"===t.message&&(r=new URL(s.getAttribute(\"src\")),n=new URL(t.value),c.test(n.protocol))&&n.host===r.host&&l.activeElement===s&&(d.top.location.href=t.value))}},d.addEventListener(\"message\",d.wp.receiveEmbedMessage,!1),l.addEventListener(\"DOMContentLoaded\",function(){for(var e,t,s=l.querySelectorAll(\"iframe.wp-embedded-content\"),r=0;r<s.length;r++)(t=(e=s[r]).getAttribute(\"data-secret\"))||(t=Math.random().toString(36).substring(2,12),e.src+=\"#?secret=\"+t,e.setAttribute(\"data-secret\",t)),e.contentWindow.postMessage({message:\"ready\",secret:t},\"*\")},!1)))}(window,document);\n\/\/# sourceURL=https:\/\/narteks.net\/wp-includes\/js\/wp-embed.min.js\n\/* ]]> *\/\n<\/script>\n","description":"&#8216;Toplumsal Varolu\u015f&#8217;. -Bu kavram\u0131, hi\u00e7bir \u00f6n temellendirme yapmaks\u0131z\u0131n kullanmaya izinli olmay\u0131 dilerim. Yaz\u0131n\u0131n sonuna gelindi\u011finde de ba\u015fkaca bir temellendirmenin istenmesine gerek kalm\u0131yaca\u011f\u0131n\u0131 umar\u0131m. Yine de ondan neyi anlad\u0131\u011f\u0131m \u0131srarla sorulacak olursa, tatmin edici olmamakla birlikte, bir iki s\u00f6z edecek durumda oldu\u011fumu bildirmek isterim: Canl\u0131lar\u0131n, \u00f6zellikle insanlar\u0131n s\u00fcrekli bir arada bulunu\u015funa, bilindi\u011fi gibi &#8216;toplum&#8217; ad\u0131 verilir. [&hellip;]","thumbnail_url":"https:\/\/narteks.net\/wp-content\/uploads\/narteks.png","thumbnail_width":300,"thumbnail_height":90}