{"version":"1.0","provider_name":"narteks.net","provider_url":"https:\/\/narteks.net","author_name":"Tar\u0131k","author_url":"https:\/\/narteks.net\/index.php\/author\/narbak\/","title":"Resim Sanat\u0131yla Felsefenin \u0130li\u015fkisi | \u00d6mer Ulu\u00e7","type":"rich","width":600,"height":338,"html":"<blockquote class=\"wp-embedded-content\" data-secret=\"C23hi4XXDu\"><a href=\"https:\/\/narteks.net\/index.php\/2010\/02\/11\/resim-sanatiyla-felsefenin-iliskisi-omer-uluc\/\">Resim Sanat\u0131yla Felsefenin \u0130li\u015fkisi | \u00d6mer Ulu\u00e7<\/a><\/blockquote><iframe sandbox=\"allow-scripts\" security=\"restricted\" src=\"https:\/\/narteks.net\/index.php\/2010\/02\/11\/resim-sanatiyla-felsefenin-iliskisi-omer-uluc\/embed\/#?secret=C23hi4XXDu\" width=\"600\" height=\"338\" title=\"&#8220;Resim Sanat\u0131yla Felsefenin \u0130li\u015fkisi | \u00d6mer Ulu\u00e7&#8221; &#8212; narteks.net\" data-secret=\"C23hi4XXDu\" frameborder=\"0\" marginwidth=\"0\" marginheight=\"0\" scrolling=\"no\" class=\"wp-embedded-content\"><\/iframe><script type=\"text\/javascript\">\n\/* <![CDATA[ *\/\n\/*! This file is auto-generated *\/\n!function(d,l){\"use strict\";l.querySelector&&d.addEventListener&&\"undefined\"!=typeof URL&&(d.wp=d.wp||{},d.wp.receiveEmbedMessage||(d.wp.receiveEmbedMessage=function(e){var t=e.data;if((t||t.secret||t.message||t.value)&&!\/[^a-zA-Z0-9]\/.test(t.secret)){for(var s,r,n,a=l.querySelectorAll('iframe[data-secret=\"'+t.secret+'\"]'),o=l.querySelectorAll('blockquote[data-secret=\"'+t.secret+'\"]'),c=new RegExp(\"^https?:$\",\"i\"),i=0;i<o.length;i++)o[i].style.display=\"none\";for(i=0;i<a.length;i++)s=a[i],e.source===s.contentWindow&&(s.removeAttribute(\"style\"),\"height\"===t.message?(1e3<(r=parseInt(t.value,10))?r=1e3:~~r<200&&(r=200),s.height=r):\"link\"===t.message&&(r=new URL(s.getAttribute(\"src\")),n=new URL(t.value),c.test(n.protocol))&&n.host===r.host&&l.activeElement===s&&(d.top.location.href=t.value))}},d.addEventListener(\"message\",d.wp.receiveEmbedMessage,!1),l.addEventListener(\"DOMContentLoaded\",function(){for(var e,t,s=l.querySelectorAll(\"iframe.wp-embedded-content\"),r=0;r<s.length;r++)(t=(e=s[r]).getAttribute(\"data-secret\"))||(t=Math.random().toString(36).substring(2,12),e.src+=\"#?secret=\"+t,e.setAttribute(\"data-secret\",t)),e.contentWindow.postMessage({message:\"ready\",secret:t},\"*\")},!1)))}(window,document);\n\/\/# sourceURL=https:\/\/narteks.net\/wp-includes\/js\/wp-embed.min.js\n\/* ]]> *\/\n<\/script>\n","description":"Sanatlar, d\u00fc\u015f\u00fcnce ve felsefe bak\u0131\u015f\u0131rlar; \u00abne oluyoruz?\u00bb \u00fczerinde temellenen ele\u015ftirel bir bak\u0131\u015f\u0131md\u0131r bu. \u00dclkemizde, \u00abbiz iyiyiz?\u00bb, \u00absiz nas\u0131ls\u0131n\u0131z?\u00bba dayanan bir durum s\u00fcr\u00fcp gidiyor. Geni\u015f anla\u015fmalar\u0131n ve s\u0131radan i\u015flerin at ko\u015fturdu\u011fu bir yerde de sanatlar, d\u00fc\u015f\u00fcnce ve felsefe aras\u0131nda bir konu\u015fma ba\u015flamal\u0131; ola\u011fan\u00fcst\u00fc ko\u015fullardan, nas\u0131l oluyor da bu kadar s\u0131radan i\u015fler \u00e7\u0131k\u0131yor? diye sorulmal\u0131d\u0131r herhalde. \u00d6nemli [&hellip;]","thumbnail_url":"https:\/\/narteks.net\/wp-content\/uploads\/narteks.png","thumbnail_width":300,"thumbnail_height":90}