{"version":"1.0","provider_name":"narteks.net","provider_url":"https:\/\/narteks.net","author_name":"Tar\u0131k","author_url":"https:\/\/narteks.net\/index.php\/author\/narbak\/","title":"\u0130nanma \u00fczerine Felsefi bir s\u00f6ylev | Ahmet \u0130NAM","type":"rich","width":600,"height":338,"html":"<blockquote class=\"wp-embedded-content\" data-secret=\"53SZic8NIk\"><a href=\"https:\/\/narteks.net\/index.php\/2010\/02\/16\/inanma-uzerine-felsefi-bir-soylev-ahmet-inam\/\">\u0130nanma \u00fczerine Felsefi bir s\u00f6ylev | Ahmet \u0130NAM<\/a><\/blockquote><iframe sandbox=\"allow-scripts\" security=\"restricted\" src=\"https:\/\/narteks.net\/index.php\/2010\/02\/16\/inanma-uzerine-felsefi-bir-soylev-ahmet-inam\/embed\/#?secret=53SZic8NIk\" width=\"600\" height=\"338\" title=\"&#8220;\u0130nanma \u00fczerine Felsefi bir s\u00f6ylev | Ahmet \u0130NAM&#8221; &#8212; narteks.net\" data-secret=\"53SZic8NIk\" frameborder=\"0\" marginwidth=\"0\" marginheight=\"0\" scrolling=\"no\" class=\"wp-embedded-content\"><\/iframe><script>\n\/*! This file is auto-generated *\/\n!function(d,l){\"use strict\";l.querySelector&&d.addEventListener&&\"undefined\"!=typeof URL&&(d.wp=d.wp||{},d.wp.receiveEmbedMessage||(d.wp.receiveEmbedMessage=function(e){var t=e.data;if((t||t.secret||t.message||t.value)&&!\/[^a-zA-Z0-9]\/.test(t.secret)){for(var s,r,n,a=l.querySelectorAll('iframe[data-secret=\"'+t.secret+'\"]'),o=l.querySelectorAll('blockquote[data-secret=\"'+t.secret+'\"]'),c=new RegExp(\"^https?:$\",\"i\"),i=0;i<o.length;i++)o[i].style.display=\"none\";for(i=0;i<a.length;i++)s=a[i],e.source===s.contentWindow&&(s.removeAttribute(\"style\"),\"height\"===t.message?(1e3<(r=parseInt(t.value,10))?r=1e3:~~r<200&&(r=200),s.height=r):\"link\"===t.message&&(r=new URL(s.getAttribute(\"src\")),n=new URL(t.value),c.test(n.protocol))&&n.host===r.host&&l.activeElement===s&&(d.top.location.href=t.value))}},d.addEventListener(\"message\",d.wp.receiveEmbedMessage,!1),l.addEventListener(\"DOMContentLoaded\",function(){for(var e,t,s=l.querySelectorAll(\"iframe.wp-embedded-content\"),r=0;r<s.length;r++)(t=(e=s[r]).getAttribute(\"data-secret\"))||(t=Math.random().toString(36).substring(2,12),e.src+=\"#?secret=\"+t,e.setAttribute(\"data-secret\",t)),e.contentWindow.postMessage({message:\"ready\",secret:t},\"*\")},!1)))}(window,document);\n\/\/# sourceURL=https:\/\/narteks.net\/wp-includes\/js\/wp-embed.min.js\n<\/script>\n","description":"\u0130nanma konusunu teoloji ile u\u011fra\u015fan insanlar kar\u015f\u0131s\u0131nda konu\u015fabilmek benim i\u00e7in olduk\u00e7a g\u00fc\u00e7, hem bu konunun uzman\u0131 olmad\u0131\u011f\u0131mdan, sadece bu konu \u00fczerinde d\u00fc\u015f\u00fcnen herhangi bir felsefeci oldu\u011fum i\u00e7in, hem de inanma konusunun \u00f6zellikle teologlar a\u00e7\u0131s\u0131ndan \u00e7ok hassas bir konu oldu\u011funu bildi\u011fimden kendimi \u015fu anda \u00e7ok zor bir problem kar\u015f\u0131s\u0131nda g\u00f6r\u00fcyorum. S\u00f6yleyeceklerim kendi g\u00f6r\u00fc\u015f\u00fcmd\u00fcr. Ben bir felsefeciyim, [&hellip;]","thumbnail_url":"http:\/\/img124.imageshack.us\/img124\/1694\/gfdfggj7cf1.png"}