{"version":"1.0","provider_name":"narteks.net","provider_url":"https:\/\/narteks.net","author_name":"Tar\u0131k","author_url":"https:\/\/narteks.net\/index.php\/author\/narbak\/","title":"Siz \u00f6l\u00fc de\u011fil misiniz? | Avc\u0131 Gracchus - Franz Kafka","type":"rich","width":600,"height":338,"html":"<blockquote class=\"wp-embedded-content\" data-secret=\"2otMMi9a6K\"><a href=\"https:\/\/narteks.net\/index.php\/2010\/02\/22\/siz-olu-degil-misiniz-avci-gracchus-franz-kafka\/\">Siz \u00f6l\u00fc de\u011fil misiniz? | Avc\u0131 Gracchus &#8211; Franz Kafka<\/a><\/blockquote><iframe sandbox=\"allow-scripts\" security=\"restricted\" src=\"https:\/\/narteks.net\/index.php\/2010\/02\/22\/siz-olu-degil-misiniz-avci-gracchus-franz-kafka\/embed\/#?secret=2otMMi9a6K\" width=\"600\" height=\"338\" title=\"&#8220;Siz \u00f6l\u00fc de\u011fil misiniz? | Avc\u0131 Gracchus &#8211; Franz Kafka&#8221; &#8212; narteks.net\" data-secret=\"2otMMi9a6K\" frameborder=\"0\" marginwidth=\"0\" marginheight=\"0\" scrolling=\"no\" class=\"wp-embedded-content\"><\/iframe><script type=\"text\/javascript\">\n\/* <![CDATA[ *\/\n\/*! This file is auto-generated *\/\n!function(d,l){\"use strict\";l.querySelector&&d.addEventListener&&\"undefined\"!=typeof URL&&(d.wp=d.wp||{},d.wp.receiveEmbedMessage||(d.wp.receiveEmbedMessage=function(e){var t=e.data;if((t||t.secret||t.message||t.value)&&!\/[^a-zA-Z0-9]\/.test(t.secret)){for(var s,r,n,a=l.querySelectorAll('iframe[data-secret=\"'+t.secret+'\"]'),o=l.querySelectorAll('blockquote[data-secret=\"'+t.secret+'\"]'),c=new RegExp(\"^https?:$\",\"i\"),i=0;i<o.length;i++)o[i].style.display=\"none\";for(i=0;i<a.length;i++)s=a[i],e.source===s.contentWindow&&(s.removeAttribute(\"style\"),\"height\"===t.message?(1e3<(r=parseInt(t.value,10))?r=1e3:~~r<200&&(r=200),s.height=r):\"link\"===t.message&&(r=new URL(s.getAttribute(\"src\")),n=new URL(t.value),c.test(n.protocol))&&n.host===r.host&&l.activeElement===s&&(d.top.location.href=t.value))}},d.addEventListener(\"message\",d.wp.receiveEmbedMessage,!1),l.addEventListener(\"DOMContentLoaded\",function(){for(var e,t,s=l.querySelectorAll(\"iframe.wp-embedded-content\"),r=0;r<s.length;r++)(t=(e=s[r]).getAttribute(\"data-secret\"))||(t=Math.random().toString(36).substring(2,12),e.src+=\"#?secret=\"+t,e.setAttribute(\"data-secret\",t)),e.contentWindow.postMessage({message:\"ready\",secret:t},\"*\")},!1)))}(window,document);\n\/\/# sourceURL=https:\/\/narteks.net\/wp-includes\/js\/wp-embed.min.js\n\/* ]]> *\/\n<\/script>\n","description":"\u0130ki o\u011flan \u00e7ocu\u011fu r\u0131ht\u0131m duvar\u0131n\u0131n \u00fcst\u00fcne oturmu\u015f zar at\u0131yorlard\u0131. Adam\u0131n biri, bir heykelin basamaklar\u0131 \u00fcst\u00fcnde, k\u0131l\u0131\u00e7 sallayan kahraman\u0131n g\u00f6lgesinde gazete okuyordu. K\u0131z\u0131n biri \u00e7e\u015fme ba\u015f\u0131nda bakrac\u0131na su dolduruyordu. Bir meyve sat\u0131c\u0131s\u0131 mal\u0131n\u0131n yan\u0131 ba\u015f\u0131na uzanm\u0131\u015f g\u00f6l\u00fc seyrediyordu. Bir meyhanenin i\u00e7 taraf\u0131nda iki adam\u0131n \u015farap i\u00e7ti\u011fi, a\u00e7\u0131k kap\u0131 ve pencere deliklerinden bak\u0131nca g\u00f6r\u00fcl\u00fcyordu. Meyhaneci \u00f6n tarafta [&hellip;]","thumbnail_url":"http:\/\/fcom.us.es\/blogs\/vazquezmedel\/files\/2009\/03\/franz-kafka.jpg"}