{"version":"1.0","provider_name":"narteks.net","provider_url":"https:\/\/narteks.net","author_name":"Tar\u0131k","author_url":"https:\/\/narteks.net\/index.php\/author\/narbak\/","title":"\u0130ki Savc\u0131n\u0131n Kar\u015f\u0131la\u015ft\u0131rmas\u0131 | \u0130smail Saymaz","type":"rich","width":600,"height":338,"html":"<blockquote class=\"wp-embedded-content\" data-secret=\"eyz0Cho1kK\"><a href=\"https:\/\/narteks.net\/index.php\/2010\/02\/23\/iki-savcinin-karsilastirmasi-ismail-saymaz\/\">\u0130ki Savc\u0131n\u0131n Kar\u015f\u0131la\u015ft\u0131rmas\u0131 | \u0130smail Saymaz<\/a><\/blockquote><iframe sandbox=\"allow-scripts\" security=\"restricted\" src=\"https:\/\/narteks.net\/index.php\/2010\/02\/23\/iki-savcinin-karsilastirmasi-ismail-saymaz\/embed\/#?secret=eyz0Cho1kK\" width=\"600\" height=\"338\" title=\"&#8220;\u0130ki Savc\u0131n\u0131n Kar\u015f\u0131la\u015ft\u0131rmas\u0131 | \u0130smail Saymaz&#8221; &#8212; narteks.net\" data-secret=\"eyz0Cho1kK\" frameborder=\"0\" marginwidth=\"0\" marginheight=\"0\" scrolling=\"no\" class=\"wp-embedded-content\"><\/iframe><script type=\"text\/javascript\">\n\/* <![CDATA[ *\/\n\/*! This file is auto-generated *\/\n!function(d,l){\"use strict\";l.querySelector&&d.addEventListener&&\"undefined\"!=typeof URL&&(d.wp=d.wp||{},d.wp.receiveEmbedMessage||(d.wp.receiveEmbedMessage=function(e){var t=e.data;if((t||t.secret||t.message||t.value)&&!\/[^a-zA-Z0-9]\/.test(t.secret)){for(var s,r,n,a=l.querySelectorAll('iframe[data-secret=\"'+t.secret+'\"]'),o=l.querySelectorAll('blockquote[data-secret=\"'+t.secret+'\"]'),c=new RegExp(\"^https?:$\",\"i\"),i=0;i<o.length;i++)o[i].style.display=\"none\";for(i=0;i<a.length;i++)s=a[i],e.source===s.contentWindow&&(s.removeAttribute(\"style\"),\"height\"===t.message?(1e3<(r=parseInt(t.value,10))?r=1e3:~~r<200&&(r=200),s.height=r):\"link\"===t.message&&(r=new URL(s.getAttribute(\"src\")),n=new URL(t.value),c.test(n.protocol))&&n.host===r.host&&l.activeElement===s&&(d.top.location.href=t.value))}},d.addEventListener(\"message\",d.wp.receiveEmbedMessage,!1),l.addEventListener(\"DOMContentLoaded\",function(){for(var e,t,s=l.querySelectorAll(\"iframe.wp-embedded-content\"),r=0;r<s.length;r++)(t=(e=s[r]).getAttribute(\"data-secret\"))||(t=Math.random().toString(36).substring(2,12),e.src+=\"#?secret=\"+t,e.setAttribute(\"data-secret\",t)),e.contentWindow.postMessage({message:\"ready\",secret:t},\"*\")},!1)))}(window,document);\n\/\/# sourceURL=https:\/\/narteks.net\/wp-includes\/js\/wp-embed.min.js\n\/* ]]> *\/\n<\/script>\n","description":"Hapse at\u0131lan Erzincan Ba\u015fsavc\u0131s\u0131 Cihaner\u2019le kendisini tutuklat\u0131nca yetkisi al\u0131nan eski Erzurum Savc\u0131s\u0131 \u015eanal\u2019\u0131n portreleri \u00e7ok farkl\u0131 \u0130STANBUL &#8211; \u0130smaila\u011fa ve Fethullah G\u00fclen tarikatlar\u0131na y\u00f6nelik soru\u015fturmalar\u0131 sonras\u0131 Erzincan\u2019daki operasyonda \u2018Ergenekon \u00fcyeli\u011fi\u2019nden tutuklanan Erzincan Cumhuriyet Ba\u015fsavc\u0131s\u0131 \u0130lhan Cihaner, 1998\u2019de \u0130dil Savc\u0131s\u0131\u2019yken faili me\u00e7hul cinayetlerin izini s\u00fcrd\u00fc. Cihaner, \u2018F\u0131rat\u2019\u0131n \u00f6te yakas\u0131\u2019nda yapt\u0131\u011f\u0131 soru\u015fturmada, 1989\u2019da \u00fc\u00e7 k\u00f6yl\u00fcn\u00fcn \u00f6rd\u00fcr\u00fclmesiyle, 1996\u2019da [&hellip;]","thumbnail_url":"http:\/\/i.radikal.com.tr\/644x385\/2010\/02\/22\/fft5_mf367221.Jpeg"}