{"version":"1.0","provider_name":"narteks.net","provider_url":"https:\/\/narteks.net","author_name":"Tar\u0131k","author_url":"https:\/\/narteks.net\/index.php\/author\/narbak\/","title":"T\u00fcrk Felsefesinin \u0130mkan\u0131 \u00dczerine  Rahmi Karaku\u015f","type":"rich","width":600,"height":338,"html":"<blockquote class=\"wp-embedded-content\" data-secret=\"tKD3rSozHB\"><a href=\"https:\/\/narteks.net\/index.php\/2010\/02\/26\/turk-felsefesinin-imkani-uzerine-rahmi-karakus\/\">T\u00fcrk Felsefesinin \u0130mkan\u0131 \u00dczerine    Rahmi Karaku\u015f<\/a><\/blockquote><iframe sandbox=\"allow-scripts\" security=\"restricted\" src=\"https:\/\/narteks.net\/index.php\/2010\/02\/26\/turk-felsefesinin-imkani-uzerine-rahmi-karakus\/embed\/#?secret=tKD3rSozHB\" width=\"600\" height=\"338\" title=\"&#8220;T\u00fcrk Felsefesinin \u0130mkan\u0131 \u00dczerine    Rahmi Karaku\u015f&#8221; &#8212; narteks.net\" data-secret=\"tKD3rSozHB\" frameborder=\"0\" marginwidth=\"0\" marginheight=\"0\" scrolling=\"no\" class=\"wp-embedded-content\"><\/iframe><script type=\"text\/javascript\">\n\/* <![CDATA[ *\/\n\/*! This file is auto-generated *\/\n!function(d,l){\"use strict\";l.querySelector&&d.addEventListener&&\"undefined\"!=typeof URL&&(d.wp=d.wp||{},d.wp.receiveEmbedMessage||(d.wp.receiveEmbedMessage=function(e){var t=e.data;if((t||t.secret||t.message||t.value)&&!\/[^a-zA-Z0-9]\/.test(t.secret)){for(var s,r,n,a=l.querySelectorAll('iframe[data-secret=\"'+t.secret+'\"]'),o=l.querySelectorAll('blockquote[data-secret=\"'+t.secret+'\"]'),c=new RegExp(\"^https?:$\",\"i\"),i=0;i<o.length;i++)o[i].style.display=\"none\";for(i=0;i<a.length;i++)s=a[i],e.source===s.contentWindow&&(s.removeAttribute(\"style\"),\"height\"===t.message?(1e3<(r=parseInt(t.value,10))?r=1e3:~~r<200&&(r=200),s.height=r):\"link\"===t.message&&(r=new URL(s.getAttribute(\"src\")),n=new URL(t.value),c.test(n.protocol))&&n.host===r.host&&l.activeElement===s&&(d.top.location.href=t.value))}},d.addEventListener(\"message\",d.wp.receiveEmbedMessage,!1),l.addEventListener(\"DOMContentLoaded\",function(){for(var e,t,s=l.querySelectorAll(\"iframe.wp-embedded-content\"),r=0;r<s.length;r++)(t=(e=s[r]).getAttribute(\"data-secret\"))||(t=Math.random().toString(36).substring(2,12),e.src+=\"#?secret=\"+t,e.setAttribute(\"data-secret\",t)),e.contentWindow.postMessage({message:\"ready\",secret:t},\"*\")},!1)))}(window,document);\n\/\/# sourceURL=https:\/\/narteks.net\/wp-includes\/js\/wp-embed.min.js\n\/* ]]> *\/\n<\/script>\n","description":"T\u00fcrkiye\u2019de farkl\u0131 tarzlarda nitelendirilmekle birlikte bir felsefe etkinli\u011fi vard\u0131r. Varolan felsefe etkinli\u011fi dayand\u0131\u011f\u0131 zeminler, ilgilendi\u011fi sorunlar, elde etti\u011fi birikimler ve y\u00f6neldi\u011fi hedefler bak\u0131m\u0131ndan yakla\u015f\u0131k bir as\u0131rd\u0131r da d\u00fczenli olmamakla birlikte k\u0131sa aral\u0131klarla sorgulanmaktad\u0131r. Bir felsefe gelene\u011fi olu\u015fturmak veya mevcut d\u00fc\u015f\u00fcnce gelenekleri ile ba\u011flant\u0131l\u0131 olarak yeniden yap\u0131land\u0131rma gayretleri ile felsefe etkinli\u011fimiz kendini d\u00fcnya felsefeleri ile mukayese [&hellip;]","thumbnail_url":"https:\/\/narteks.net\/wp-content\/uploads\/narteks.png","thumbnail_width":300,"thumbnail_height":90}