{"version":"1.0","provider_name":"narteks.net","provider_url":"https:\/\/narteks.net","author_name":"Tar\u0131k","author_url":"https:\/\/narteks.net\/index.php\/author\/narbak\/","title":"Walter Benjamin\u2019de Tarih Kavram\u0131 | Murat Ertan Karde\u015f","type":"rich","width":600,"height":338,"html":"<blockquote class=\"wp-embedded-content\" data-secret=\"9kCXTq8o2w\"><a href=\"https:\/\/narteks.net\/index.php\/2010\/03\/01\/walter-benjaminde-tarih-kavrami-murat-ertan-kardes\/\">Walter Benjamin\u2019de Tarih Kavram\u0131 | Murat Ertan Karde\u015f<\/a><\/blockquote><iframe sandbox=\"allow-scripts\" security=\"restricted\" src=\"https:\/\/narteks.net\/index.php\/2010\/03\/01\/walter-benjaminde-tarih-kavrami-murat-ertan-kardes\/embed\/#?secret=9kCXTq8o2w\" width=\"600\" height=\"338\" title=\"&#8220;Walter Benjamin\u2019de Tarih Kavram\u0131 | Murat Ertan Karde\u015f&#8221; &#8212; narteks.net\" data-secret=\"9kCXTq8o2w\" frameborder=\"0\" marginwidth=\"0\" marginheight=\"0\" scrolling=\"no\" class=\"wp-embedded-content\"><\/iframe><script>\n\/*! This file is auto-generated *\/\n!function(d,l){\"use strict\";l.querySelector&&d.addEventListener&&\"undefined\"!=typeof URL&&(d.wp=d.wp||{},d.wp.receiveEmbedMessage||(d.wp.receiveEmbedMessage=function(e){var t=e.data;if((t||t.secret||t.message||t.value)&&!\/[^a-zA-Z0-9]\/.test(t.secret)){for(var s,r,n,a=l.querySelectorAll('iframe[data-secret=\"'+t.secret+'\"]'),o=l.querySelectorAll('blockquote[data-secret=\"'+t.secret+'\"]'),c=new RegExp(\"^https?:$\",\"i\"),i=0;i<o.length;i++)o[i].style.display=\"none\";for(i=0;i<a.length;i++)s=a[i],e.source===s.contentWindow&&(s.removeAttribute(\"style\"),\"height\"===t.message?(1e3<(r=parseInt(t.value,10))?r=1e3:~~r<200&&(r=200),s.height=r):\"link\"===t.message&&(r=new URL(s.getAttribute(\"src\")),n=new URL(t.value),c.test(n.protocol))&&n.host===r.host&&l.activeElement===s&&(d.top.location.href=t.value))}},d.addEventListener(\"message\",d.wp.receiveEmbedMessage,!1),l.addEventListener(\"DOMContentLoaded\",function(){for(var e,t,s=l.querySelectorAll(\"iframe.wp-embedded-content\"),r=0;r<s.length;r++)(t=(e=s[r]).getAttribute(\"data-secret\"))||(t=Math.random().toString(36).substring(2,12),e.src+=\"#?secret=\"+t,e.setAttribute(\"data-secret\",t)),e.contentWindow.postMessage({message:\"ready\",secret:t},\"*\")},!1)))}(window,document);\n\/\/# sourceURL=https:\/\/narteks.net\/wp-includes\/js\/wp-embed.min.js\n<\/script>\n","description":"W. Benjamin, tarih biliminin baz\u0131 postulatlar\u0131n\u0131n, ezenlerin iktidar\u0131n\u0131n hizmetinde oldu\u011funu d\u00fc\u015f\u00fcn\u00fcr. B\u00f6ylesi bir kavray\u0131\u015f, insanl\u0131\u011f\u0131n tarihteki eylemini anlamaktan da uzakla\u015f\u0131r. Bunun i\u00e7in, her t\u00fcr \u00fcr\u00fcn\u00fcn ger\u00e7ek yarat\u0131c\u0131s\u0131 olan ezilenlerin gelene\u011fine kar\u015f\u0131l\u0131k gelecek yeni bir tarih kavram\u0131 ortaya koymak zorunludur. Ezenlerin tarihinin tarihteki anonim isimlerin varl\u0131\u011f\u0131n\u0131 unutturmas\u0131na, ezilenlerin gelene\u011finin yan\u0131t\u0131, bu tarihin kesintiye u\u011frat\u0131lmas\u0131 olmal\u0131d\u0131r. B\u00f6ylelikle, [&hellip;]","thumbnail_url":"http:\/\/t2.gstatic.com\/images?q=tbn:br6-l5-bIuRsVM:http:\/\/www.kanonmedia.com\/portfolio\/concepts\/benjamin_paris\/images\/index.jpg"}