{"version":"1.0","provider_name":"narteks.net","provider_url":"https:\/\/narteks.net","author_name":"Tar\u0131k","author_url":"https:\/\/narteks.net\/index.php\/author\/narbak\/","title":"Bakunin'in Devrim ve Devrimci \u00d6rg\u00fct D\u00fc\u015f\u00fcncesi","type":"rich","width":600,"height":338,"html":"<blockquote class=\"wp-embedded-content\" data-secret=\"8pSkfLeFHS\"><a href=\"https:\/\/narteks.net\/index.php\/2010\/03\/03\/bakuninin-devrim-ve-devrimci-orgut-dusuncesi\/\">Bakunin&#8217;in Devrim ve Devrimci \u00d6rg\u00fct D\u00fc\u015f\u00fcncesi<\/a><\/blockquote><iframe sandbox=\"allow-scripts\" security=\"restricted\" src=\"https:\/\/narteks.net\/index.php\/2010\/03\/03\/bakuninin-devrim-ve-devrimci-orgut-dusuncesi\/embed\/#?secret=8pSkfLeFHS\" width=\"600\" height=\"338\" title=\"&#8220;Bakunin&#8217;in Devrim ve Devrimci \u00d6rg\u00fct D\u00fc\u015f\u00fcncesi&#8221; &#8212; narteks.net\" data-secret=\"8pSkfLeFHS\" frameborder=\"0\" marginwidth=\"0\" marginheight=\"0\" scrolling=\"no\" class=\"wp-embedded-content\"><\/iframe><script>\n\/*! This file is auto-generated *\/\n!function(d,l){\"use strict\";l.querySelector&&d.addEventListener&&\"undefined\"!=typeof URL&&(d.wp=d.wp||{},d.wp.receiveEmbedMessage||(d.wp.receiveEmbedMessage=function(e){var t=e.data;if((t||t.secret||t.message||t.value)&&!\/[^a-zA-Z0-9]\/.test(t.secret)){for(var s,r,n,a=l.querySelectorAll('iframe[data-secret=\"'+t.secret+'\"]'),o=l.querySelectorAll('blockquote[data-secret=\"'+t.secret+'\"]'),c=new RegExp(\"^https?:$\",\"i\"),i=0;i<o.length;i++)o[i].style.display=\"none\";for(i=0;i<a.length;i++)s=a[i],e.source===s.contentWindow&&(s.removeAttribute(\"style\"),\"height\"===t.message?(1e3<(r=parseInt(t.value,10))?r=1e3:~~r<200&&(r=200),s.height=r):\"link\"===t.message&&(r=new URL(s.getAttribute(\"src\")),n=new URL(t.value),c.test(n.protocol))&&n.host===r.host&&l.activeElement===s&&(d.top.location.href=t.value))}},d.addEventListener(\"message\",d.wp.receiveEmbedMessage,!1),l.addEventListener(\"DOMContentLoaded\",function(){for(var e,t,s=l.querySelectorAll(\"iframe.wp-embedded-content\"),r=0;r<s.length;r++)(t=(e=s[r]).getAttribute(\"data-secret\"))||(t=Math.random().toString(36).substring(2,12),e.src+=\"#?secret=\"+t,e.setAttribute(\"data-secret\",t)),e.contentWindow.postMessage({message:\"ready\",secret:t},\"*\")},!1)))}(window,document);\n\/\/# sourceURL=https:\/\/narteks.net\/wp-includes\/js\/wp-embed.min.js\n<\/script>\n","description":"A\u015fa\u011f\u0131daki yaz\u0131da Bakunin\u2019in \u00f6rg\u00fctlenmeye dair \u00f6ne s\u00fcrd\u00fc\u011f\u00fc d\u00fc\u015f\u00fcnceler nispeten nesnel bir bi\u00e7imde ortaya konmakta. Bakunin\u2019in, ger\u00e7ek bir devrim i\u00e7in zorunlu oldu\u011funu \u00f6ne s\u00fcrd\u00fc\u011f\u00fc, \u00f6zg\u00fcrl\u00fck\u00e7\u00fc bir \u00f6rg\u00fctlenme bi\u00e7imi ve kitleleri \u00f6znele\u015ftiren bir m\u00fccadele y\u00f6ntemini ortaya koyma \u00e7abas\u0131 anlat\u0131l\u0131yor. Bu \u00e7aban\u0131n \u00f6nemi vurgulan\u0131rken, \u00e7eli\u015fki bar\u0131nd\u0131ran taraflar\u0131 da ele\u015ftiriliyor. Yaz\u0131 Bakunin\u2019in d\u00fc\u015f\u00fcncelerine, \u201c\u00f6zg\u00fcrl\u00fck\u00e7\u00fc bir toplumu kurma iste\u011fi ile, [&hellip;]","thumbnail_url":"http:\/\/upload.wikimedia.org\/wikipedia\/commons\/e\/e0\/Michail_Bakunin.jpg"}