{"version":"1.0","provider_name":"narteks.net","provider_url":"https:\/\/narteks.net","author_name":"Tar\u0131k","author_url":"https:\/\/narteks.net\/index.php\/author\/narbak\/","title":"\u00dclk\u00fcc\u00fc-Fa\u015fist Hareketin Tarihi (1.B\u00f6l\u00fcm) | Kerem Da\u011fl\u0131","type":"rich","width":600,"height":338,"html":"<blockquote class=\"wp-embedded-content\" data-secret=\"LeBsXuHHNO\"><a href=\"https:\/\/narteks.net\/index.php\/2010\/03\/09\/ulkucu-fasist-hareketin-tarihi-1bolum-kerem-dagli\/\">\u00dclk\u00fcc\u00fc-Fa\u015fist Hareketin Tarihi (1.B\u00f6l\u00fcm) | Kerem Da\u011fl\u0131<\/a><\/blockquote><iframe sandbox=\"allow-scripts\" security=\"restricted\" src=\"https:\/\/narteks.net\/index.php\/2010\/03\/09\/ulkucu-fasist-hareketin-tarihi-1bolum-kerem-dagli\/embed\/#?secret=LeBsXuHHNO\" width=\"600\" height=\"338\" title=\"&#8220;\u00dclk\u00fcc\u00fc-Fa\u015fist Hareketin Tarihi (1.B\u00f6l\u00fcm) | Kerem Da\u011fl\u0131&#8221; &#8212; narteks.net\" data-secret=\"LeBsXuHHNO\" frameborder=\"0\" marginwidth=\"0\" marginheight=\"0\" scrolling=\"no\" class=\"wp-embedded-content\"><\/iframe><script type=\"text\/javascript\">\n\/* <![CDATA[ *\/\n\/*! This file is auto-generated *\/\n!function(d,l){\"use strict\";l.querySelector&&d.addEventListener&&\"undefined\"!=typeof URL&&(d.wp=d.wp||{},d.wp.receiveEmbedMessage||(d.wp.receiveEmbedMessage=function(e){var t=e.data;if((t||t.secret||t.message||t.value)&&!\/[^a-zA-Z0-9]\/.test(t.secret)){for(var s,r,n,a=l.querySelectorAll('iframe[data-secret=\"'+t.secret+'\"]'),o=l.querySelectorAll('blockquote[data-secret=\"'+t.secret+'\"]'),c=new RegExp(\"^https?:$\",\"i\"),i=0;i<o.length;i++)o[i].style.display=\"none\";for(i=0;i<a.length;i++)s=a[i],e.source===s.contentWindow&&(s.removeAttribute(\"style\"),\"height\"===t.message?(1e3<(r=parseInt(t.value,10))?r=1e3:~~r<200&&(r=200),s.height=r):\"link\"===t.message&&(r=new URL(s.getAttribute(\"src\")),n=new URL(t.value),c.test(n.protocol))&&n.host===r.host&&l.activeElement===s&&(d.top.location.href=t.value))}},d.addEventListener(\"message\",d.wp.receiveEmbedMessage,!1),l.addEventListener(\"DOMContentLoaded\",function(){for(var e,t,s=l.querySelectorAll(\"iframe.wp-embedded-content\"),r=0;r<s.length;r++)(t=(e=s[r]).getAttribute(\"data-secret\"))||(t=Math.random().toString(36).substring(2,12),e.src+=\"#?secret=\"+t,e.setAttribute(\"data-secret\",t)),e.contentWindow.postMessage({message:\"ready\",secret:t},\"*\")},!1)))}(window,document);\n\/\/# sourceURL=https:\/\/narteks.net\/wp-includes\/js\/wp-embed.min.js\n\/* ]]> *\/\n<\/script>\n","description":"Emperyalist-kapitalist sistemin k\u00fcresel \u00f6l\u00e7ekte i\u00e7ine girmi\u015f oldu\u011fu ekonomik kriz ve bununla ba\u011flant\u0131l\u0131 olarak gittik\u00e7e k\u0131z\u0131\u015fan emperyalist payla\u015f\u0131m kavgas\u0131, istisnas\u0131z b\u00fct\u00fcn burjuva devletleri bir i\u00e7 ve d\u0131\u015f sava\u015fa haz\u0131rlanmaya itiyor. Militarizm ve silahlanma yar\u0131\u015f\u0131 t\u00fcm kapitalist devletleri i\u00e7ine \u00e7ekiyor ve \u015fiddetlenen \u00e7eli\u015fkilerin bas\u0131nc\u0131 alt\u0131ndaki emperyalist-kapitalist sistem gericile\u015ferek sald\u0131rganla\u015f\u0131yor. Pek \u00e7ok kapitalist \u00fclkede pe\u015f pe\u015fe bask\u0131c\u0131 yasalar [&hellip;]","thumbnail_url":"http:\/\/images.google.com.tr\/url?source=imgres&amp;ct=img&amp;q=http:\/\/cetinyilmaz.files.wordpress.com\/2009\/10\/dikkat.jpg&amp;usg=AFQjCNFil-FPKYK5gAsdv3gB34K_h9WMjQ"}