{"version":"1.0","provider_name":"narteks.net","provider_url":"https:\/\/narteks.net","author_name":"Tar\u0131k","author_url":"https:\/\/narteks.net\/index.php\/author\/narbak\/","title":"Ve \u00c7eli\u011fe Su Verildi | Nikolay Alekseyevi\u00e7 Ostrovski","type":"rich","width":600,"height":338,"html":"<blockquote class=\"wp-embedded-content\" data-secret=\"fwycWWlgJw\"><a href=\"https:\/\/narteks.net\/index.php\/2010\/03\/09\/ve-celige-su-verildi-nikolay-alekseyevic-ostrovski\/\">Ve \u00c7eli\u011fe Su Verildi | Nikolay Alekseyevi\u00e7 Ostrovski<\/a><\/blockquote><iframe sandbox=\"allow-scripts\" security=\"restricted\" src=\"https:\/\/narteks.net\/index.php\/2010\/03\/09\/ve-celige-su-verildi-nikolay-alekseyevic-ostrovski\/embed\/#?secret=fwycWWlgJw\" width=\"600\" height=\"338\" title=\"&#8220;Ve \u00c7eli\u011fe Su Verildi | Nikolay Alekseyevi\u00e7 Ostrovski&#8221; &#8212; narteks.net\" data-secret=\"fwycWWlgJw\" frameborder=\"0\" marginwidth=\"0\" marginheight=\"0\" scrolling=\"no\" class=\"wp-embedded-content\"><\/iframe><script type=\"text\/javascript\">\n\/* <![CDATA[ *\/\n\/*! This file is auto-generated *\/\n!function(d,l){\"use strict\";l.querySelector&&d.addEventListener&&\"undefined\"!=typeof URL&&(d.wp=d.wp||{},d.wp.receiveEmbedMessage||(d.wp.receiveEmbedMessage=function(e){var t=e.data;if((t||t.secret||t.message||t.value)&&!\/[^a-zA-Z0-9]\/.test(t.secret)){for(var s,r,n,a=l.querySelectorAll('iframe[data-secret=\"'+t.secret+'\"]'),o=l.querySelectorAll('blockquote[data-secret=\"'+t.secret+'\"]'),c=new RegExp(\"^https?:$\",\"i\"),i=0;i<o.length;i++)o[i].style.display=\"none\";for(i=0;i<a.length;i++)s=a[i],e.source===s.contentWindow&&(s.removeAttribute(\"style\"),\"height\"===t.message?(1e3<(r=parseInt(t.value,10))?r=1e3:~~r<200&&(r=200),s.height=r):\"link\"===t.message&&(r=new URL(s.getAttribute(\"src\")),n=new URL(t.value),c.test(n.protocol))&&n.host===r.host&&l.activeElement===s&&(d.top.location.href=t.value))}},d.addEventListener(\"message\",d.wp.receiveEmbedMessage,!1),l.addEventListener(\"DOMContentLoaded\",function(){for(var e,t,s=l.querySelectorAll(\"iframe.wp-embedded-content\"),r=0;r<s.length;r++)(t=(e=s[r]).getAttribute(\"data-secret\"))||(t=Math.random().toString(36).substring(2,12),e.src+=\"#?secret=\"+t,e.setAttribute(\"data-secret\",t)),e.contentWindow.postMessage({message:\"ready\",secret:t},\"*\")},!1)))}(window,document);\n\/\/# sourceURL=https:\/\/narteks.net\/wp-includes\/js\/wp-embed.min.js\n\/* ]]> *\/\n<\/script>\n","description":"\u2018\u0130stemiyorsan\u00a0 k\u00f6le\u00a0 olmak\u00a0 k\u0131r\u00a0\u00a0 zincirlerini g\u00fcc\u00fcn\u00fcn\u00a0 bilincine\u00a0 var inan\u00a0 kendine. Biz seninle\u00a0 g\u00fc\u00e7l\u00fcy\u00fcz ! K\u00f6lelik,\u00a0 k\u00f6lelerce\u00a0 y\u0131k\u0131lmad\u0131kca ya\u015fayacakt\u0131r. Senin\u00a0 zincirlerinden\u00a0 ba\u015fka\u00a0 yoktur kaybedece\u011fin\u2026 M\u00fccadelenin bulan\u0131kl\u0131\u011f\u0131 i\u00e7inde yolunu hen\u00fcz tam bulamam\u0131\u015f olan ama s\u0131n\u0131flar\u0131n \u00f6zlemlerini en a\u00e7\u0131k\u00a0 \u015fekilde\u00a0 dile getirebilen i\u015f\u00e7i gen\u00e7li\u011fiydi \u201cVe \u00c7eli\u011fe Su Verildi\u201dde anlat\u0131lan.Bu gen\u00e7lerden biriydi Pavka Kor\u00e7agin&#8230; K\u0131sa\u00a0 s\u00fcren \u00f6\u011frenim hayat\u0131n\u0131 12 [&hellip;]","thumbnail_url":"http:\/\/upload.wikimedia.org\/wikipedia\/commons\/f\/fb\/N_Ostrovskiy.jpg"}