{"version":"1.0","provider_name":"narteks.net","provider_url":"https:\/\/narteks.net","author_name":"Tar\u0131k","author_url":"https:\/\/narteks.net\/index.php\/author\/narbak\/","title":"Marksizm ve Darwincilik | Alan Woods - Ted Grant","type":"rich","width":600,"height":338,"html":"<blockquote class=\"wp-embedded-content\" data-secret=\"olCzGPzfj4\"><a href=\"https:\/\/narteks.net\/index.php\/2010\/03\/13\/marksizm-ve-darwincilik-alan-woods-ted-grant\/\">Marksizm ve Darwincilik | Alan Woods &#8211; Ted Grant<\/a><\/blockquote><iframe sandbox=\"allow-scripts\" security=\"restricted\" src=\"https:\/\/narteks.net\/index.php\/2010\/03\/13\/marksizm-ve-darwincilik-alan-woods-ted-grant\/embed\/#?secret=olCzGPzfj4\" width=\"600\" height=\"338\" title=\"&#8220;Marksizm ve Darwincilik | Alan Woods &#8211; Ted Grant&#8221; &#8212; narteks.net\" data-secret=\"olCzGPzfj4\" frameborder=\"0\" marginwidth=\"0\" marginheight=\"0\" scrolling=\"no\" class=\"wp-embedded-content\"><\/iframe><script type=\"text\/javascript\">\n\/* <![CDATA[ *\/\n\/*! This file is auto-generated *\/\n!function(d,l){\"use strict\";l.querySelector&&d.addEventListener&&\"undefined\"!=typeof URL&&(d.wp=d.wp||{},d.wp.receiveEmbedMessage||(d.wp.receiveEmbedMessage=function(e){var t=e.data;if((t||t.secret||t.message||t.value)&&!\/[^a-zA-Z0-9]\/.test(t.secret)){for(var s,r,n,a=l.querySelectorAll('iframe[data-secret=\"'+t.secret+'\"]'),o=l.querySelectorAll('blockquote[data-secret=\"'+t.secret+'\"]'),c=new RegExp(\"^https?:$\",\"i\"),i=0;i<o.length;i++)o[i].style.display=\"none\";for(i=0;i<a.length;i++)s=a[i],e.source===s.contentWindow&&(s.removeAttribute(\"style\"),\"height\"===t.message?(1e3<(r=parseInt(t.value,10))?r=1e3:~~r<200&&(r=200),s.height=r):\"link\"===t.message&&(r=new URL(s.getAttribute(\"src\")),n=new URL(t.value),c.test(n.protocol))&&n.host===r.host&&l.activeElement===s&&(d.top.location.href=t.value))}},d.addEventListener(\"message\",d.wp.receiveEmbedMessage,!1),l.addEventListener(\"DOMContentLoaded\",function(){for(var e,t,s=l.querySelectorAll(\"iframe.wp-embedded-content\"),r=0;r<s.length;r++)(t=(e=s[r]).getAttribute(\"data-secret\"))||(t=Math.random().toString(36).substring(2,12),e.src+=\"#?secret=\"+t,e.setAttribute(\"data-secret\",t)),e.contentWindow.postMessage({message:\"ready\",secret:t},\"*\")},!1)))}(window,document);\n\/\/# sourceURL=https:\/\/narteks.net\/wp-includes\/js\/wp-embed.min.js\n\/* ]]> *\/\n<\/script>\n","description":"Darwin\u2019in Tedricili\u011fi \u201cBazen denir ki, diyalekti\u011fin hareket noktas\u0131, evriminkiyle ayn\u0131d\u0131r. Bu iki y\u00f6ntemin temas noktalar\u0131 bulundu\u011fundan ku\u015fku duyulamaz. Buna ra\u011fmen, bunlar aras\u0131nda esasl\u0131 ve \u00f6nemli bir fark da vard\u0131r, ki bu fark\u0131n evrim \u00f6\u011fretisinin lehine olmaktan hayli uzak oldu\u011fu da itiraf edilmelidir. Modern evrimciler kendi \u00f6\u011fretilerine hat\u0131r\u0131 say\u0131l\u0131r bir muhafazak\u00e2rl\u0131k kat\u0131p kar\u0131\u015ft\u0131r\u0131yorlar. Ne do\u011fada ne [&hellip;]","thumbnail_url":"http:\/\/lymanbriggs.msu.edu\/current\/darwin.jpg"}