{"version":"1.0","provider_name":"narteks.net","provider_url":"https:\/\/narteks.net","author_name":"Tar\u0131k","author_url":"https:\/\/narteks.net\/index.php\/author\/narbak\/","title":"K\u00fcrtlere Kar\u015f\u0131 Enfal Harekat\u0131 | Halep\u00e7e Katliam\u0131 - Nuri F\u0131rat","type":"rich","width":600,"height":338,"html":"<blockquote class=\"wp-embedded-content\" data-secret=\"AaH5hOCRSP\"><a href=\"https:\/\/narteks.net\/index.php\/2010\/03\/15\/kurtlere-karsi-enfal-harekati-halepce-katliami-nuri-firat\/\">K\u00fcrtlere Kar\u015f\u0131 Enfal Harekat\u0131 | Halep\u00e7e Katliam\u0131 &#8211; Nuri F\u0131rat<\/a><\/blockquote><iframe sandbox=\"allow-scripts\" security=\"restricted\" src=\"https:\/\/narteks.net\/index.php\/2010\/03\/15\/kurtlere-karsi-enfal-harekati-halepce-katliami-nuri-firat\/embed\/#?secret=AaH5hOCRSP\" width=\"600\" height=\"338\" title=\"&#8220;K\u00fcrtlere Kar\u015f\u0131 Enfal Harekat\u0131 | Halep\u00e7e Katliam\u0131 &#8211; Nuri F\u0131rat&#8221; &#8212; narteks.net\" data-secret=\"AaH5hOCRSP\" frameborder=\"0\" marginwidth=\"0\" marginheight=\"0\" scrolling=\"no\" class=\"wp-embedded-content\"><\/iframe><script type=\"text\/javascript\">\n\/* <![CDATA[ *\/\n\/*! This file is auto-generated *\/\n!function(d,l){\"use strict\";l.querySelector&&d.addEventListener&&\"undefined\"!=typeof URL&&(d.wp=d.wp||{},d.wp.receiveEmbedMessage||(d.wp.receiveEmbedMessage=function(e){var t=e.data;if((t||t.secret||t.message||t.value)&&!\/[^a-zA-Z0-9]\/.test(t.secret)){for(var s,r,n,a=l.querySelectorAll('iframe[data-secret=\"'+t.secret+'\"]'),o=l.querySelectorAll('blockquote[data-secret=\"'+t.secret+'\"]'),c=new RegExp(\"^https?:$\",\"i\"),i=0;i<o.length;i++)o[i].style.display=\"none\";for(i=0;i<a.length;i++)s=a[i],e.source===s.contentWindow&&(s.removeAttribute(\"style\"),\"height\"===t.message?(1e3<(r=parseInt(t.value,10))?r=1e3:~~r<200&&(r=200),s.height=r):\"link\"===t.message&&(r=new URL(s.getAttribute(\"src\")),n=new URL(t.value),c.test(n.protocol))&&n.host===r.host&&l.activeElement===s&&(d.top.location.href=t.value))}},d.addEventListener(\"message\",d.wp.receiveEmbedMessage,!1),l.addEventListener(\"DOMContentLoaded\",function(){for(var e,t,s=l.querySelectorAll(\"iframe.wp-embedded-content\"),r=0;r<s.length;r++)(t=(e=s[r]).getAttribute(\"data-secret\"))||(t=Math.random().toString(36).substring(2,12),e.src+=\"#?secret=\"+t,e.setAttribute(\"data-secret\",t)),e.contentWindow.postMessage({message:\"ready\",secret:t},\"*\")},!1)))}(window,document);\n\/\/# sourceURL=https:\/\/narteks.net\/wp-includes\/js\/wp-embed.min.js\n\/* ]]> *\/\n<\/script>\n","description":"Saddam H\u00fcseyin rejimi ile K\u00fcrtler aras\u0131ndaki politik gerilimin tarih\u00e7esi uzun s\u00fcre \u00f6nceye dayan\u0131r. Irak devlet olarak daha kurulmadan \u00f6nceden ba\u015flayan ve asl\u0131nda g\u00fcn\u00fcm\u00fcze de\u011fin s\u00fcren bir \u00e7at\u0131\u015fma hali s\u00f6z konusudur. Diktatoryal bir y\u00f6netim anla\u015f\u0131yla Irak\u2019\u0131 y\u00f6neten Saddam H\u00fcseyin d\u00f6neminde ise politik gerilim, tarihe ge\u00e7ecek kadar kanl\u0131 olaylara sahne oldu. Saddam H\u00fcseyin rejimi K\u00fcrtlere kar\u015f\u0131 Arapla\u015ft\u0131rma [&hellip;]","thumbnail_url":"http:\/\/t1.gstatic.com\/images?q=tbn:ANd9GcSF1D5ero52_Ul3_XhgwhZxd1ZHqSaR2M5nzzRxDSHgtobYAjVJbnLMtvbv"}