{"version":"1.0","provider_name":"narteks.net","provider_url":"https:\/\/narteks.net","author_name":"Tar\u0131k","author_url":"https:\/\/narteks.net\/index.php\/author\/narbak\/","title":"Descartes ve Spinoza'da \"iyi\" | Nurten G\u00d6KALP","type":"rich","width":600,"height":338,"html":"<blockquote class=\"wp-embedded-content\" data-secret=\"oXkdJsEE1H\"><a href=\"https:\/\/narteks.net\/index.php\/2010\/03\/19\/descartes-ve-spinozada-qiyiq-nurten-gokalp\/\">Descartes ve Spinoza&#8217;da &#8220;iyi&#8221; | Nurten G\u00d6KALP<\/a><\/blockquote><iframe sandbox=\"allow-scripts\" security=\"restricted\" src=\"https:\/\/narteks.net\/index.php\/2010\/03\/19\/descartes-ve-spinozada-qiyiq-nurten-gokalp\/embed\/#?secret=oXkdJsEE1H\" width=\"600\" height=\"338\" title=\"&#8220;Descartes ve Spinoza&#8217;da &#8220;iyi&#8221; | Nurten G\u00d6KALP&#8221; &#8212; narteks.net\" data-secret=\"oXkdJsEE1H\" frameborder=\"0\" marginwidth=\"0\" marginheight=\"0\" scrolling=\"no\" class=\"wp-embedded-content\"><\/iframe><script type=\"text\/javascript\">\n\/* <![CDATA[ *\/\n\/*! This file is auto-generated *\/\n!function(d,l){\"use strict\";l.querySelector&&d.addEventListener&&\"undefined\"!=typeof URL&&(d.wp=d.wp||{},d.wp.receiveEmbedMessage||(d.wp.receiveEmbedMessage=function(e){var t=e.data;if((t||t.secret||t.message||t.value)&&!\/[^a-zA-Z0-9]\/.test(t.secret)){for(var s,r,n,a=l.querySelectorAll('iframe[data-secret=\"'+t.secret+'\"]'),o=l.querySelectorAll('blockquote[data-secret=\"'+t.secret+'\"]'),c=new RegExp(\"^https?:$\",\"i\"),i=0;i<o.length;i++)o[i].style.display=\"none\";for(i=0;i<a.length;i++)s=a[i],e.source===s.contentWindow&&(s.removeAttribute(\"style\"),\"height\"===t.message?(1e3<(r=parseInt(t.value,10))?r=1e3:~~r<200&&(r=200),s.height=r):\"link\"===t.message&&(r=new URL(s.getAttribute(\"src\")),n=new URL(t.value),c.test(n.protocol))&&n.host===r.host&&l.activeElement===s&&(d.top.location.href=t.value))}},d.addEventListener(\"message\",d.wp.receiveEmbedMessage,!1),l.addEventListener(\"DOMContentLoaded\",function(){for(var e,t,s=l.querySelectorAll(\"iframe.wp-embedded-content\"),r=0;r<s.length;r++)(t=(e=s[r]).getAttribute(\"data-secret\"))||(t=Math.random().toString(36).substring(2,12),e.src+=\"#?secret=\"+t,e.setAttribute(\"data-secret\",t)),e.contentWindow.postMessage({message:\"ready\",secret:t},\"*\")},!1)))}(window,document);\n\/\/# sourceURL=https:\/\/narteks.net\/wp-includes\/js\/wp-embed.min.js\n\/* ]]> *\/\n<\/script>\n","description":"\u0130lk\u00e7a\u011fdan \u00f6zellikle de Platon\u2019dan beri s\u00fcrd\u00fcr\u00fclmekte olan ger\u00e7ek iyinin ara\u015ft\u0131r\u0131lmas\u0131 \u00e7abas\u0131 17. y\u00fczy\u0131lda, Descartes\u2019le ba\u015flayan gelenekte de \u00f6nemlidir ve hakikatin anla\u015f\u0131lmas\u0131 ile yak\u0131ndan ilgilidir. Kartezyen filozoflar aras\u0131ndaki bu ortak belirleyici, aralar\u0131ndaki farkl\u0131l\u0131klara ra\u011fmen temeldir. Buradaki amac\u0131m\u0131z ger\u00e7ek iyi ile hakikatin ara\u015ft\u0131r\u0131lmas\u0131 aras\u0131ndaki ili\u015fkiyi Descartes ve Spinoza d\u00fc\u015f\u00fcncesini temele alarak ortaya koyabilmektir. DESCARTESDescartes\u2019e g\u00f6re ahl\u00e2k\u0131n en [&hellip;]","thumbnail_url":"http:\/\/i67.servimg.com\/u\/f67\/13\/47\/52\/10\/felsef10.jpg"}