{"version":"1.0","provider_name":"narteks.net","provider_url":"https:\/\/narteks.net","author_name":"Tar\u0131k","author_url":"https:\/\/narteks.net\/index.php\/author\/narbak\/","title":"Siyonizm ve Filistin sorunu tarih\u00e7esi","type":"rich","width":600,"height":338,"html":"<blockquote class=\"wp-embedded-content\" data-secret=\"WweryM8Nl7\"><a href=\"https:\/\/narteks.net\/index.php\/2010\/03\/20\/siyonizm-ve-filistin-sorunu-tarihcesi\/\">Siyonizm ve Filistin sorunu tarih\u00e7esi<\/a><\/blockquote><iframe sandbox=\"allow-scripts\" security=\"restricted\" src=\"https:\/\/narteks.net\/index.php\/2010\/03\/20\/siyonizm-ve-filistin-sorunu-tarihcesi\/embed\/#?secret=WweryM8Nl7\" width=\"600\" height=\"338\" title=\"&#8220;Siyonizm ve Filistin sorunu tarih\u00e7esi&#8221; &#8212; narteks.net\" data-secret=\"WweryM8Nl7\" frameborder=\"0\" marginwidth=\"0\" marginheight=\"0\" scrolling=\"no\" class=\"wp-embedded-content\"><\/iframe><script type=\"text\/javascript\">\n\/* <![CDATA[ *\/\n\/*! This file is auto-generated *\/\n!function(d,l){\"use strict\";l.querySelector&&d.addEventListener&&\"undefined\"!=typeof URL&&(d.wp=d.wp||{},d.wp.receiveEmbedMessage||(d.wp.receiveEmbedMessage=function(e){var t=e.data;if((t||t.secret||t.message||t.value)&&!\/[^a-zA-Z0-9]\/.test(t.secret)){for(var s,r,n,a=l.querySelectorAll('iframe[data-secret=\"'+t.secret+'\"]'),o=l.querySelectorAll('blockquote[data-secret=\"'+t.secret+'\"]'),c=new RegExp(\"^https?:$\",\"i\"),i=0;i<o.length;i++)o[i].style.display=\"none\";for(i=0;i<a.length;i++)s=a[i],e.source===s.contentWindow&&(s.removeAttribute(\"style\"),\"height\"===t.message?(1e3<(r=parseInt(t.value,10))?r=1e3:~~r<200&&(r=200),s.height=r):\"link\"===t.message&&(r=new URL(s.getAttribute(\"src\")),n=new URL(t.value),c.test(n.protocol))&&n.host===r.host&&l.activeElement===s&&(d.top.location.href=t.value))}},d.addEventListener(\"message\",d.wp.receiveEmbedMessage,!1),l.addEventListener(\"DOMContentLoaded\",function(){for(var e,t,s=l.querySelectorAll(\"iframe.wp-embedded-content\"),r=0;r<s.length;r++)(t=(e=s[r]).getAttribute(\"data-secret\"))||(t=Math.random().toString(36).substring(2,12),e.src+=\"#?secret=\"+t,e.setAttribute(\"data-secret\",t)),e.contentWindow.postMessage({message:\"ready\",secret:t},\"*\")},!1)))}(window,document);\n\/\/# sourceURL=https:\/\/narteks.net\/wp-includes\/js\/wp-embed.min.js\n\/* ]]> *\/\n<\/script>\n","description":"\u0130srail ve Filistinliler aras\u0131ndaki m\u00fccadele d\u00fcnyada en uzun s\u00fcren ve patlamaya en yatk\u0131n anla\u015fmazl\u0131klardan birinden kaynaklan\u0131yor. Anla\u015fmazl\u0131\u011f\u0131n k\u00f6keni, Akdeniz sahiliyle \u015eeria Nehri aras\u0131ndaki b\u00f6lgede hak iddias\u0131na dayan\u0131yor. Son 100 y\u0131l Filistinlilere s\u00f6m\u00fcrgecilik, s\u00fcrg\u00fcn, askeri i\u015fgal ve onu izleyen kendi kaderini tayin etme hakk\u0131 m\u00fccadelesi getirdi. Kay\u0131plar\u0131 ve ac\u0131lar\u0131na sebep olarak g\u00f6rd\u00fckleri bir ulusla bir arada [&hellip;]","thumbnail_url":"http:\/\/www.ntv-msnbc.com\/modules\/slideshow\/VeInsan20061128\/images\/02.jpg"}