{"version":"1.0","provider_name":"narteks.net","provider_url":"https:\/\/narteks.net","author_name":"Tar\u0131k","author_url":"https:\/\/narteks.net\/index.php\/author\/narbak\/","title":"Tarihe ge\u00e7tikten sonra do\u011fan \u015fair | Octavio PAZ","type":"rich","width":600,"height":338,"html":"<blockquote class=\"wp-embedded-content\" data-secret=\"1xTAfBlKOO\"><a href=\"https:\/\/narteks.net\/index.php\/2010\/03\/22\/tarihe-gectikten-sonra-dogan-sair-octavio-paz\/\">Tarihe ge\u00e7tikten sonra do\u011fan \u015fair | Octavio PAZ<\/a><\/blockquote><iframe sandbox=\"allow-scripts\" security=\"restricted\" src=\"https:\/\/narteks.net\/index.php\/2010\/03\/22\/tarihe-gectikten-sonra-dogan-sair-octavio-paz\/embed\/#?secret=1xTAfBlKOO\" width=\"600\" height=\"338\" title=\"&#8220;Tarihe ge\u00e7tikten sonra do\u011fan \u015fair | Octavio PAZ&#8221; &#8212; narteks.net\" data-secret=\"1xTAfBlKOO\" frameborder=\"0\" marginwidth=\"0\" marginheight=\"0\" scrolling=\"no\" class=\"wp-embedded-content\"><\/iframe><script type=\"text\/javascript\">\n\/* <![CDATA[ *\/\n\/*! This file is auto-generated *\/\n!function(d,l){\"use strict\";l.querySelector&&d.addEventListener&&\"undefined\"!=typeof URL&&(d.wp=d.wp||{},d.wp.receiveEmbedMessage||(d.wp.receiveEmbedMessage=function(e){var t=e.data;if((t||t.secret||t.message||t.value)&&!\/[^a-zA-Z0-9]\/.test(t.secret)){for(var s,r,n,a=l.querySelectorAll('iframe[data-secret=\"'+t.secret+'\"]'),o=l.querySelectorAll('blockquote[data-secret=\"'+t.secret+'\"]'),c=new RegExp(\"^https?:$\",\"i\"),i=0;i<o.length;i++)o[i].style.display=\"none\";for(i=0;i<a.length;i++)s=a[i],e.source===s.contentWindow&&(s.removeAttribute(\"style\"),\"height\"===t.message?(1e3<(r=parseInt(t.value,10))?r=1e3:~~r<200&&(r=200),s.height=r):\"link\"===t.message&&(r=new URL(s.getAttribute(\"src\")),n=new URL(t.value),c.test(n.protocol))&&n.host===r.host&&l.activeElement===s&&(d.top.location.href=t.value))}},d.addEventListener(\"message\",d.wp.receiveEmbedMessage,!1),l.addEventListener(\"DOMContentLoaded\",function(){for(var e,t,s=l.querySelectorAll(\"iframe.wp-embedded-content\"),r=0;r<s.length;r++)(t=(e=s[r]).getAttribute(\"data-secret\"))||(t=Math.random().toString(36).substring(2,12),e.src+=\"#?secret=\"+t,e.setAttribute(\"data-secret\",t)),e.contentWindow.postMessage({message:\"ready\",secret:t},\"*\")},!1)))}(window,document);\n\/\/# sourceURL=https:\/\/narteks.net\/wp-includes\/js\/wp-embed.min.js\n\/* ]]> *\/\n<\/script>\n","description":"\u00c7eki\u00e7yukar\u0131larda bir yerlerde vuruyor \u00e7eki\u00e7ler.. tozla\u015f\u0131yor sesleri ikindinin tepelerinden d\u00fcmd\u00fcz iniyor yap\u0131 i\u015f\u00e7ileri mavi ve ho\u015f bir ak\u015fam\u0131n i\u00e7indeyiz burda ba\u015fl\u0131yor aylakl\u0131k g\u00fcnleri tutu\u015fuyor aniden solgun su birikintisi yak\u0131yor sinekku\u015funun g\u00f6lgesi ilk evlere var\u0131r varmaz paslan\u0131yor yaz birileri kap\u0131lar\u0131 kapat\u0131yor, birileri g\u00f6lgesiyle konu\u015fuyor&#8230; Ortal\u0131k karard\u0131..caddede kimsecikler yok \u015fimdi&#8230; ne de \u015fu k\u00f6pe\u011fin yaln\u0131zl\u0131\u011f\u0131yla korkak y\u00fcr\u00fcy\u00fc\u015f\u00fc [&hellip;]","thumbnail_url":"http:\/\/bertachulvi.files.wordpress.com\/2008\/09\/octavio-paz.jpg"}