{"version":"1.0","provider_name":"narteks.net","provider_url":"https:\/\/narteks.net","author_name":"Tar\u0131k","author_url":"https:\/\/narteks.net\/index.php\/author\/narbak\/","title":"Cesaretin ve Ba\u015fkald\u0131r\u0131n\u0131n \u00d6yk\u00fcc\u00fcs\u00fc 'Kerim Korcan'","type":"rich","width":600,"height":338,"html":"<blockquote class=\"wp-embedded-content\" data-secret=\"P4P4eYolGr\"><a href=\"https:\/\/narteks.net\/index.php\/2010\/03\/23\/cesaretin-ve-baskaldirinin-oykucusu-kerim-korcan\/\">Cesaretin ve Ba\u015fkald\u0131r\u0131n\u0131n \u00d6yk\u00fcc\u00fcs\u00fc &#8216;Kerim Korcan&#8217;<\/a><\/blockquote><iframe sandbox=\"allow-scripts\" security=\"restricted\" src=\"https:\/\/narteks.net\/index.php\/2010\/03\/23\/cesaretin-ve-baskaldirinin-oykucusu-kerim-korcan\/embed\/#?secret=P4P4eYolGr\" width=\"600\" height=\"338\" title=\"&#8220;Cesaretin ve Ba\u015fkald\u0131r\u0131n\u0131n \u00d6yk\u00fcc\u00fcs\u00fc &#8216;Kerim Korcan&#8217;&#8221; &#8212; narteks.net\" data-secret=\"P4P4eYolGr\" frameborder=\"0\" marginwidth=\"0\" marginheight=\"0\" scrolling=\"no\" class=\"wp-embedded-content\"><\/iframe><script>\n\/*! This file is auto-generated *\/\n!function(d,l){\"use strict\";l.querySelector&&d.addEventListener&&\"undefined\"!=typeof URL&&(d.wp=d.wp||{},d.wp.receiveEmbedMessage||(d.wp.receiveEmbedMessage=function(e){var t=e.data;if((t||t.secret||t.message||t.value)&&!\/[^a-zA-Z0-9]\/.test(t.secret)){for(var s,r,n,a=l.querySelectorAll('iframe[data-secret=\"'+t.secret+'\"]'),o=l.querySelectorAll('blockquote[data-secret=\"'+t.secret+'\"]'),c=new RegExp(\"^https?:$\",\"i\"),i=0;i<o.length;i++)o[i].style.display=\"none\";for(i=0;i<a.length;i++)s=a[i],e.source===s.contentWindow&&(s.removeAttribute(\"style\"),\"height\"===t.message?(1e3<(r=parseInt(t.value,10))?r=1e3:~~r<200&&(r=200),s.height=r):\"link\"===t.message&&(r=new URL(s.getAttribute(\"src\")),n=new URL(t.value),c.test(n.protocol))&&n.host===r.host&&l.activeElement===s&&(d.top.location.href=t.value))}},d.addEventListener(\"message\",d.wp.receiveEmbedMessage,!1),l.addEventListener(\"DOMContentLoaded\",function(){for(var e,t,s=l.querySelectorAll(\"iframe.wp-embedded-content\"),r=0;r<s.length;r++)(t=(e=s[r]).getAttribute(\"data-secret\"))||(t=Math.random().toString(36).substring(2,12),e.src+=\"#?secret=\"+t,e.setAttribute(\"data-secret\",t)),e.contentWindow.postMessage({message:\"ready\",secret:t},\"*\")},!1)))}(window,document);\n\/\/# sourceURL=https:\/\/narteks.net\/wp-includes\/js\/wp-embed.min.js\n<\/script>\n","description":"T\u00fcrk Edebiyat\u0131nda\u00a0 g\u00f6lgede kalan isimlerden biri olan\u00a0 Kerim Korcan 31 Ocak 1918\u2019de Adapazar\u0131\u2019n\u0131n Akfelek k\u00f6y\u00fcnde do\u011fdu. Babas\u0131 Murat usta yoksul bir saat tamircisiydi. Bu y\u00fczden Kerim Korcan ancak ilkokul 4. s\u0131n\u0131fa kadar okuyabildi. K\u00fc\u00e7\u00fck ya\u015fta kahveci, dondurmac\u0131, k\u00f6fteci ve berber \u00e7\u0131rakl\u0131\u011f\u0131 yapt\u0131. 1938 y\u0131l\u0131nda siyasi polis taraf\u0131ndan g\u00f6zalt\u0131na al\u0131nd\u0131. Ayn\u0131 y\u0131l Donanma Kor Askeri Mahkemesinde [&hellip;]","thumbnail_url":"https:\/\/narteks.net\/wp-content\/uploads\/narteks.png","thumbnail_width":300,"thumbnail_height":90}