{"version":"1.0","provider_name":"narteks.net","provider_url":"https:\/\/narteks.net","author_name":"Tar\u0131k","author_url":"https:\/\/narteks.net\/index.php\/author\/narbak\/","title":"Einstein ve usun bunal\u0131m\u0131 | Maurice Merleau Ponty","type":"rich","width":600,"height":338,"html":"<blockquote class=\"wp-embedded-content\" data-secret=\"gc5SLnajHF\"><a href=\"https:\/\/narteks.net\/index.php\/2010\/03\/25\/einstein-ve-usun-bunalm-maurice-merleau-ponty\/\">Einstein ve usun bunal\u0131m\u0131 | Maurice Merleau Ponty<\/a><\/blockquote><iframe sandbox=\"allow-scripts\" security=\"restricted\" src=\"https:\/\/narteks.net\/index.php\/2010\/03\/25\/einstein-ve-usun-bunalm-maurice-merleau-ponty\/embed\/#?secret=gc5SLnajHF\" width=\"600\" height=\"338\" title=\"&#8220;Einstein ve usun bunal\u0131m\u0131 | Maurice Merleau Ponty&#8221; &#8212; narteks.net\" data-secret=\"gc5SLnajHF\" frameborder=\"0\" marginwidth=\"0\" marginheight=\"0\" scrolling=\"no\" class=\"wp-embedded-content\"><\/iframe><script type=\"text\/javascript\">\n\/* <![CDATA[ *\/\n\/*! This file is auto-generated *\/\n!function(d,l){\"use strict\";l.querySelector&&d.addEventListener&&\"undefined\"!=typeof URL&&(d.wp=d.wp||{},d.wp.receiveEmbedMessage||(d.wp.receiveEmbedMessage=function(e){var t=e.data;if((t||t.secret||t.message||t.value)&&!\/[^a-zA-Z0-9]\/.test(t.secret)){for(var s,r,n,a=l.querySelectorAll('iframe[data-secret=\"'+t.secret+'\"]'),o=l.querySelectorAll('blockquote[data-secret=\"'+t.secret+'\"]'),c=new RegExp(\"^https?:$\",\"i\"),i=0;i<o.length;i++)o[i].style.display=\"none\";for(i=0;i<a.length;i++)s=a[i],e.source===s.contentWindow&&(s.removeAttribute(\"style\"),\"height\"===t.message?(1e3<(r=parseInt(t.value,10))?r=1e3:~~r<200&&(r=200),s.height=r):\"link\"===t.message&&(r=new URL(s.getAttribute(\"src\")),n=new URL(t.value),c.test(n.protocol))&&n.host===r.host&&l.activeElement===s&&(d.top.location.href=t.value))}},d.addEventListener(\"message\",d.wp.receiveEmbedMessage,!1),l.addEventListener(\"DOMContentLoaded\",function(){for(var e,t,s=l.querySelectorAll(\"iframe.wp-embedded-content\"),r=0;r<s.length;r++)(t=(e=s[r]).getAttribute(\"data-secret\"))||(t=Math.random().toString(36).substring(2,12),e.src+=\"#?secret=\"+t,e.setAttribute(\"data-secret\",t)),e.contentWindow.postMessage({message:\"ready\",secret:t},\"*\")},!1)))}(window,document);\n\/\/# sourceURL=https:\/\/narteks.net\/wp-includes\/js\/wp-embed.min.js\n\/* ]]> *\/\n<\/script>\n","description":"Auguste Comte zaman\u0131nda bilim, kuramda ve uygulamada varolu\u015fa egemen olmaya haz\u0131rlan\u0131yordu. Teknikte de siyasette de do\u011fay\u0131 ve toplumu kuran yasalara y\u00f6nelmeyi, onlar\u0131 onlar\u0131n yasalar\u0131na g\u00f6re y\u00f6netmeyi d\u00fc\u015f\u00fcn\u00fcyorlard\u0131. Ama bamba\u015fka bir sonu\u00e7 \u00e7\u0131kt\u0131 bundan. Bilimde ayd\u0131nl\u0131k ve etkinli\u011fin birlikte b\u00fcy\u00fcmesi \u015f\u00f6yle dursun, d\u00fcnyay\u0131 alt \u00fcst eden uygulamalar, son a\u00e7\u0131klamas\u0131 \u00fczerinde tam bir uzla\u015fmaya var\u0131lamayan a\u015f\u0131r\u0131 kurgusal [&hellip;]","thumbnail_url":"https:\/\/narteks.net\/wp-content\/uploads\/narteks.png","thumbnail_width":300,"thumbnail_height":90}