{"version":"1.0","provider_name":"narteks.net","provider_url":"https:\/\/narteks.net","author_name":"Tar\u0131k","author_url":"https:\/\/narteks.net\/index.php\/author\/narbak\/","title":"Liberal Ki\u015filik Nedir? | Necmi Erdo\u011fan","type":"rich","width":600,"height":338,"html":"<blockquote class=\"wp-embedded-content\" data-secret=\"x6mJKzP5gL\"><a href=\"https:\/\/narteks.net\/index.php\/2010\/04\/03\/liberal-kisilik-nedir-necmi-erdogan\/\">Liberal Ki\u015filik Nedir? | Necmi Erdo\u011fan<\/a><\/blockquote><iframe sandbox=\"allow-scripts\" security=\"restricted\" src=\"https:\/\/narteks.net\/index.php\/2010\/04\/03\/liberal-kisilik-nedir-necmi-erdogan\/embed\/#?secret=x6mJKzP5gL\" width=\"600\" height=\"338\" title=\"&#8220;Liberal Ki\u015filik Nedir? | Necmi Erdo\u011fan&#8221; &#8212; narteks.net\" data-secret=\"x6mJKzP5gL\" frameborder=\"0\" marginwidth=\"0\" marginheight=\"0\" scrolling=\"no\" class=\"wp-embedded-content\"><\/iframe><script type=\"text\/javascript\">\n\/* <![CDATA[ *\/\n\/*! This file is auto-generated *\/\n!function(d,l){\"use strict\";l.querySelector&&d.addEventListener&&\"undefined\"!=typeof URL&&(d.wp=d.wp||{},d.wp.receiveEmbedMessage||(d.wp.receiveEmbedMessage=function(e){var t=e.data;if((t||t.secret||t.message||t.value)&&!\/[^a-zA-Z0-9]\/.test(t.secret)){for(var s,r,n,a=l.querySelectorAll('iframe[data-secret=\"'+t.secret+'\"]'),o=l.querySelectorAll('blockquote[data-secret=\"'+t.secret+'\"]'),c=new RegExp(\"^https?:$\",\"i\"),i=0;i<o.length;i++)o[i].style.display=\"none\";for(i=0;i<a.length;i++)s=a[i],e.source===s.contentWindow&&(s.removeAttribute(\"style\"),\"height\"===t.message?(1e3<(r=parseInt(t.value,10))?r=1e3:~~r<200&&(r=200),s.height=r):\"link\"===t.message&&(r=new URL(s.getAttribute(\"src\")),n=new URL(t.value),c.test(n.protocol))&&n.host===r.host&&l.activeElement===s&&(d.top.location.href=t.value))}},d.addEventListener(\"message\",d.wp.receiveEmbedMessage,!1),l.addEventListener(\"DOMContentLoaded\",function(){for(var e,t,s=l.querySelectorAll(\"iframe.wp-embedded-content\"),r=0;r<s.length;r++)(t=(e=s[r]).getAttribute(\"data-secret\"))||(t=Math.random().toString(36).substring(2,12),e.src+=\"#?secret=\"+t,e.setAttribute(\"data-secret\",t)),e.contentWindow.postMessage({message:\"ready\",secret:t},\"*\")},!1)))}(window,document);\n\/\/# sourceURL=https:\/\/narteks.net\/wp-includes\/js\/wp-embed.min.js\n\/* ]]> *\/\n<\/script>\n","description":"Liberal ki\u015filik, Sloterdijk\u2019in \u201cSinik Akl\u0131n Ele\u015ftirisi\u201dnde tart\u0131\u015ft\u0131\u011f\u0131 \u00fczere, g\u00fcya \u201cideoloji sonras\u0131\u201d olan bir \u00f6znenin sinizmiyle de maluld\u00fcr. Bir yanda \u201cdemokrat\u201d bir gazetedeki k\u00f6\u015fesinde \u201cderin devlet\u201de sava\u015f a\u00e7t\u0131\u011f\u0131n\u0131 s\u00f6ylerken, \u00f6te yanda bir televizyon program\u0131nda 1 May\u0131s olaylar\u0131nda polisin uygulad\u0131\u011f\u0131 \u015fiddetin ne kadar \u201corant\u0131l\u0131\u201d ve \u201celzem\u201d oldu\u011funu anlat\u0131yor olabilir. Veya Ergenekon soru\u015fturmas\u0131ndaki tavr\u0131 y\u00fcz\u00fcnden solculara-devrimcilere \u015fiddetle sald\u0131r\u0131rken, [&hellip;]","thumbnail_url":"http:\/\/degreedirectory.org\/cimages\/multimages\/2\/liberal_arts.jpg"}